{"id":1013,"date":"2021-08-24T12:47:26","date_gmt":"2021-08-24T10:47:26","guid":{"rendered":"http:\/\/2021.sprachconcept.de\/nos-enseignants\/"},"modified":"2022-02-10T11:52:24","modified_gmt":"2022-02-10T10:52:24","slug":"nos-enseignants","status":"publish","type":"page","link":"https:\/\/www.sprachconcept.de\/fr\/nos-enseignants\/","title":{"rendered":"Nos enseignants"},"content":{"rendered":"\n<style type=\"text\/css\" data-created_by=\"avia_inline_auto\" id=\"style-css-av-krm0e6fw-f259ae5c39d8c7ba4b81e2978eee4b31\">\n.avia-section.av-krm0e6fw-f259ae5c39d8c7ba4b81e2978eee4b31{\nbackground-repeat:no-repeat;\nbackground-image:url(https:\/\/www.sprachconcept.de\/wp-content\/uploads\/2021\/07\/x2-1329x630.jpg);\nbackground-position:50% 0%;\nbackground-attachment:scroll;\n}\n<\/style>\n<div id='av_section_1'  class='avia-section av-krm0e6fw-f259ae5c39d8c7ba4b81e2978eee4b31 main_color avia-section-default avia-no-border-styling  avia-builder-el-0  el_before_av_one_half  avia-builder-el-first  avia-full-stretch avia-bg-style-scroll av-minimum-height av-minimum-height-custom av-height-custom  container_wrap sidebar_right'  data-section-bg-repeat='stretch' data-av_minimum_height_px='430'><div class='container av-section-cont-open' style='height:430px'><main  role=\"main\" itemprop=\"mainContentOfPage\"  class='template-page content  av-content-small alpha units'><div class='post-entry post-entry-type-page post-entry-1013'><div class='entry-content-wrapper clearfix'>\n<section  class='av_textblock_section av-krm0h62o-ea7a5389b49a345185dd6f0a34b10fb6 '   itemscope=\"itemscope\" itemtype=\"https:\/\/schema.org\/CreativeWork\" ><div class='avia_textblock av_inherit_color'  itemprop=\"text\" ><h1 style=\"text-align: right;\"><strong>Rencontrez l&rsquo;\u00e9quipe<\/strong><\/h1>\n<\/div><\/section>\n<\/div><\/div><\/main><!-- close content main element --><\/div><\/div><div id='after_section_1'  class='main_color av_default_container_wrap container_wrap sidebar_right'  ><div class='container av-section-cont-open' ><div class='template-page content  av-content-small alpha units'><div class='post-entry post-entry-type-page post-entry-1013'><div class='entry-content-wrapper clearfix'>\n<style type=\"text\/css\" data-created_by=\"avia_inline_auto\" id=\"style-css-av-3brv9t-c186a8dd003f1f13af72f62cf9f665d3\">\n.flex_column.av-3brv9t-c186a8dd003f1f13af72f62cf9f665d3{\nborder-radius:0px 0px 0px 0px;\npadding:0px 0px 0px 0px;\n}\n<\/style>\n<div  class='flex_column av-3brv9t-c186a8dd003f1f13af72f62cf9f665d3 av_one_half  avia-builder-el-2  el_after_av_section  el_before_av_one_half  avia-builder-el-first  first flex_column_div av-zero-column-padding  '     ><style type=\"text\/css\" data-created_by=\"avia_inline_auto\" id=\"style-css-av-krm3o6el-c736b9f259f4888641d80329df2cf0f1\">\n.avia-image-container.av-krm3o6el-c736b9f259f4888641d80329df2cf0f1 img.avia_image{\nbox-shadow:none;\n}\n.avia-image-container.av-krm3o6el-c736b9f259f4888641d80329df2cf0f1 .av-image-caption-overlay-center{\ncolor:#ffffff;\n}\n<\/style>\n<div  class='avia-image-container av-krm3o6el-c736b9f259f4888641d80329df2cf0f1 av-styling- avia-align-center  avia-builder-el-3  avia-builder-el-no-sibling '   itemprop=\"image\" itemscope=\"itemscope\" itemtype=\"https:\/\/schema.org\/ImageObject\" ><div class=\"avia-image-container-inner\"><div class=\"avia-image-overlay-wrap\"><img decoding=\"async\" fetchpriority=\"high\" class='wp-image-743 avia-img-lazy-loading-not-743 avia_image ' src=\"https:\/\/www.sprachconcept.de\/wp-content\/uploads\/2021\/07\/26231954_1636190856437994_4945253201636121778_o-845x567.jpg\" alt='' title='26231954_1636190856437994_4945253201636121778_o'  height=\"567\" width=\"845\"  itemprop=\"thumbnailUrl\"  \/><\/div><\/div><\/div><\/div><\/p>\n\n<style type=\"text\/css\" data-created_by=\"avia_inline_auto\" id=\"style-css-av-3advw1-f0c72f96cd6bfcac96e962daacebf30e\">\n.flex_column.av-3advw1-f0c72f96cd6bfcac96e962daacebf30e{\nborder-radius:0px 0px 0px 0px;\npadding:0px 0px 0px 0px;\n}\n<\/style>\n<div  class='flex_column av-3advw1-f0c72f96cd6bfcac96e962daacebf30e av_one_half  avia-builder-el-4  el_after_av_one_half  el_before_av_one_third  flex_column_div av-zero-column-padding  '     ><section  class='av_textblock_section av-krm0ieit-c99ab7049e751ef9f38b7cd38600bab9 '   itemscope=\"itemscope\" itemtype=\"https:\/\/schema.org\/CreativeWork\" ><div class='avia_textblock'  itemprop=\"text\" ><p>\u00a0<\/p>\n<p style=\"text-align: center;\">Chez sprachConcept, nous savons la diff\u00e9rence qu&rsquo;un bon professeur peut faire dans l&rsquo;apprentissage des langues. Nos enseignants d\u00e9vou\u00e9s et attentionn\u00e9s travaillent dur pour tous nos \u00e9l\u00e8ves afin de cr\u00e9er un lieu o\u00f9 un apprentissage efficace qui aide les \u00e9l\u00e8ves \u00e0 atteindre leurs besoins et objectifs individuels est possible.<\/p>\n<p style=\"text-align: center;\">Tous nos enseignants sont des locuteurs natifs des langues qu&rsquo;ils enseignent.\u00a0Cependant, en plus de parler couramment leurs langues respectives, ils ont \u00e9t\u00e9 s\u00e9lectionn\u00e9s pour leur patience, leur passion pour l&rsquo;enseignement et leur identification avec nos m\u00e9thodes d&rsquo;enseignement innovantes, en plus de leurs qualifications professionnelles. Nos enseignants sont impatients de vous rencontrer.\u00a0<a href=\"https:\/\/www.sprachconcept.de\/fr\/contact\/\">Prenez contact<\/a> avec nous d\u00e8s aujourd&rsquo;hui !<\/p>\n<\/div><\/section><\/div>\n\n<style type=\"text\/css\" data-created_by=\"avia_inline_auto\" id=\"style-css-av-333r5t-9dc6ac098609ead25de7ab053df81a01\">\n.flex_column.av-333r5t-9dc6ac098609ead25de7ab053df81a01{\nborder-radius:0px 0px 0px 0px;\npadding:0px 0px 0px 0px;\n}\n<\/style>\n<div  class='flex_column av-333r5t-9dc6ac098609ead25de7ab053df81a01 av_one_third  avia-builder-el-6  el_after_av_one_half  el_before_av_one_third  first flex_column_div av-zero-column-padding  column-top-margin'     ><p>\n<style type=\"text\/css\" data-created_by=\"avia_inline_auto\" id=\"style-css-av-2vxo9l-546ef1c96fdc08d599e9839e9db63e14\">\n.avia-image-container.av-2vxo9l-546ef1c96fdc08d599e9839e9db63e14 img.avia_image{\nbox-shadow:none;\n}\n.avia-image-container.av-2vxo9l-546ef1c96fdc08d599e9839e9db63e14 .av-image-caption-overlay-center{\ncolor:#ffffff;\n}\n<\/style>\n<div  class='avia-image-container av-2vxo9l-546ef1c96fdc08d599e9839e9db63e14 av-styling- avia-align-center  avia-builder-el-7  el_before_av_textblock  avia-builder-el-first '   itemprop=\"image\" itemscope=\"itemscope\" itemtype=\"https:\/\/schema.org\/ImageObject\" ><div class=\"avia-image-container-inner\"><div class=\"avia-image-overlay-wrap\"><img decoding=\"async\" fetchpriority=\"high\" class='wp-image-1272 avia-img-lazy-loading-not-1272 avia_image ' src=\"https:\/\/www.sprachconcept.de\/wp-content\/uploads\/2022\/01\/17046_Sprachschule_sprachConcept_579-300x200.jpg\" alt='' title='17046_Sprachschule_sprachConcept_579'  height=\"200\" width=\"300\"  itemprop=\"thumbnailUrl\" srcset=\"https:\/\/www.sprachconcept.de\/wp-content\/uploads\/2022\/01\/17046_Sprachschule_sprachConcept_579-300x200.jpg 300w, https:\/\/www.sprachconcept.de\/wp-content\/uploads\/2022\/01\/17046_Sprachschule_sprachConcept_579-1030x687.jpg 1030w, https:\/\/www.sprachconcept.de\/wp-content\/uploads\/2022\/01\/17046_Sprachschule_sprachConcept_579-768x512.jpg 768w, https:\/\/www.sprachconcept.de\/wp-content\/uploads\/2022\/01\/17046_Sprachschule_sprachConcept_579-1536x1024.jpg 1536w, https:\/\/www.sprachconcept.de\/wp-content\/uploads\/2022\/01\/17046_Sprachschule_sprachConcept_579-2048x1365.jpg 2048w, https:\/\/www.sprachconcept.de\/wp-content\/uploads\/2022\/01\/17046_Sprachschule_sprachConcept_579-1500x1000.jpg 1500w, https:\/\/www.sprachconcept.de\/wp-content\/uploads\/2022\/01\/17046_Sprachschule_sprachConcept_579-705x470.jpg 705w\" sizes=\"(max-width: 300px) 100vw, 300px\" \/><\/div><\/div><\/div><br \/>\n<section  class='av_textblock_section av-2r9bb5-8af2c09f383f36bc18a489251bf51d2f '   itemscope=\"itemscope\" itemtype=\"https:\/\/schema.org\/CreativeWork\" ><div class='avia_textblock'  itemprop=\"text\" ><p style=\"text-align: center;\">My name is Dave and I have been working at sprachConcept since 2018. I am America and love teaching<\/p>\n<\/div><\/section><\/p><\/div>\n\n<style type=\"text\/css\" data-created_by=\"avia_inline_auto\" id=\"style-css-av-2irue9-4d922219ee3686651dd00affab7d804f\">\n.flex_column.av-2irue9-4d922219ee3686651dd00affab7d804f{\nborder-radius:0px 0px 0px 0px;\npadding:0px 0px 0px 0px;\n}\n<\/style>\n<div  class='flex_column av-2irue9-4d922219ee3686651dd00affab7d804f av_one_third  avia-builder-el-9  el_after_av_one_third  el_before_av_one_third  flex_column_div av-zero-column-padding  column-top-margin'     ><p>\n<style type=\"text\/css\" data-created_by=\"avia_inline_auto\" id=\"style-css-av-2djfzl-d6b90607005f26f35e8c387e3026cb89\">\n.avia-image-container.av-2djfzl-d6b90607005f26f35e8c387e3026cb89 img.avia_image{\nbox-shadow:none;\n}\n.avia-image-container.av-2djfzl-d6b90607005f26f35e8c387e3026cb89 .av-image-caption-overlay-center{\ncolor:#ffffff;\n}\n<\/style>\n<div  class='avia-image-container av-2djfzl-d6b90607005f26f35e8c387e3026cb89 av-styling- avia-align-center  avia-builder-el-10  el_before_av_textblock  avia-builder-el-first '   itemprop=\"image\" itemscope=\"itemscope\" itemtype=\"https:\/\/schema.org\/ImageObject\" ><div class=\"avia-image-container-inner\"><div class=\"avia-image-overlay-wrap\"><img decoding=\"async\" fetchpriority=\"high\" class='wp-image-1276 avia-img-lazy-loading-not-1276 avia_image ' src=\"https:\/\/www.sprachconcept.de\/wp-content\/uploads\/2022\/01\/17046_Sprachschule_sprachConcept_697-300x200.jpg\" alt='' title='17046_Sprachschule_sprachConcept_697'  height=\"200\" width=\"300\"  itemprop=\"thumbnailUrl\" srcset=\"https:\/\/www.sprachconcept.de\/wp-content\/uploads\/2022\/01\/17046_Sprachschule_sprachConcept_697-300x200.jpg 300w, https:\/\/www.sprachconcept.de\/wp-content\/uploads\/2022\/01\/17046_Sprachschule_sprachConcept_697-1030x687.jpg 1030w, https:\/\/www.sprachconcept.de\/wp-content\/uploads\/2022\/01\/17046_Sprachschule_sprachConcept_697-768x512.jpg 768w, https:\/\/www.sprachconcept.de\/wp-content\/uploads\/2022\/01\/17046_Sprachschule_sprachConcept_697-1536x1024.jpg 1536w, https:\/\/www.sprachconcept.de\/wp-content\/uploads\/2022\/01\/17046_Sprachschule_sprachConcept_697-2048x1365.jpg 2048w, https:\/\/www.sprachconcept.de\/wp-content\/uploads\/2022\/01\/17046_Sprachschule_sprachConcept_697-1500x1000.jpg 1500w, https:\/\/www.sprachconcept.de\/wp-content\/uploads\/2022\/01\/17046_Sprachschule_sprachConcept_697-705x470.jpg 705w\" sizes=\"(max-width: 300px) 100vw, 300px\" \/><\/div><\/div><\/div><br \/>\n<section  class='av_textblock_section av-vq1uh-cf5db6583f33bd75a1a26114066a3d2e '   itemscope=\"itemscope\" itemtype=\"https:\/\/schema.org\/CreativeWork\" ><div class='avia_textblock'  itemprop=\"text\" ><p style=\"text-align: center;\">My name is Claudia. I am from Columbia and teach German and Spanish here at sprachConcept. 2016 was the year I started here.<\/p>\n<\/div><\/section><\/p><\/div>\n\n<style type=\"text\/css\" data-created_by=\"avia_inline_auto\" id=\"style-css-av-22rmkh-f8a523568f12891df6f4df551bb268c4\">\n.flex_column.av-22rmkh-f8a523568f12891df6f4df551bb268c4{\nborder-radius:0px 0px 0px 0px;\npadding:0px 0px 0px 0px;\n}\n<\/style>\n<div  class='flex_column av-22rmkh-f8a523568f12891df6f4df551bb268c4 av_one_third  avia-builder-el-12  el_after_av_one_third  el_before_av_one_third  flex_column_div av-zero-column-padding  column-top-margin'     ><p>\n<style type=\"text\/css\" data-created_by=\"avia_inline_auto\" id=\"style-css-av-1x7149-5cc4a9ad07423fef137821d192c764dc\">\n.avia-image-container.av-1x7149-5cc4a9ad07423fef137821d192c764dc img.avia_image{\nbox-shadow:none;\n}\n.avia-image-container.av-1x7149-5cc4a9ad07423fef137821d192c764dc .av-image-caption-overlay-center{\ncolor:#ffffff;\n}\n<\/style>\n<div  class='avia-image-container av-1x7149-5cc4a9ad07423fef137821d192c764dc av-styling- avia-align-center  avia-builder-el-13  el_before_av_textblock  avia-builder-el-first '   itemprop=\"image\" itemscope=\"itemscope\" itemtype=\"https:\/\/schema.org\/ImageObject\" ><div class=\"avia-image-container-inner\"><div class=\"avia-image-overlay-wrap\"><img decoding=\"async\" fetchpriority=\"high\" class='wp-image-1279 avia-img-lazy-loading-not-1279 avia_image ' src=\"https:\/\/www.sprachconcept.de\/wp-content\/uploads\/2022\/01\/17046_Sprachschule_sprachConcept_546-200x300.jpg\" alt='' title='17046_Sprachschule_sprachConcept_546'  height=\"300\" width=\"200\"  itemprop=\"thumbnailUrl\" srcset=\"https:\/\/www.sprachconcept.de\/wp-content\/uploads\/2022\/01\/17046_Sprachschule_sprachConcept_546-200x300.jpg 200w, https:\/\/www.sprachconcept.de\/wp-content\/uploads\/2022\/01\/17046_Sprachschule_sprachConcept_546-687x1030.jpg 687w, https:\/\/www.sprachconcept.de\/wp-content\/uploads\/2022\/01\/17046_Sprachschule_sprachConcept_546-768x1152.jpg 768w, https:\/\/www.sprachconcept.de\/wp-content\/uploads\/2022\/01\/17046_Sprachschule_sprachConcept_546-1024x1536.jpg 1024w, https:\/\/www.sprachconcept.de\/wp-content\/uploads\/2022\/01\/17046_Sprachschule_sprachConcept_546-1365x2048.jpg 1365w, https:\/\/www.sprachconcept.de\/wp-content\/uploads\/2022\/01\/17046_Sprachschule_sprachConcept_546-1000x1500.jpg 1000w, https:\/\/www.sprachconcept.de\/wp-content\/uploads\/2022\/01\/17046_Sprachschule_sprachConcept_546-470x705.jpg 470w, https:\/\/www.sprachconcept.de\/wp-content\/uploads\/2022\/01\/17046_Sprachschule_sprachConcept_546-scaled.jpg 1707w\" sizes=\"(max-width: 200px) 100vw, 200px\" \/><\/div><\/div><\/div><br \/>\n<section  class='av_textblock_section av-rgs3l-9e806a880e85d3e61a47b0e395617f80 '   itemscope=\"itemscope\" itemtype=\"https:\/\/schema.org\/CreativeWork\" ><div class='avia_textblock'  itemprop=\"text\" ><p style=\"text-align: center;\">Hi, I am Josh and 2015 was the year I joined sprachConcept. Always eager to teach you the best of English grammar<\/p>\n<\/div><\/section><\/p><\/div>\n\n<style type=\"text\/css\" data-created_by=\"avia_inline_auto\" id=\"style-css-av-1lezop-d80f4f6c2fd4bf4a1c84ed9d060d4472\">\n.flex_column.av-1lezop-d80f4f6c2fd4bf4a1c84ed9d060d4472{\nborder-radius:0px 0px 0px 0px;\npadding:0px 0px 0px 0px;\n}\n<\/style>\n<div  class='flex_column av-1lezop-d80f4f6c2fd4bf4a1c84ed9d060d4472 av_one_third  avia-builder-el-15  el_after_av_one_third  el_before_av_one_third  first flex_column_div av-zero-column-padding  column-top-margin'     ><p>\n<style type=\"text\/css\" data-created_by=\"avia_inline_auto\" id=\"style-css-av-1dw0a9-9d4f1df02427954fbb0be06f09295d81\">\n.avia-image-container.av-1dw0a9-9d4f1df02427954fbb0be06f09295d81 img.avia_image{\nbox-shadow:none;\n}\n.avia-image-container.av-1dw0a9-9d4f1df02427954fbb0be06f09295d81 .av-image-caption-overlay-center{\ncolor:#ffffff;\n}\n<\/style>\n<div  class='avia-image-container av-1dw0a9-9d4f1df02427954fbb0be06f09295d81 av-styling- avia-align-center  avia-builder-el-16  el_before_av_textblock  avia-builder-el-first '   itemprop=\"image\" itemscope=\"itemscope\" itemtype=\"https:\/\/schema.org\/ImageObject\" ><div class=\"avia-image-container-inner\"><div class=\"avia-image-overlay-wrap\"><img decoding=\"async\" fetchpriority=\"high\" class='wp-image-1282 avia-img-lazy-loading-not-1282 avia_image ' src=\"https:\/\/www.sprachconcept.de\/wp-content\/uploads\/2022\/01\/17046_Sprachschule_sprachConcept_528-200x300.jpg\" alt='' title='17046_Sprachschule_sprachConcept_528'  height=\"300\" width=\"200\"  itemprop=\"thumbnailUrl\" srcset=\"https:\/\/www.sprachconcept.de\/wp-content\/uploads\/2022\/01\/17046_Sprachschule_sprachConcept_528-200x300.jpg 200w, https:\/\/www.sprachconcept.de\/wp-content\/uploads\/2022\/01\/17046_Sprachschule_sprachConcept_528-687x1030.jpg 687w, https:\/\/www.sprachconcept.de\/wp-content\/uploads\/2022\/01\/17046_Sprachschule_sprachConcept_528-768x1152.jpg 768w, https:\/\/www.sprachconcept.de\/wp-content\/uploads\/2022\/01\/17046_Sprachschule_sprachConcept_528-1024x1536.jpg 1024w, https:\/\/www.sprachconcept.de\/wp-content\/uploads\/2022\/01\/17046_Sprachschule_sprachConcept_528-1365x2048.jpg 1365w, https:\/\/www.sprachconcept.de\/wp-content\/uploads\/2022\/01\/17046_Sprachschule_sprachConcept_528-1000x1500.jpg 1000w, https:\/\/www.sprachconcept.de\/wp-content\/uploads\/2022\/01\/17046_Sprachschule_sprachConcept_528-470x705.jpg 470w, https:\/\/www.sprachconcept.de\/wp-content\/uploads\/2022\/01\/17046_Sprachschule_sprachConcept_528-scaled.jpg 1707w\" sizes=\"(max-width: 200px) 100vw, 200px\" \/><\/div><\/div><\/div><br \/>\n<section  class='av_textblock_section av-ncp2x-d129ad283009ade7b8784a545882b29b '   itemscope=\"itemscope\" itemtype=\"https:\/\/schema.org\/CreativeWork\" ><div class='avia_textblock'  itemprop=\"text\" ><p style=\"text-align: center;\">My name is Alex, originally from Poland I have been in Germany for many years. My teaching skills include Polish and German<\/p>\n<\/div><\/section><\/p><\/div>\n\n<style type=\"text\/css\" data-created_by=\"avia_inline_auto\" id=\"style-css-av-43aw1-3e6778c955e7053bd502e4bf7cf3c274\">\n.flex_column.av-43aw1-3e6778c955e7053bd502e4bf7cf3c274{\nborder-radius:0px 0px 0px 0px;\npadding:0px 0px 0px 0px;\n}\n<\/style>\n<div  class='flex_column av-43aw1-3e6778c955e7053bd502e4bf7cf3c274 av_one_third  avia-builder-el-18  el_after_av_one_third  el_before_av_one_third  flex_column_div av-zero-column-padding  column-top-margin'     ><p>\n<style type=\"text\/css\" data-created_by=\"avia_inline_auto\" id=\"style-css-av-3ixv5-ccee17c0071bf5fe867bce1af36cf470\">\n.avia-image-container.av-3ixv5-ccee17c0071bf5fe867bce1af36cf470 img.avia_image{\nbox-shadow:none;\n}\n.avia-image-container.av-3ixv5-ccee17c0071bf5fe867bce1af36cf470 .av-image-caption-overlay-center{\ncolor:#ffffff;\n}\n<\/style>\n<div  class='avia-image-container av-3ixv5-ccee17c0071bf5fe867bce1af36cf470 av-styling- avia-align-center  avia-builder-el-19  el_before_av_textblock  avia-builder-el-first '   itemprop=\"image\" itemscope=\"itemscope\" itemtype=\"https:\/\/schema.org\/ImageObject\" ><div class=\"avia-image-container-inner\"><div class=\"avia-image-overlay-wrap\"><img decoding=\"async\" fetchpriority=\"high\" class='wp-image-1297 avia-img-lazy-loading-not-1297 avia_image ' src=\"https:\/\/www.sprachconcept.de\/wp-content\/uploads\/2022\/01\/Weihnachtsfeier-300x212.jpeg\" alt='' title='Weihnachtsfeier'  height=\"212\" width=\"300\"  itemprop=\"thumbnailUrl\" srcset=\"https:\/\/www.sprachconcept.de\/wp-content\/uploads\/2022\/01\/Weihnachtsfeier-300x212.jpeg 300w, https:\/\/www.sprachconcept.de\/wp-content\/uploads\/2022\/01\/Weihnachtsfeier-1030x728.jpeg 1030w, https:\/\/www.sprachconcept.de\/wp-content\/uploads\/2022\/01\/Weihnachtsfeier-768x543.jpeg 768w, https:\/\/www.sprachconcept.de\/wp-content\/uploads\/2022\/01\/Weihnachtsfeier-1536x1085.jpeg 1536w, https:\/\/www.sprachconcept.de\/wp-content\/uploads\/2022\/01\/Weihnachtsfeier-1500x1060.jpeg 1500w, https:\/\/www.sprachconcept.de\/wp-content\/uploads\/2022\/01\/Weihnachtsfeier-260x185.jpeg 260w, https:\/\/www.sprachconcept.de\/wp-content\/uploads\/2022\/01\/Weihnachtsfeier-705x498.jpeg 705w, https:\/\/www.sprachconcept.de\/wp-content\/uploads\/2022\/01\/Weihnachtsfeier.jpeg 1755w\" sizes=\"(max-width: 300px) 100vw, 300px\" \/><\/div><\/div><\/div><br \/>\n<section  class='av_textblock_section av-dcwx5-ea89f2000baf451ff4864e894f23c0d9 '   itemscope=\"itemscope\" itemtype=\"https:\/\/schema.org\/CreativeWork\" ><div class='avia_textblock'  itemprop=\"text\" ><p style=\"text-align: center;\">Notre \u00e9quipe<\/p>\n<\/div><\/section><\/p><\/div>\n\n<style type=\"text\/css\" data-created_by=\"avia_inline_auto\" id=\"style-css-av-jg8r5-1046166bb506d81c4ed5e967ba6dcbd6\">\n.flex_column.av-jg8r5-1046166bb506d81c4ed5e967ba6dcbd6{\nborder-radius:0px 0px 0px 0px;\npadding:0px 0px 0px 0px;\n}\n<\/style>\n<div  class='flex_column av-jg8r5-1046166bb506d81c4ed5e967ba6dcbd6 av_one_third  avia-builder-el-21  el_after_av_one_third  avia-builder-el-last  flex_column_div av-zero-column-padding  column-top-margin'     ><p>\n<style type=\"text\/css\" data-created_by=\"avia_inline_auto\" id=\"style-css-av-hj0gx-48d262d4517187daf131f56c3254dfe9\">\n.avia-image-container.av-hj0gx-48d262d4517187daf131f56c3254dfe9 img.avia_image{\nbox-shadow:none;\n}\n.avia-image-container.av-hj0gx-48d262d4517187daf131f56c3254dfe9 .av-image-caption-overlay-center{\ncolor:#ffffff;\n}\n<\/style>\n<div  class='avia-image-container av-hj0gx-48d262d4517187daf131f56c3254dfe9 av-styling- avia-align-center  avia-builder-el-22  el_before_av_textblock  avia-builder-el-first '   itemprop=\"image\" itemscope=\"itemscope\" itemtype=\"https:\/\/schema.org\/ImageObject\" ><div class=\"avia-image-container-inner\"><div class=\"avia-image-overlay-wrap\"><img decoding=\"async\" fetchpriority=\"high\" class='wp-image-1303 avia-img-lazy-loading-not-1303 avia_image ' src=\"https:\/\/www.sprachconcept.de\/wp-content\/uploads\/2022\/01\/IMG_1512-300x225.jpeg\" alt='' title='IMG_1512'  height=\"225\" width=\"300\"  itemprop=\"thumbnailUrl\" srcset=\"https:\/\/www.sprachconcept.de\/wp-content\/uploads\/2022\/01\/IMG_1512-300x225.jpeg 300w, https:\/\/www.sprachconcept.de\/wp-content\/uploads\/2022\/01\/IMG_1512-1030x773.jpeg 1030w, https:\/\/www.sprachconcept.de\/wp-content\/uploads\/2022\/01\/IMG_1512-768x576.jpeg 768w, https:\/\/www.sprachconcept.de\/wp-content\/uploads\/2022\/01\/IMG_1512-1536x1152.jpeg 1536w, https:\/\/www.sprachconcept.de\/wp-content\/uploads\/2022\/01\/IMG_1512-2048x1536.jpeg 2048w, https:\/\/www.sprachconcept.de\/wp-content\/uploads\/2022\/01\/IMG_1512-1500x1125.jpeg 1500w, https:\/\/www.sprachconcept.de\/wp-content\/uploads\/2022\/01\/IMG_1512-705x529.jpeg 705w\" sizes=\"(max-width: 300px) 100vw, 300px\" \/><\/div><\/div><\/div><br \/>\n<section  class='av_textblock_section av-7qmih-c8f7a6773473bf899dd35f8cae52b61f '   itemscope=\"itemscope\" itemtype=\"https:\/\/schema.org\/CreativeWork\" ><div class='avia_textblock'  itemprop=\"text\" ><p style=\"text-align: center;\">Nous sommes beaucoup plus ici \u00e0 sprachConcept. Mais il n&rsquo;y a pas des photos. Venez pour rencontrer Paul, Markus, Dean, Brian, Elinor, Eli, Dovrat, Yildiz, Doris, Annett et Philippe<\/p>\n<\/div><\/section><\/p><\/div>\n","protected":false},"excerpt":{"rendered":"","protected":false},"author":3,"featured_media":0,"parent":0,"menu_order":0,"comment_status":"closed","ping_status":"closed","template":"","meta":{"footnotes":""},"class_list":["post-1013","page","type-page","status-publish","hentry"],"yoast_head":"<!-- This site is optimized with the Yoast SEO plugin v27.5 - https:\/\/yoast.com\/product\/yoast-seo-wordpress\/ -->\n<title>Nos enseignants - sprachConcept<\/title>\n<meta name=\"robots\" content=\"index, follow, max-snippet:-1, max-image-preview:large, max-video-preview:-1\" \/>\n<link rel=\"canonical\" href=\"https:\/\/www.sprachconcept.de\/fr\/nos-enseignants\/\" \/>\n<meta property=\"og:locale\" content=\"fr_FR\" \/>\n<meta property=\"og:type\" content=\"article\" \/>\n<meta property=\"og:title\" content=\"Nos enseignants - sprachConcept\" \/>\n<meta property=\"og:url\" content=\"https:\/\/www.sprachconcept.de\/fr\/nos-enseignants\/\" \/>\n<meta property=\"og:site_name\" content=\"sprachConcept\" \/>\n<meta property=\"article:modified_time\" content=\"2022-02-10T10:52:24+00:00\" \/>\n<meta name=\"twitter:card\" content=\"summary_large_image\" \/>\n<meta name=\"twitter:label1\" content=\"Dur\u00e9e de lecture estim\u00e9e\" \/>\n\t<meta name=\"twitter:data1\" content=\"12 minutes\" \/>\n<script type=\"application\/ld+json\" class=\"yoast-schema-graph\">{\"@context\":\"https:\\\/\\\/schema.org\",\"@graph\":[{\"@type\":\"WebPage\",\"@id\":\"https:\\\/\\\/www.sprachconcept.de\\\/fr\\\/nos-enseignants\\\/\",\"url\":\"https:\\\/\\\/www.sprachconcept.de\\\/fr\\\/nos-enseignants\\\/\",\"name\":\"Nos enseignants - sprachConcept\",\"isPartOf\":{\"@id\":\"https:\\\/\\\/www.sprachconcept.de\\\/fr\\\/#website\"},\"datePublished\":\"2021-08-24T10:47:26+00:00\",\"dateModified\":\"2022-02-10T10:52:24+00:00\",\"breadcrumb\":{\"@id\":\"https:\\\/\\\/www.sprachconcept.de\\\/fr\\\/nos-enseignants\\\/#breadcrumb\"},\"inLanguage\":\"fr-FR\",\"potentialAction\":[{\"@type\":\"ReadAction\",\"target\":[\"https:\\\/\\\/www.sprachconcept.de\\\/fr\\\/nos-enseignants\\\/\"]}]},{\"@type\":\"BreadcrumbList\",\"@id\":\"https:\\\/\\\/www.sprachconcept.de\\\/fr\\\/nos-enseignants\\\/#breadcrumb\",\"itemListElement\":[{\"@type\":\"ListItem\",\"position\":1,\"name\":\"Home\",\"item\":\"https:\\\/\\\/www.sprachconcept.de\\\/fr\\\/page-daccueil\\\/\"},{\"@type\":\"ListItem\",\"position\":2,\"name\":\"Nos enseignants\"}]},{\"@type\":\"WebSite\",\"@id\":\"https:\\\/\\\/www.sprachconcept.de\\\/fr\\\/#website\",\"url\":\"https:\\\/\\\/www.sprachconcept.de\\\/fr\\\/\",\"name\":\"sprachConcept\",\"description\":\"berlin - brandenburg\",\"potentialAction\":[{\"@type\":\"SearchAction\",\"target\":{\"@type\":\"EntryPoint\",\"urlTemplate\":\"https:\\\/\\\/www.sprachconcept.de\\\/fr\\\/?s={search_term_string}\"},\"query-input\":{\"@type\":\"PropertyValueSpecification\",\"valueRequired\":true,\"valueName\":\"search_term_string\"}}],\"inLanguage\":\"fr-FR\"}]}<\/script>\n<!-- \/ Yoast SEO plugin. -->","yoast_head_json":{"title":"Nos enseignants - sprachConcept","robots":{"index":"index","follow":"follow","max-snippet":"max-snippet:-1","max-image-preview":"max-image-preview:large","max-video-preview":"max-video-preview:-1"},"canonical":"https:\/\/www.sprachconcept.de\/fr\/nos-enseignants\/","og_locale":"fr_FR","og_type":"article","og_title":"Nos enseignants - sprachConcept","og_url":"https:\/\/www.sprachconcept.de\/fr\/nos-enseignants\/","og_site_name":"sprachConcept","article_modified_time":"2022-02-10T10:52:24+00:00","twitter_card":"summary_large_image","twitter_misc":{"Dur\u00e9e de lecture estim\u00e9e":"12 minutes"},"schema":{"@context":"https:\/\/schema.org","@graph":[{"@type":"WebPage","@id":"https:\/\/www.sprachconcept.de\/fr\/nos-enseignants\/","url":"https:\/\/www.sprachconcept.de\/fr\/nos-enseignants\/","name":"Nos enseignants - sprachConcept","isPartOf":{"@id":"https:\/\/www.sprachconcept.de\/fr\/#website"},"datePublished":"2021-08-24T10:47:26+00:00","dateModified":"2022-02-10T10:52:24+00:00","breadcrumb":{"@id":"https:\/\/www.sprachconcept.de\/fr\/nos-enseignants\/#breadcrumb"},"inLanguage":"fr-FR","potentialAction":[{"@type":"ReadAction","target":["https:\/\/www.sprachconcept.de\/fr\/nos-enseignants\/"]}]},{"@type":"BreadcrumbList","@id":"https:\/\/www.sprachconcept.de\/fr\/nos-enseignants\/#breadcrumb","itemListElement":[{"@type":"ListItem","position":1,"name":"Home","item":"https:\/\/www.sprachconcept.de\/fr\/page-daccueil\/"},{"@type":"ListItem","position":2,"name":"Nos enseignants"}]},{"@type":"WebSite","@id":"https:\/\/www.sprachconcept.de\/fr\/#website","url":"https:\/\/www.sprachconcept.de\/fr\/","name":"sprachConcept","description":"berlin - brandenburg","potentialAction":[{"@type":"SearchAction","target":{"@type":"EntryPoint","urlTemplate":"https:\/\/www.sprachconcept.de\/fr\/?s={search_term_string}"},"query-input":{"@type":"PropertyValueSpecification","valueRequired":true,"valueName":"search_term_string"}}],"inLanguage":"fr-FR"}]}},"_links":{"self":[{"href":"https:\/\/www.sprachconcept.de\/fr\/wp-json\/wp\/v2\/pages\/1013","targetHints":{"allow":["GET"]}}],"collection":[{"href":"https:\/\/www.sprachconcept.de\/fr\/wp-json\/wp\/v2\/pages"}],"about":[{"href":"https:\/\/www.sprachconcept.de\/fr\/wp-json\/wp\/v2\/types\/page"}],"author":[{"embeddable":true,"href":"https:\/\/www.sprachconcept.de\/fr\/wp-json\/wp\/v2\/users\/3"}],"replies":[{"embeddable":true,"href":"https:\/\/www.sprachconcept.de\/fr\/wp-json\/wp\/v2\/comments?post=1013"}],"version-history":[{"count":0,"href":"https:\/\/www.sprachconcept.de\/fr\/wp-json\/wp\/v2\/pages\/1013\/revisions"}],"wp:attachment":[{"href":"https:\/\/www.sprachconcept.de\/fr\/wp-json\/wp\/v2\/media?parent=1013"}],"curies":[{"name":"wp","href":"https:\/\/api.w.org\/{rel}","templated":true}]}}