{"id":1038,"date":"2021-08-24T15:58:04","date_gmt":"2021-08-24T13:58:04","guid":{"rendered":"http:\/\/2021.sprachconcept.de\/cours-de-langues\/"},"modified":"2023-07-17T13:58:32","modified_gmt":"2023-07-17T11:58:32","slug":"cours-de-langues","status":"publish","type":"page","link":"https:\/\/www.sprachconcept.de\/fr\/cours-de-langues\/","title":{"rendered":"Cours de langues"},"content":{"rendered":"\n<style type=\"text\/css\" data-created_by=\"avia_inline_auto\" id=\"style-css-av-krnem531-b36b29edf2b65a5075ab06556bab4a41\">\n.avia-section.av-krnem531-b36b29edf2b65a5075ab06556bab4a41{\nbackground-repeat:no-repeat;\nbackground-image:url(https:\/\/www.sprachconcept.de\/wp-content\/uploads\/2022\/01\/17046_Sprachschule_sprachConcept_37-HDR-300x200.jpg);\nbackground-position:50% 0%;\nbackground-attachment:scroll;\n}\n<\/style>\n<div id='av_section_1'  class='avia-section av-krnem531-b36b29edf2b65a5075ab06556bab4a41 main_color avia-section-default avia-no-border-styling  avia-builder-el-0  el_before_av_textblock  avia-builder-el-first  avia-full-stretch avia-bg-style-scroll av-minimum-height av-minimum-height-custom av-height-custom  container_wrap sidebar_right'  data-section-bg-repeat='stretch' data-av_minimum_height_px='430'><div class='container av-section-cont-open' style='height:430px'><main  role=\"main\" itemprop=\"mainContentOfPage\"  class='template-page content  av-content-small alpha units'><div class='post-entry post-entry-type-page post-entry-1038'><div class='entry-content-wrapper clearfix'>\n\n<style type=\"text\/css\" data-created_by=\"avia_inline_auto\" id=\"style-css-av-9qonj-1e02ad648f88ee2a5a9d87eee8396931\">\n.flex_column.av-9qonj-1e02ad648f88ee2a5a9d87eee8396931{\nborder-radius:0px 0px 0px 0px;\npadding:0px 0px 0px 0px;\n}\n<\/style>\n<div  class='flex_column av-9qonj-1e02ad648f88ee2a5a9d87eee8396931 av_one_full  avia-builder-el-1  avia-builder-el-no-sibling  first flex_column_div av-zero-column-padding  '     ><style type=\"text\/css\" data-created_by=\"avia_inline_auto\" id=\"style-css-av-krnep743-e8ca8a2f22221a1f8689ea2e552359d9\">\n#top .av-special-heading.av-krnep743-e8ca8a2f22221a1f8689ea2e552359d9{\npadding-bottom:40px;\ncolor:#013398;\nfont-size:72px;\n}\nbody .av-special-heading.av-krnep743-e8ca8a2f22221a1f8689ea2e552359d9 .av-special-heading-tag .heading-char{\nfont-size:25px;\n}\n#top #wrap_all .av-special-heading.av-krnep743-e8ca8a2f22221a1f8689ea2e552359d9 .av-special-heading-tag{\nfont-size:72px;\n}\n.av-special-heading.av-krnep743-e8ca8a2f22221a1f8689ea2e552359d9 .special-heading-inner-border{\nborder-color:#013398;\n}\n.av-special-heading.av-krnep743-e8ca8a2f22221a1f8689ea2e552359d9 .av-subheading{\nfont-size:20px;\n}\n\n@media only screen and (min-width: 480px) and (max-width: 767px){ \n#top #wrap_all .av-special-heading.av-krnep743-e8ca8a2f22221a1f8689ea2e552359d9 .av-special-heading-tag{\nfont-size:0.8em;\n}\n}\n\n@media only screen and (max-width: 479px){ \n#top #wrap_all .av-special-heading.av-krnep743-e8ca8a2f22221a1f8689ea2e552359d9 .av-special-heading-tag{\nfont-size:0.8em;\n}\n}\n<\/style>\n<div  class='av-special-heading av-krnep743-e8ca8a2f22221a1f8689ea2e552359d9 av-special-heading-h6 custom-color-heading blockquote modern-quote modern-centered  avia-builder-el-2  avia-builder-el-no-sibling  av-inherit-size'><h6 class='av-special-heading-tag '  itemprop=\"headline\"  >Nos cours de langues<\/h6><div class=\"special-heading-border\"><div class=\"special-heading-inner-border\"><\/div><\/div><\/div><\/div>\n<\/div><\/div><\/main><!-- close content main element --><\/div><\/div><div id='after_section_1'  class='main_color av_default_container_wrap container_wrap sidebar_right'  ><div class='container av-section-cont-open' ><div class='template-page content  av-content-small alpha units'><div class='post-entry post-entry-type-page post-entry-1038'><div class='entry-content-wrapper clearfix'>\n\n<style type=\"text\/css\" data-created_by=\"avia_inline_auto\" id=\"style-css-av-l3lk17zk-dac9c622e3c3b4bc86e4c526f54845f5\">\n#top .av_textblock_section.av-l3lk17zk-dac9c622e3c3b4bc86e4c526f54845f5 .avia_textblock{\nfont-size:18px;\n}\n<\/style>\n<section  class='av_textblock_section av-l3lk17zk-dac9c622e3c3b4bc86e4c526f54845f5 '   itemscope=\"itemscope\" itemtype=\"https:\/\/schema.org\/CreativeWork\" ><div class='avia_textblock'  itemprop=\"text\" ><p style=\"text-align: center;\">allemand | anglais | italien | fran\u00e7ais | polonais | espagnol | russe | &#8230;<\/p>\n<\/div><\/section>\n\n<style type=\"text\/css\" data-created_by=\"avia_inline_auto\" id=\"style-css-av-ovo93-2ae55dfc3b14d9967bf9799e4689e40c\">\n.flex_column.av-ovo93-2ae55dfc3b14d9967bf9799e4689e40c{\nborder-radius:0px 0px 0px 0px;\npadding:0px 0px 0px 0px;\n}\n<\/style>\n<div  class='flex_column av-ovo93-2ae55dfc3b14d9967bf9799e4689e40c av_one_fifth  avia-builder-el-4  el_after_av_textblock  el_before_av_three_fifth  first flex_column_div av-zero-column-padding  column-top-margin'     ><\/div>\n\n<style type=\"text\/css\" data-created_by=\"avia_inline_auto\" id=\"style-css-av-k2q67-23bcacfbeb44f4d50bb853a069865e6e\">\n.flex_column.av-k2q67-23bcacfbeb44f4d50bb853a069865e6e{\nborder-radius:0px 0px 0px 0px;\npadding:0px 0px 0px 0px;\n}\n<\/style>\n<div  class='flex_column av-k2q67-23bcacfbeb44f4d50bb853a069865e6e av_three_fifth  avia-builder-el-5  el_after_av_one_fifth  el_before_av_one_fifth  flex_column_div av-zero-column-padding  column-top-margin'     ><section  class='av_textblock_section av-kqckvpw6-e404200659152a55a722c12381869d64 '   itemscope=\"itemscope\" itemtype=\"https:\/\/schema.org\/CreativeWork\" ><div class='avia_textblock av_inherit_color'  itemprop=\"text\" ><p style=\"text-align: center;\"><strong>Comment voulez-vous apprendre une langue ?<\/strong><\/p>\n<p style=\"text-align: center;\">Nos cours de langue sont toujours adapt\u00e9s \u00e0 vos besoins, \u00e0 vos capacit\u00e9s et \u00e0 vos objectifs.\u00a0Que vous recherchiez un coaching individuel ou des cours en groupe, que vous souhaitiez am\u00e9liorer votre capacit\u00e9 de communication g\u00e9n\u00e9rale ou celle dans le monde des affaires, nous proposons une grande vari\u00e9t\u00e9 de mod\u00e8les de cours qui peuvent toujours \u00eatre adapt\u00e9s \u00e0 vos souhaits.<\/p>\n<p style=\"text-align: center;\"><strong>Mais en premier : test d&rsquo;\u00e9valuation gratuit !<\/strong><\/p>\n<p style=\"text-align: center;\">Tout commence par un test d&rsquo;\u00e9valuation qui nous permet de d\u00e9terminer votre niveau de langue et vos besoins. Pour les cours en groupe, nous nous assurons ainsi que le niveau est \u00e0 peu pr\u00e8s le m\u00eame pour tous.<\/p>\n<p style=\"text-align: center;\"><strong>Pas sans certificat ! Si vous le souhaitez.<\/strong><\/p>\n<p style=\"text-align: center;\">\u00c0 la fin de chaque cours, vous avez la possibilit\u00e9 de passer un examen de langue et d&rsquo;obtenir des certificats de langue qui vous permettront de prouver votre aptitude \u00e0 travailler, \u00e0 acc\u00e9der \u00e0 des \u00e9tudes ou \u00e0 remplir les conditions d&rsquo;immigration.\u00a0Sans parler d&rsquo;un certificat attestant de votre travail acharn\u00e9 en cours !\u00a0N&rsquo;h\u00e9sitez pas \u00e0 nous contacter pour de plus amples informations.<\/p>\n<\/div><\/section><\/div>\n\n<style type=\"text\/css\" data-created_by=\"avia_inline_auto\" id=\"style-css-av-1le0f-c093fd971d6d15b5c0416eddda02f85a\">\n.flex_column.av-1le0f-c093fd971d6d15b5c0416eddda02f85a{\nborder-radius:0px 0px 0px 0px;\npadding:0px 0px 0px 0px;\n}\n<\/style>\n<div  class='flex_column av-1le0f-c093fd971d6d15b5c0416eddda02f85a av_one_fifth  avia-builder-el-7  el_after_av_three_fifth  el_before_av_one_full  flex_column_div av-zero-column-padding  column-top-margin'     ><\/div>\n\n<style type=\"text\/css\" data-created_by=\"avia_inline_auto\" id=\"style-css-av-9e7kv-9790405b940661cd007ef402dc9eac64\">\n.flex_column.av-9e7kv-9790405b940661cd007ef402dc9eac64{\nborder-radius:0px 0px 0px 0px;\npadding:0px 0px 0px 0px;\n}\n<\/style>\n<div  class='flex_column av-9e7kv-9790405b940661cd007ef402dc9eac64 av_one_full  avia-builder-el-8  el_after_av_one_fifth  el_before_av_one_fourth  first flex_column_div av-zero-column-padding  column-top-margin'     ><style type=\"text\/css\" data-created_by=\"avia_inline_auto\" id=\"style-css-av-krnfd8o8-011aab23a59e3c358456e9ee4ff79418\">\n#top .togglecontainer.av-krnfd8o8-011aab23a59e3c358456e9ee4ff79418 p.toggler{\nborder-color:#013398;\n}\n#top .togglecontainer.av-krnfd8o8-011aab23a59e3c358456e9ee4ff79418 p.toggler.activeTitle{\nbackground-color:#ffcc02;\n}\n#top .togglecontainer.av-krnfd8o8-011aab23a59e3c358456e9ee4ff79418 p.toggler:not(.activeTitle):hover{\ncolor:#013399;\nbackground-color:#ffcc02;\n}\n#top .togglecontainer.av-krnfd8o8-011aab23a59e3c358456e9ee4ff79418 p.toggler:not(.activeTitle):hover .toggle_icon, #top .togglecontainer.av-krnfd8o8-011aab23a59e3c358456e9ee4ff79418 p.toggler:not(.activeTitle):hover .toggle_icon *{\nborder-color:#013399 !important;\n}\n#top .togglecontainer.av-krnfd8o8-011aab23a59e3c358456e9ee4ff79418 .toggle_wrap .toggle_content{\nborder-color:#013398;\n}\n<\/style>\n<div  class='togglecontainer av-krnfd8o8-011aab23a59e3c358456e9ee4ff79418  avia-builder-el-9  avia-builder-el-no-sibling  toggle_close_all' >\n<section class='av_toggle_section av-krnfmk9v-8ccbb4bee19fcf4338fe181dd7460a7e'  itemscope=\"itemscope\" itemtype=\"https:\/\/schema.org\/CreativeWork\" ><div role=\"tablist\" class=\"single_toggle\" data-tags=\"{Tout} \"  ><p id='toggle-toggle-id-1' data-fake-id='#toggle-id-1' class='toggler  av-title-above av-inherit-border-color'  itemprop=\"headline\"  role='tab' tabindex='0' aria-controls='toggle-id-1' data-slide-speed=\"200\" data-title=\"Cours particuliers\" data-title-open=\"\" data-aria_collapsed=\"Cliquez pour \u00e9tendre : Cours particuliers\" data-aria_expanded=\"Cliquez pour r\u00e9duire : Cours particuliers\">Cours particuliers<span class=\"toggle_icon\"><span class=\"vert_icon\"><\/span><span class=\"hor_icon\"><\/span><\/span><\/p><div id='toggle-id-1' aria-labelledby='toggle-toggle-id-1' role='region' class='toggle_wrap  av-title-above'  ><div class='toggle_content invers-color av-inherit-border-color'  itemprop=\"text\" ><p style=\"text-align: left;\">Les cours particuliers sont la meilleure option pour un enseignement individuel, car chaque le\u00e7on est adapt\u00e9e \u00e0 vos besoins personnels. Il s&rsquo;agit d&rsquo;un moyen tr\u00e8s efficace d&rsquo;apprendre une nouvelle langue, car il offre plus de possibilit\u00e9s, par exemple, pour des exercices d&rsquo;expression orale polyvalents ou l&rsquo;apprentissage d&rsquo;un vocabulaire sp\u00e9cifique ou d&rsquo;une langue technique. Le soutien aux probl\u00e8mes d&rsquo;apprentissage individuels et la r\u00e9action directe aux questions personnelles sont particuli\u00e8rement possibles dans les le\u00e7ons individuelles. Les le\u00e7ons peuvent \u00eatre organis\u00e9es individuellement et \u00e0 court terme.<\/p>\n<p><strong>Niveaux :<\/strong> A1 &#8211; C2 (d\u00e9butants \u00e0 avanc\u00e9s)<\/p>\n<p><strong>Lieu du cours :<\/strong> Inhouse \/\/ Online \/\/ sprachConcept<\/p>\n<p><strong>D\u00e9but du cours et informations compl\u00e9mentaires :<\/strong> <a href=\"https:\/\/www.sprachconcept.de\/fr\/contact\/\">Contactez nous<\/a><\/p>\n<p>\u00a0<\/p>\n<\/div><\/div><\/div><\/section>\n<section class='av_toggle_section av-krnfx92d-2c607e8c9b20ed18536b6527ecf59bc3'  itemscope=\"itemscope\" itemtype=\"https:\/\/schema.org\/CreativeWork\" ><div role=\"tablist\" class=\"single_toggle\" data-tags=\"{Tout} \"  ><p id='toggle-toggle-id-2' data-fake-id='#toggle-id-2' class='toggler  av-title-above av-inherit-border-color'  itemprop=\"headline\"  role='tab' tabindex='0' aria-controls='toggle-id-2' data-slide-speed=\"200\" data-title=\"Cours collectifs\" data-title-open=\"\" data-aria_collapsed=\"Cliquez pour \u00e9tendre : Cours collectifs\" data-aria_expanded=\"Cliquez pour r\u00e9duire : Cours collectifs\">Cours collectifs<span class=\"toggle_icon\"><span class=\"vert_icon\"><\/span><span class=\"hor_icon\"><\/span><\/span><\/p><div id='toggle-id-2' aria-labelledby='toggle-toggle-id-2' role='region' class='toggle_wrap  av-title-above'  ><div class='toggle_content invers-color av-inherit-border-color'  itemprop=\"text\" ><p>Voulez-vous apprendre une nouvelle langue dans un groupe de personnes partageant les m\u00eames id\u00e9es, avec lesquelles vous pouvez pratiquer et \u00e9changer des id\u00e9es ? Alors nos cours collectifs sont faits pour vous ! Testez vos nouvelles comp\u00e9tences avec vos camarades de classe dans un environnement s\u00fbr et encourageant. Les cours collectifs sont particuli\u00e8rement adapt\u00e9s \u00e0 ceux qui veulent essayer et appliquer ce qu&rsquo;ils ont appris directement avec les autres participants au cours.<\/p>\n<p><strong>Niveaux :<\/strong> A1 &#8211; C1 (d\u00e9butant \u00e0 avanc\u00e9)<\/p>\n<p><strong>Lieu des cours :<\/strong> En interne \/\/ En ligne \/\/<\/p>\n<p><strong>Taille du groupe<\/strong> : 8 participants maximum<\/p>\n<p><strong>D\u00e9but du cours et informations compl\u00e9mentaires :<\/strong> \u00a0<a href=\"https:\/\/www.sprachconcept.de\/fr\/contact\/\">Contactez nous<\/a><\/p>\n<\/div><\/div><\/div><\/section>\n<section class='av_toggle_section av-krng7vzl-d35e0cf54930e08f386203ce865b53c6'  itemscope=\"itemscope\" itemtype=\"https:\/\/schema.org\/CreativeWork\" ><div role=\"tablist\" class=\"single_toggle\" data-tags=\"{Tout} \"  ><p id='toggle-toggle-id-3' data-fake-id='#toggle-id-3' class='toggler  av-title-above av-inherit-border-color'  itemprop=\"headline\"  role='tab' tabindex='0' aria-controls='toggle-id-3' data-slide-speed=\"200\" data-title=\"Cours intensifs\" data-title-open=\"\" data-aria_collapsed=\"Cliquez pour \u00e9tendre : Cours intensifs\" data-aria_expanded=\"Cliquez pour r\u00e9duire : Cours intensifs\">Cours intensifs<span class=\"toggle_icon\"><span class=\"vert_icon\"><\/span><span class=\"hor_icon\"><\/span><\/span><\/p><div id='toggle-id-3' aria-labelledby='toggle-toggle-id-3' role='region' class='toggle_wrap  av-title-above'  ><div class='toggle_content invers-color av-inherit-border-color'  itemprop=\"text\" ><p>Les cours de langue intensifs sont con\u00e7us pour vous permettre d&rsquo;acqu\u00e9rir les comp\u00e9tences linguistiques dont vous avez besoin pour poursuivre vos \u00e9tudes ou atteindre vos objectifs professionnels afin d&rsquo;atteindre le plus haut niveau de comp\u00e9tence linguistique. Nos cours intensifs peuvent \u00eatre adapt\u00e9s \u00e0 vos objectifs professionnels et \u00e9ducatifs.<\/p>\n<p><strong>Niveaux :<\/strong> A1 &#8211; C1 (d\u00e9butant \u00e0 avanc\u00e9)<\/p>\n<p><strong>Lieu des cours :<\/strong> En interne \/\/ En ligne<\/p>\n<p><strong>D\u00e9but du cours et informations compl\u00e9mentaires :<\/strong> \u00a0<a href=\"https:\/\/www.sprachconcept.de\/fr\/contact\/\">Contactez nous<\/a><\/p>\n<\/div><\/div><\/div><\/section>\n<section class='av_toggle_section av-krngau8n-83aa78258204a6e8698e2ed413d789fc'  itemscope=\"itemscope\" itemtype=\"https:\/\/schema.org\/CreativeWork\" ><div role=\"tablist\" class=\"single_toggle\" data-tags=\"{Tout} \"  ><p id='toggle-toggle-id-4' data-fake-id='#toggle-id-4' class='toggler  av-title-above av-inherit-border-color'  itemprop=\"headline\"  role='tab' tabindex='0' aria-controls='toggle-id-4' data-slide-speed=\"200\" data-title=\"Cours de commerce\" data-title-open=\"\" data-aria_collapsed=\"Cliquez pour \u00e9tendre : Cours de commerce\" data-aria_expanded=\"Cliquez pour r\u00e9duire : Cours de commerce\">Cours de commerce<span class=\"toggle_icon\"><span class=\"vert_icon\"><\/span><span class=\"hor_icon\"><\/span><\/span><\/p><div id='toggle-id-4' aria-labelledby='toggle-toggle-id-4' role='region' class='toggle_wrap  av-title-above'  ><div class='toggle_content invers-color av-inherit-border-color'  itemprop=\"text\" ><p>Nous proposons des cours de langue sur mesure portant sur des sujets li\u00e9s au monde des affaires afin de vous aider \u00e0 am\u00e9liorer les comp\u00e9tences en communication dont vous avez besoin pour votre travail. Apprenez le vocabulaire et les expressions li\u00e9s au travail, comment communiquer lors de transactions commerciales ou comment faire une pr\u00e9sentation, et bien plus encore.<\/p>\n<p><strong>Niveaux :<\/strong> A1 &#8211; C1 (d\u00e9butant \u00e0 avanc\u00e9)<\/p>\n<p><strong>Lieu des cours :<\/strong> En interne \/\/ En ligne<\/p>\n<p><strong>Pour plus d&rsquo;informations :<\/strong> \u00a0<a href=\"https:\/\/www.sprachconcept.de\/fr\/contact\/\">Contactez nous<\/a><\/p>\n<\/div><\/div><\/div><\/section>\n<section class='av_toggle_section av-lk6slk09-4c66e16a9e93901a4ee41dfaf9bd8e1d'  itemscope=\"itemscope\" itemtype=\"https:\/\/schema.org\/CreativeWork\" ><div role=\"tablist\" class=\"single_toggle\" data-tags=\"{Tout} \"  ><p id='toggle-toggle-id-5' data-fake-id='#toggle-id-5' class='toggler  av-title-above av-inherit-border-color'  itemprop=\"headline\"  role='tab' tabindex='0' aria-controls='toggle-id-5' data-slide-speed=\"200\" data-title=\"Cours pour la pr\u00e9paration au test Telc \/ allemand \/ +exam\" data-title-open=\"\" data-aria_collapsed=\"Cliquez pour \u00e9tendre : Cours pour la pr\u00e9paration au test Telc \/ allemand \/ +exam\" data-aria_expanded=\"Cliquez pour r\u00e9duire : Cours pour la pr\u00e9paration au test Telc \/ allemand \/ +exam\">Cours pour la pr\u00e9paration au test Telc \/ allemand \/ +exam<span class=\"toggle_icon\"><span class=\"vert_icon\"><\/span><span class=\"hor_icon\"><\/span><\/span><\/p><div id='toggle-id-5' aria-labelledby='toggle-toggle-id-5' role='region' class='toggle_wrap  av-title-above'  ><div class='toggle_content invers-color av-inherit-border-color'  itemprop=\"text\" ><p>Cours d&rsquo;allemand sp\u00e9cial pour la pr\u00e9paration au test Telc.<br \/>\nAvec un certificat de langue Telc, vous pouvez prouver vos connaissances linguistiques. Ce certificat est par exemple exig\u00e9 par les autorit\u00e9s et les administrations ou encore les \u00e9tablissements d&rsquo;enseignement comme preuve d&rsquo;un certain niveau de langue. Le test \u00e9value vos comp\u00e9tences linguistiques dans les domaines de l&rsquo;\u00e9coute, de la lecture, de l&rsquo;expression orale et \u00e9crite pour les domaines de la formation, des \u00e9tudes et de la profession.<\/p>\n<p><strong>Lieu de cours:<\/strong> in-house \/\/ en ligne<br \/>\n<strong>Niveaux:<\/strong> B1 &#8211; C2<br \/>\n<strong>Taille des groupes:<\/strong> 5 &#8211; 10<\/p>\n<p><strong>En ligne:<\/strong><\/p>\n<p><strong>Co\u00fbt:<\/strong> 190\u20ac TTC, mat\u00e9riel p\u00e9dagogique inclus.<br \/>\n<strong>Dur\u00e9e:<\/strong> 4 semaines, 4 unit\u00e9s d&rsquo;enseignement (UE) par semaine, 16 UE au total<\/p>\n<p><strong>Sur place comme cours de week-end :<\/strong><\/p>\n<p><strong>Co\u00fbt:<\/strong> 190\u20ac TTC, mat\u00e9riel p\u00e9dagogique inclus.<br \/>\n<strong>Dur\u00e9e:<\/strong> 4 samedis \u00e0 4 unit\u00e9s de cours, 16 UE au total.<\/p>\n<p>Apr\u00e8s quatre semaines, vous pouvez volontiers passer le test Telc chez nous. Co\u00fbt : 180\u20ac.<\/p>\n<p><a href=\"https:\/\/www.sprachconcept.de\/fr\/contact\/\" target=\"_blank\" rel=\"noopener\">Contactez-nous<\/a> sans engagement pour plus d&rsquo;informations !<\/p>\n<\/div><\/div><\/div><\/section>\n<section class='av_toggle_section av-lk6spk3x-f1f67379423d42e7488e1ef255bc48fd'  itemscope=\"itemscope\" itemtype=\"https:\/\/schema.org\/CreativeWork\" ><div role=\"tablist\" class=\"single_toggle\" data-tags=\"{Tout} \"  ><p id='toggle-toggle-id-6' data-fake-id='#toggle-id-6' class='toggler  av-title-above av-inherit-border-color'  itemprop=\"headline\"  role='tab' tabindex='0' aria-controls='toggle-id-6' data-slide-speed=\"200\" data-title=\"Cours de pr\u00e9paration au TOEFL \/ +exam\" data-title-open=\"\" data-aria_collapsed=\"Cliquez pour \u00e9tendre : Cours de pr\u00e9paration au TOEFL \/ +exam\" data-aria_expanded=\"Cliquez pour r\u00e9duire : Cours de pr\u00e9paration au TOEFL \/ +exam\">Cours de pr\u00e9paration au TOEFL \/ +exam<span class=\"toggle_icon\"><span class=\"vert_icon\"><\/span><span class=\"hor_icon\"><\/span><\/span><\/p><div id='toggle-id-6' aria-labelledby='toggle-toggle-id-6' role='region' class='toggle_wrap  av-title-above'  ><div class='toggle_content invers-color av-inherit-border-color'  itemprop=\"text\" ><p>Le TOEFL &#8211; abr\u00e9viation de Test of English as a Foreign Language &#8211; est un certificat de langue europ\u00e9en standardis\u00e9 et reconnu internationalement, qui mesure les connaissances acad\u00e9miques en anglais. Le TOEFL est souvent indispensable, en particulier pour les \u00e9tudiants qui souhaitent \u00e9tudier \u00e0 l&rsquo;\u00e9tranger. Ceux qui souhaitent \u00e9tudier aux \u00c9tats-Unis, en particulier, doivent passer le TOEFL avant le d\u00e9but de leur candidature afin de pouvoir attester officiellement des connaissances d&rsquo;anglais requises pour leurs \u00e9tudes. D&rsquo;autres universit\u00e9s en Allemagne et dans le reste de l&rsquo;Europe acceptent \u00e9galement le test TOEFL comme preuve d&rsquo;un niveau d&rsquo;anglais appropri\u00e9.<\/p>\n<p><strong>Lieu de cours:<\/strong> en interne \/\/ en ligne<br \/>\n<strong>Niveaux:<\/strong> B1 &#8211; C2<br \/>\n<strong>Taille des groupes:<\/strong>\u00a05 &#8211; 10<\/p>\n<p><strong>En ligne:<\/strong><\/p>\n<p><strong>Co\u00fbt:<\/strong>\u00a0190\u20ac plus TVA, mat\u00e9riel p\u00e9dagogique inclus.<br \/>\n<strong>Dur\u00e9e:<\/strong> 4 semaines, 4 unit\u00e9s d&rsquo;enseignement (UE) par semaine, 16 UE au total<\/p>\n<p><strong>Sur place comme cours de week-end:<\/strong><\/p>\n<p><strong>Co\u00fbt:<\/strong> 190\u20ac plus TVA, mat\u00e9riel p\u00e9dagogique inclus.<br \/>\n<strong>Dur\u00e9:<\/strong> 4 samedis \u00e0 4 unit\u00e9s de cours, 16 UE au total.<\/p>\n<p>Apr\u00e8s quatre semaines, vous pouvez passer le test TOEFL dans nos locaux. Co\u00fbt : 150\u20ac.<\/p>\n<p><a href=\"https:\/\/www.sprachconcept.de\/fr\/contact\/\" target=\"_blank\" rel=\"noopener\">Contactez-nous<\/a> sans engagement pour plus d&rsquo;informations !<\/p>\n<\/div><\/div><\/div><\/section>\n<section class='av_toggle_section av-krngi137-207a270fbb4d60ce5a9415dda4f2cac9'  itemscope=\"itemscope\" itemtype=\"https:\/\/schema.org\/CreativeWork\" ><div role=\"tablist\" class=\"single_toggle\" data-tags=\"{Tout} \"  ><p id='toggle-toggle-id-7' data-fake-id='#toggle-id-7' class='toggler  av-title-above av-inherit-border-color'  itemprop=\"headline\"  role='tab' tabindex='0' aria-controls='toggle-id-7' data-slide-speed=\"200\" data-title=\"Cours de soutien scolaire\" data-title-open=\"\" data-aria_collapsed=\"Cliquez pour \u00e9tendre : Cours de soutien scolaire\" data-aria_expanded=\"Cliquez pour r\u00e9duire : Cours de soutien scolaire\">Cours de soutien scolaire<span class=\"toggle_icon\"><span class=\"vert_icon\"><\/span><span class=\"hor_icon\"><\/span><\/span><\/p><div id='toggle-id-7' aria-labelledby='toggle-toggle-id-7' role='region' class='toggle_wrap  av-title-above'  ><div class='toggle_content invers-color av-inherit-border-color'  itemprop=\"text\" ><p>Les\u00a0Cours de soutien scolaire s&rsquo;adresse aux \u00e9tudiants et aux stagiaires qui ont besoin d&rsquo;un soutien dans les mati\u00e8res linguistiques telles que l&rsquo;anglais, le fran\u00e7ais ou l&rsquo;allemand ou qui ont des difficult\u00e9s et veulent ou doivent \u00e9liminer leurs d\u00e9ficits. Mais le tutorat convient \u00e9galement \u00e0 ceux qui veulent s&rsquo;am\u00e9liorer dans les mati\u00e8res linguistiques, par exemple pour obtenir une certaine moyenne ou pour satisfaire aux exigences d&rsquo;une certaine formation.<\/p>\n<p><strong>Niveaux :<\/strong> A1 &#8211; C1 (d\u00e9butant \u00e0 avanc\u00e9)<\/p>\n<p><strong>Lieu des cours :<\/strong> En interne \/\/ En ligne<\/p>\n<p><strong>Pour plus d&rsquo;informations :<\/strong> \u00a0<a href=\"https:\/\/www.sprachconcept.de\/fr\/contact\/\">Contactez nous<\/a><\/p>\n<\/div><\/div><\/div><\/section>\n<section class='av_toggle_section av-krov0tid-37f06c3334536eeaa05649a5b48c9c7d'  itemscope=\"itemscope\" itemtype=\"https:\/\/schema.org\/CreativeWork\" ><div role=\"tablist\" class=\"single_toggle\" data-tags=\"{Tout} \"  ><p id='toggle-toggle-id-8' data-fake-id='#toggle-id-8' class='toggler  av-title-above av-inherit-border-color'  itemprop=\"headline\"  role='tab' tabindex='0' aria-controls='toggle-id-8' data-slide-speed=\"200\" data-title=\"Cours de langue subventionn\u00e9s (Agence f\u00e9d\u00e9rale pour l\u2019emploi)\" data-title-open=\"\" data-aria_collapsed=\"Cliquez pour \u00e9tendre : Cours de langue subventionn\u00e9s (Agence f\u00e9d\u00e9rale pour l\u2019emploi)\" data-aria_expanded=\"Cliquez pour r\u00e9duire : Cours de langue subventionn\u00e9s (Agence f\u00e9d\u00e9rale pour l\u2019emploi)\">Cours de langue subventionn\u00e9s (Agence f\u00e9d\u00e9rale pour l\u2019emploi)<span class=\"toggle_icon\"><span class=\"vert_icon\"><\/span><span class=\"hor_icon\"><\/span><\/span><\/p><div id='toggle-id-8' aria-labelledby='toggle-toggle-id-8' role='region' class='toggle_wrap  av-title-above'  ><div class='toggle_content invers-color av-inherit-border-color'  itemprop=\"text\" ><p>En tant qu&rsquo;\u00e9tablissement d&rsquo;enseignement agr\u00e9\u00e9, nous proposons \u00e9galement des cours de langue professionnelle financ\u00e9s par l&rsquo;Agence f\u00e9d\u00e9rale pour l&#8217;emploi \/ Job Centre. Ces cours sont des mesures de formation continue et servent \u00e0 \u00e9largir les comp\u00e9tences linguistiques sur le lieu de travail, ce qui est souvent une condition pr\u00e9alable n\u00e9cessaire pour une formation, un d\u00e9but de carri\u00e8re ou un d\u00e9veloppement professionnel cibl\u00e9. Une qualification linguistique augmente les chances sur le march\u00e9 du travail, \u00e9largit les opportunit\u00e9s professionnelles et peut cr\u00e9er les conditions d&rsquo;une \u00e9ventuelle r\u00e9orientation professionnelle.<\/p>\n<p><strong>Langues :<\/strong> <a href=\"https:\/\/web.arbeitsagentur.de\/coachingundaktivierung\/suche?mz=SA%2001&#038;uk=Bundesweit&#038;pg=0&#038;ban=104698&#038;sw=Englisch\">Anglais<\/a>, <a href=\"https:\/\/web.arbeitsagentur.de\/coachingundaktivierung\/suche?mz=SA%2001&#038;uk=Bundesweit&#038;pg=0&#038;ban=104698&#038;sw=Deutsch\">allemand<\/a>, <a href=\"https:\/\/web.arbeitsagentur.de\/coachingundaktivierung\/suche?mz=SA%2001&#038;uk=Bundesweit&#038;pg=0&#038;ban=104698&#038;sw=Franz\u00f6sisch\">fran\u00e7ais<\/a><\/p>\n<p><strong>Type de cours :<\/strong> coaching individuel et\/ou cours de groupe<\/p>\n<p><strong>Niveaux :<\/strong> de base \u00e0 avanc\u00e9<\/p>\n<p><strong>Lieu du cours :<\/strong>\u00a0En interne \/\/ En ligne<\/p>\n<p><strong>Co\u00fbts :<\/strong> Subventionn\u00e9 par l&rsquo;Agence f\u00e9d\u00e9rale pour l&#8217;emploi par le biais du <a href=\"https:\/\/web.arbeitsagentur.de\/weiterbildungssuche\/suche?sty=2&#038;ort=Berlin_10715_13.328589_52.48257&#038;uk=25&#038;seite=0&#038;uf=201,101&#038;uz=1,2&#038;bg=true&#038;bildungsziel=123223,123236,123221,123222,123226,123233,123230,123229&#038;anbieter=104698\">ch\u00e8que \u00e9ducation<\/a> ou de l&rsquo;<a href=\"https:\/\/web.arbeitsagentur.de\/coachingundaktivierung\/suche?mz=SA%2001&#038;uk=Bundesweit&#038;pg=0&#038;ban=104698\">AVGS.<\/a><\/p>\n<p><strong>Informations d\u00e9taill\u00e9es (type de cours, dur\u00e9e du cours, date de d\u00e9but du cours, etc.):<\/strong><\/p>\n<p>\u00ab\u00a0<a href=\"https:\/\/www.sprachconcept.de\/sprachkurse\/englisch-fuer-den-beruf\/\">L&rsquo;anglais pour le travail<\/a>\u00a0\u00bb &#8211; donn\u00e9es en format PDF<br \/>\n\u00ab\u00a0<a href=\"https:\/\/www.sprachconcept.de\/sprachkurse\/deutsch-fuer-den-beruf\/\">L&rsquo;allemand sur le lieu de travail<\/a>\u00a0\u00bb &#8211; donn\u00e9es en format PDF<br \/>\n\u00ab\u00a0<a href=\"https:\/\/www.sprachconcept.de\/sprachkurse\/franzoesisch-fuer-den-beruf\/\">Le fran\u00e7ais sur le lieu de travail<\/a>\u00a0\u00bb &#8211; donn\u00e9es en format PDF<\/p>\n<p><a href=\"https:\/\/www.sprachconcept.de\/fr\/contact\/\">Contactez-nous<\/a> pour plus d&rsquo;informations.<\/p>\n<\/div><\/div><\/div><\/section>\n<section class='av_toggle_section av-ksoi41sz-06c7481c38460f366df9866a390c1001'  itemscope=\"itemscope\" itemtype=\"https:\/\/schema.org\/CreativeWork\" ><div role=\"tablist\" class=\"single_toggle\" data-tags=\"{Tout} \"  ><p id='toggle-toggle-id-9' data-fake-id='#toggle-id-9' class='toggler  av-title-above av-inherit-border-color'  itemprop=\"headline\"  role='tab' tabindex='0' aria-controls='toggle-id-9' data-slide-speed=\"200\" data-title=\"Coaching individuel dans le monde du travail (Agence f\u00e9d\u00e9rale pour l\u2019emploi)\" data-title-open=\"\" data-aria_collapsed=\"Cliquez pour \u00e9tendre : Coaching individuel dans le monde du travail (Agence f\u00e9d\u00e9rale pour l\u2019emploi)\" data-aria_expanded=\"Cliquez pour r\u00e9duire : Coaching individuel dans le monde du travail (Agence f\u00e9d\u00e9rale pour l\u2019emploi)\">Coaching individuel dans le monde du travail (Agence f\u00e9d\u00e9rale pour l\u2019emploi)<span class=\"toggle_icon\"><span class=\"vert_icon\"><\/span><span class=\"hor_icon\"><\/span><\/span><\/p><div id='toggle-id-9' aria-labelledby='toggle-toggle-id-9' role='region' class='toggle_wrap  av-title-above'  ><div class='toggle_content invers-color av-inherit-border-color'  itemprop=\"text\" ><p>En tant qu&rsquo;\u00e9tablissement d&rsquo;enseignement agr\u00e9\u00e9, nous proposons \u00e9galement des cours financ\u00e9s par l&rsquo;Agence f\u00e9d\u00e9rale pour l&#8217;emploi \/ le Centre pour l&#8217;emploi, qui soutiennent la nouvelle ou la nouvelle entr\u00e9e dans le monde professionnel. Ils apportent leur aide pour les candidatures et les lettres n\u00e9cessaires, ainsi que pour le d\u00e9marrage effectif ou le nouveau d\u00e9part dans le monde professionnel. Ces cours subventionn\u00e9s servent \u00e0 introduire les personnes sur le march\u00e9 du travail et de la formation ou \u00e0 stabiliser le d\u00e9but de l&#8217;emploi, et \u00e0 les pr\u00e9parer individuellement au march\u00e9 du travail par un accompagnement individuel en fonction de l&rsquo;orientation du contenu.<\/p>\n<p>Type de cours : coaching individuel<\/p>\n<p>Dur\u00e9e du cours : 20 jours (80 unit\u00e9s d&rsquo;enseignement au total)<\/p>\n<p>Lieu du cours : En interne \/\/ En ligne<\/p>\n<p>Co\u00fbts : Subventionn\u00e9 par l&rsquo;Agence f\u00e9d\u00e9rale pour l&#8217;emploi par le biais d&rsquo;un bon d&rsquo;activation et de placement (AVGS).<\/p>\n<p>Informations d\u00e9taill\u00e9es (horaires des cours, contenu des cours, etc.) : \u00ab\u00a0<a href=\"https:\/\/web.arbeitsagentur.de\/coachingundaktivierung\/aktivierungsangebot\/130027016?mz=SA%2001&#038;uk=25&#038;ort=Berlin_13.328589_52.48257&#038;sw=Gut%20vorbereitet%20f\u00fcr%20den%20Beruf&#038;pg=0\">Bien pr\u00e9par\u00e9 pour le monde du travail\u00a0\u00bb.<\/a><\/p>\n<p><a href=\"https:\/\/www.sprachconcept.de\/fr\/contact\/\">Contactez-nous<\/a> pour plus d&rsquo;informations.<\/p>\n<\/div><\/div><\/div><\/section>\n<section class='av_toggle_section av-lk6ssv0x-c3ef767a4397da4cb8d5b184f3c34547'  itemscope=\"itemscope\" itemtype=\"https:\/\/schema.org\/CreativeWork\" ><div role=\"tablist\" class=\"single_toggle\" data-tags=\"{Tout} \"  ><p id='toggle-toggle-id-10' data-fake-id='#toggle-id-10' class='toggler  av-title-above av-inherit-border-color'  itemprop=\"headline\"  role='tab' tabindex='0' aria-controls='toggle-id-10' data-slide-speed=\"200\" data-title=\"Entra\u00eenement \u00e0 la prononciation allemande\" data-title-open=\"\" data-aria_collapsed=\"Cliquez pour \u00e9tendre : Entra\u00eenement \u00e0 la prononciation allemande\" data-aria_expanded=\"Cliquez pour r\u00e9duire : Entra\u00eenement \u00e0 la prononciation allemande\">Entra\u00eenement \u00e0 la prononciation allemande<span class=\"toggle_icon\"><span class=\"vert_icon\"><\/span><span class=\"hor_icon\"><\/span><\/span><\/p><div id='toggle-id-10' aria-labelledby='toggle-toggle-id-10' role='region' class='toggle_wrap  av-title-above'  ><div class='toggle_content invers-color av-inherit-border-color'  itemprop=\"text\" ><p>Ce cours vise exclusivement \u00e0 entra\u00eener votre prononciation en allemand. La phon\u00e9tique et la m\u00e9lodie de la langue sont ici au premier plan. Des connaissances pr\u00e9alables sont n\u00e9cessaires pour suivre ce cours. Les groupes ne comptent que quelques participants, ce qui permet un entra\u00eenement intensif centr\u00e9 sur l&rsquo;individu.<\/p>\n<p><strong>Prix:<\/strong> 300\u20ac TVA comprise.<br \/>\n<strong>Dur\u00e9e:<\/strong> 4 semaines \u00e0 4 unit\u00e9s de cours par semaine.<br \/>\n<strong>Taille du groupe:<\/strong> 3-5 personnes<\/p>\n<p><a href=\"https:\/\/www.sprachconcept.de\/fr\/contact\/\" target=\"_blank\" rel=\"noopener\">Contactez-nous<\/a> sans engagement pour plus d&rsquo;informations !<\/p>\n<\/div><\/div><\/div><\/section>\n<section class='av_toggle_section av-lk6sw9yf-549b3fa310ec91057ee22f0e675c507d'  itemscope=\"itemscope\" itemtype=\"https:\/\/schema.org\/CreativeWork\" ><div role=\"tablist\" class=\"single_toggle\" data-tags=\"{Tout} \"  ><p id='toggle-toggle-id-11' data-fake-id='#toggle-id-11' class='toggler  av-title-above av-inherit-border-color'  itemprop=\"headline\"  role='tab' tabindex='0' aria-controls='toggle-id-11' data-slide-speed=\"200\" data-title=\"Cours de pr\u00e9paration aux tests TOEIC \" data-title-open=\"\" data-aria_collapsed=\"Cliquez pour \u00e9tendre : Cours de pr\u00e9paration aux tests TOEIC \" data-aria_expanded=\"Cliquez pour r\u00e9duire : Cours de pr\u00e9paration aux tests TOEIC \">Cours de pr\u00e9paration aux tests TOEIC <span class=\"toggle_icon\"><span class=\"vert_icon\"><\/span><span class=\"hor_icon\"><\/span><\/span><\/p><div id='toggle-id-11' aria-labelledby='toggle-toggle-id-11' role='region' class='toggle_wrap  av-title-above'  ><div class='toggle_content invers-color av-inherit-border-color'  itemprop=\"text\" ><p>Les tests TOEIC\u00ae permettent aux entreprises et aux institutions acad\u00e9miques de v\u00e9rifier diff\u00e9rents niveaux de langue. Cela permet de s&rsquo;assurer que le poste ou la place d&rsquo;\u00e9tudes est occup\u00e9 par les personnes qui remplissent \u00e9galement les conditions linguistiques requises.<br \/>\nIl existe un test TOEIC Bridge\u2122 sp\u00e9cialement con\u00e7u pour les d\u00e9butants* ayant des connaissances de base. Le test TOEIC\u00ae Listening and Reading \u00e9value principalement les comp\u00e9tences linguistiques passives du niveau d\u00e9butant au niveau avanc\u00e9.<\/p>\n<p><strong>Lieu de cours:<\/strong>\u00a0en interne \/\/ en ligne<br \/>\n<strong>Niveaux:<\/strong> B1 &#8211; C2<br \/>\n<strong>Taille des groupes:<\/strong> 5 &#8211; 10<\/p>\n<p><strong>En ligne:<\/strong><\/p>\n<p><strong>Co\u00fbt:<\/strong> 190\u20ac plus TVA, mat\u00e9riel p\u00e9dagogique inclus.<br \/>\n<strong>Dur\u00e9e:<\/strong> 4 semaines, 4 unit\u00e9s d&rsquo;enseignement (UE) par semaine, 16 UE au total<\/p>\n<p><strong>Sur place comme cours de week-end:<\/strong><\/p>\n<p><strong>Co\u00fbt:<\/strong> 190\u20ac plus TVA, mat\u00e9riel p\u00e9dagogique inclus.<br \/>\n<strong>Dur\u00e9e:<\/strong> 4 samedis \u00e0 4 unit\u00e9s de cours, 16 UE au total.<\/p>\n<p>Apr\u00e8s quatre semaines, vous pouvez passer le test TOEFL dans nos locaux. Co\u00fbt : 160\u20ac.<\/p>\n<p><a href=\"https:\/\/www.sprachconcept.de\/fr\/contact\/\" target=\"_blank\" rel=\"noopener\">Contactez-nous<\/a> sans engagement pour plus d&rsquo;informations !<\/p>\n<\/div><\/div><\/div><\/section>\n<\/div><\/div>\n<style type=\"text\/css\" data-created_by=\"avia_inline_auto\" id=\"style-css-av-2chz87-4784ae6cdcd98a02dd5bbe7ebf875347\">\n.flex_column.av-2chz87-4784ae6cdcd98a02dd5bbe7ebf875347{\nborder-radius:0px 0px 0px 0px;\npadding:0px 0px 0px 0px;\n}\n<\/style>\n<div  class='flex_column av-2chz87-4784ae6cdcd98a02dd5bbe7ebf875347 av_one_fourth  avia-builder-el-10  el_after_av_one_full  el_before_av_one_fourth  first flex_column_div av-zero-column-padding  column-top-margin'     ><style type=\"text\/css\" data-created_by=\"avia_inline_auto\" id=\"style-css-av-27ednr-5ee3ccba65b8980ef9317bee1a912eb8\">\n.avia-image-container.av-27ednr-5ee3ccba65b8980ef9317bee1a912eb8 img.avia_image{\nbox-shadow:none;\n}\n.avia-image-container.av-27ednr-5ee3ccba65b8980ef9317bee1a912eb8 .av-image-caption-overlay-center{\ncolor:#ffffff;\n}\n<\/style>\n<div  class='avia-image-container av-27ednr-5ee3ccba65b8980ef9317bee1a912eb8 av-styling- avia-align-center  avia-builder-el-11  avia-builder-el-no-sibling '   itemprop=\"image\" itemscope=\"itemscope\" itemtype=\"https:\/\/schema.org\/ImageObject\" ><div class=\"avia-image-container-inner\"><div class=\"avia-image-overlay-wrap\"><img decoding=\"async\" fetchpriority=\"high\" class='wp-image-994 avia-img-lazy-loading-not-994 avia_image ' src=\"https:\/\/www.sprachconcept.de\/wp-content\/uploads\/2021\/07\/GET-Sprachkurs-Zertifikat-TOEFL-Logo-gelb-300x213.png\" alt='' title='GET-Sprachkurs-Zertifikat-TOEFL-Logo-gelb'  height=\"213\" width=\"300\"  itemprop=\"thumbnailUrl\" srcset=\"https:\/\/www.sprachconcept.de\/wp-content\/uploads\/2021\/07\/GET-Sprachkurs-Zertifikat-TOEFL-Logo-gelb-300x213.png 300w, https:\/\/www.sprachconcept.de\/wp-content\/uploads\/2021\/07\/GET-Sprachkurs-Zertifikat-TOEFL-Logo-gelb-1030x731.png 1030w, https:\/\/www.sprachconcept.de\/wp-content\/uploads\/2021\/07\/GET-Sprachkurs-Zertifikat-TOEFL-Logo-gelb-768x545.png 768w, https:\/\/www.sprachconcept.de\/wp-content\/uploads\/2021\/07\/GET-Sprachkurs-Zertifikat-TOEFL-Logo-gelb-1536x1090.png 1536w, https:\/\/www.sprachconcept.de\/wp-content\/uploads\/2021\/07\/GET-Sprachkurs-Zertifikat-TOEFL-Logo-gelb-1500x1064.png 1500w, https:\/\/www.sprachconcept.de\/wp-content\/uploads\/2021\/07\/GET-Sprachkurs-Zertifikat-TOEFL-Logo-gelb-260x185.png 260w, https:\/\/www.sprachconcept.de\/wp-content\/uploads\/2021\/07\/GET-Sprachkurs-Zertifikat-TOEFL-Logo-gelb-705x500.png 705w, https:\/\/www.sprachconcept.de\/wp-content\/uploads\/2021\/07\/GET-Sprachkurs-Zertifikat-TOEFL-Logo-gelb.png 1749w\" sizes=\"(max-width: 300px) 100vw, 300px\" \/><\/div><\/div><\/div><\/div><\/p>\n\n<style type=\"text\/css\" data-created_by=\"avia_inline_auto\" id=\"style-css-av-23rjs7-010f57455ffdf90bd1bdec729079a388\">\n.flex_column.av-23rjs7-010f57455ffdf90bd1bdec729079a388{\nborder-radius:0px 0px 0px 0px;\npadding:0px 0px 0px 0px;\n}\n<\/style>\n<div  class='flex_column av-23rjs7-010f57455ffdf90bd1bdec729079a388 av_one_fourth  avia-builder-el-12  el_after_av_one_fourth  el_before_av_one_fourth  flex_column_div av-zero-column-padding  column-top-margin'     ><style type=\"text\/css\" data-created_by=\"avia_inline_auto\" id=\"style-css-av-71hfb-45bc3889c4a58cf661801ba99f7cdf2e\">\n.avia-image-container.av-71hfb-45bc3889c4a58cf661801ba99f7cdf2e img.avia_image{\nbox-shadow:none;\n}\n.avia-image-container.av-71hfb-45bc3889c4a58cf661801ba99f7cdf2e .av-image-caption-overlay-center{\ncolor:#ffffff;\n}\n<\/style>\n<div  class='avia-image-container av-71hfb-45bc3889c4a58cf661801ba99f7cdf2e av-styling- avia-align-center  avia-builder-el-13  avia-builder-el-no-sibling '   itemprop=\"image\" itemscope=\"itemscope\" itemtype=\"https:\/\/schema.org\/ImageObject\" ><div class=\"avia-image-container-inner\"><div class=\"avia-image-overlay-wrap\"><img decoding=\"async\" fetchpriority=\"high\" class='wp-image-995 avia-img-lazy-loading-not-995 avia_image ' src=\"https:\/\/www.sprachconcept.de\/wp-content\/uploads\/2021\/07\/csm_TOEIC_Logo_eckig_01_a959c6fad3-300x213.png\" alt='' title='csm_TOEIC_Logo_eckig_01_a959c6fad3'  height=\"213\" width=\"300\"  itemprop=\"thumbnailUrl\" srcset=\"https:\/\/www.sprachconcept.de\/wp-content\/uploads\/2021\/07\/csm_TOEIC_Logo_eckig_01_a959c6fad3-300x213.png 300w, https:\/\/www.sprachconcept.de\/wp-content\/uploads\/2021\/07\/csm_TOEIC_Logo_eckig_01_a959c6fad3-260x185.png 260w, https:\/\/www.sprachconcept.de\/wp-content\/uploads\/2021\/07\/csm_TOEIC_Logo_eckig_01_a959c6fad3.png 450w\" sizes=\"(max-width: 300px) 100vw, 300px\" \/><\/div><\/div><\/div><\/div>\n\n<style type=\"text\/css\" data-created_by=\"avia_inline_auto\" id=\"style-css-av-69qyv-725c771f7022294a124989f406a11024\">\n.flex_column.av-69qyv-725c771f7022294a124989f406a11024{\nborder-radius:0px 0px 0px 0px;\npadding:0px 0px 0px 0px;\n}\n<\/style>\n<div  class='flex_column av-69qyv-725c771f7022294a124989f406a11024 av_one_fourth  avia-builder-el-14  el_after_av_one_fourth  el_before_av_one_fourth  flex_column_div av-zero-column-padding  column-top-margin'     ><style type=\"text\/css\" data-created_by=\"avia_inline_auto\" id=\"style-css-av-1mdb13-7ef820f74aae68afd8b3bafb0166a72c\">\n.avia-image-container.av-1mdb13-7ef820f74aae68afd8b3bafb0166a72c img.avia_image{\nbox-shadow:none;\n}\n.avia-image-container.av-1mdb13-7ef820f74aae68afd8b3bafb0166a72c .av-image-caption-overlay-center{\ncolor:#ffffff;\n}\n<\/style>\n<div  class='avia-image-container av-1mdb13-7ef820f74aae68afd8b3bafb0166a72c av-styling- avia-align-center  avia-builder-el-15  avia-builder-el-no-sibling '   itemprop=\"image\" itemscope=\"itemscope\" itemtype=\"https:\/\/schema.org\/ImageObject\" ><div class=\"avia-image-container-inner\"><div class=\"avia-image-overlay-wrap\"><img decoding=\"async\" fetchpriority=\"high\" class='wp-image-992 avia-img-lazy-loading-not-992 avia_image ' src=\"https:\/\/www.sprachconcept.de\/wp-content\/uploads\/2021\/07\/WiDaF_Logo_eckig-320x202-1-300x189.png\" alt='' title='WiDaF_Logo_eckig-320x202'  height=\"189\" width=\"300\"  itemprop=\"thumbnailUrl\" srcset=\"https:\/\/www.sprachconcept.de\/wp-content\/uploads\/2021\/07\/WiDaF_Logo_eckig-320x202-1-300x189.png 300w, https:\/\/www.sprachconcept.de\/wp-content\/uploads\/2021\/07\/WiDaF_Logo_eckig-320x202-1.png 320w\" sizes=\"(max-width: 300px) 100vw, 300px\" \/><\/div><\/div><\/div><\/div>\n\n<style type=\"text\/css\" data-created_by=\"avia_inline_auto\" id=\"style-css-av-1fiyz3-86de3959b9b27e2d7a24855171ba2bd9\">\n.flex_column.av-1fiyz3-86de3959b9b27e2d7a24855171ba2bd9{\nborder-radius:0px 0px 0px 0px;\npadding:0px 0px 0px 0px;\n}\n<\/style>\n<div  class='flex_column av-1fiyz3-86de3959b9b27e2d7a24855171ba2bd9 av_one_fourth  avia-builder-el-16  el_after_av_one_fourth  el_before_av_one_fifth  flex_column_div av-zero-column-padding  column-top-margin'     ><style type=\"text\/css\" data-created_by=\"avia_inline_auto\" id=\"style-css-av-18scen-54cf074794a1142770348acb537a5952\">\n.avia-image-container.av-18scen-54cf074794a1142770348acb537a5952 img.avia_image{\nbox-shadow:none;\n}\n.avia-image-container.av-18scen-54cf074794a1142770348acb537a5952 .av-image-caption-overlay-center{\ncolor:#ffffff;\n}\n<\/style>\n<div  class='avia-image-container av-18scen-54cf074794a1142770348acb537a5952 av-styling- avia-align-center  avia-builder-el-17  avia-builder-el-no-sibling '   itemprop=\"image\" itemscope=\"itemscope\" itemtype=\"https:\/\/schema.org\/ImageObject\" ><div class=\"avia-image-container-inner\"><div class=\"avia-image-overlay-wrap\"><img decoding=\"async\" fetchpriority=\"high\" class='wp-image-989 avia-img-lazy-loading-not-989 avia_image ' src=\"https:\/\/www.sprachconcept.de\/wp-content\/uploads\/2021\/07\/1200px-Telc_GmbH_logo.svg_-300x173.png\" alt='' title='1200px-Telc_GmbH_logo.svg'  height=\"173\" width=\"300\"  itemprop=\"thumbnailUrl\" srcset=\"https:\/\/www.sprachconcept.de\/wp-content\/uploads\/2021\/07\/1200px-Telc_GmbH_logo.svg_-300x173.png 300w, https:\/\/www.sprachconcept.de\/wp-content\/uploads\/2021\/07\/1200px-Telc_GmbH_logo.svg_-1030x593.png 1030w, https:\/\/www.sprachconcept.de\/wp-content\/uploads\/2021\/07\/1200px-Telc_GmbH_logo.svg_-768x442.png 768w, https:\/\/www.sprachconcept.de\/wp-content\/uploads\/2021\/07\/1200px-Telc_GmbH_logo.svg_-705x406.png 705w, https:\/\/www.sprachconcept.de\/wp-content\/uploads\/2021\/07\/1200px-Telc_GmbH_logo.svg_.png 1200w\" sizes=\"(max-width: 300px) 100vw, 300px\" \/><\/div><\/div><\/div><\/div>\n\n<style type=\"text\/css\" data-created_by=\"avia_inline_auto\" id=\"style-css-av-10z5pz-f903c9b4f217a00c9e295983529272b1\">\n.flex_column.av-10z5pz-f903c9b4f217a00c9e295983529272b1{\nborder-radius:0px 0px 0px 0px;\npadding:0px 0px 0px 0px;\n}\n<\/style>\n<div  class='flex_column av-10z5pz-f903c9b4f217a00c9e295983529272b1 av_one_fifth  avia-builder-el-18  el_after_av_one_fourth  el_before_av_one_fourth  first flex_column_div av-zero-column-padding  column-top-margin'     ><\/div>\n\n<style type=\"text\/css\" data-created_by=\"avia_inline_auto\" id=\"style-css-av-y0i7r-6ac137a514e5dd4408004374294620b1\">\n.flex_column.av-y0i7r-6ac137a514e5dd4408004374294620b1{\nborder-radius:0px 0px 0px 0px;\npadding:0px 0px 0px 0px;\n}\n<\/style>\n<div  class='flex_column av-y0i7r-6ac137a514e5dd4408004374294620b1 av_one_fourth  avia-builder-el-19  el_after_av_one_fifth  el_before_av_one_fourth  flex_column_div av-zero-column-padding  column-top-margin'     ><style type=\"text\/css\" data-created_by=\"avia_inline_auto\" id=\"style-css-av-sgquv-ea088d0bea63c1c5960a00f0f43ec578\">\n.avia-image-container.av-sgquv-ea088d0bea63c1c5960a00f0f43ec578 img.avia_image{\nbox-shadow:none;\n}\n.avia-image-container.av-sgquv-ea088d0bea63c1c5960a00f0f43ec578 .av-image-caption-overlay-center{\ncolor:#ffffff;\n}\n<\/style>\n<div  class='avia-image-container av-sgquv-ea088d0bea63c1c5960a00f0f43ec578 av-styling- avia-align-center  avia-builder-el-20  avia-builder-el-no-sibling '   itemprop=\"image\" itemscope=\"itemscope\" itemtype=\"https:\/\/schema.org\/ImageObject\" ><div class=\"avia-image-container-inner\"><div class=\"avia-image-overlay-wrap\"><img decoding=\"async\" fetchpriority=\"high\" class='wp-image-993 avia-img-lazy-loading-not-993 avia_image ' src=\"https:\/\/www.sprachconcept.de\/wp-content\/uploads\/2021\/07\/unnamed-5-300x219.jpg\" alt='' title='unnamed-5'  height=\"219\" width=\"300\"  itemprop=\"thumbnailUrl\" srcset=\"https:\/\/www.sprachconcept.de\/wp-content\/uploads\/2021\/07\/unnamed-5-300x219.jpg 300w, https:\/\/www.sprachconcept.de\/wp-content\/uploads\/2021\/07\/unnamed-5.jpg 512w\" sizes=\"(max-width: 300px) 100vw, 300px\" \/><\/div><\/div><\/div><\/div>\n\n<style type=\"text\/css\" data-created_by=\"avia_inline_auto\" id=\"style-css-av-nopyf-2d59cd9636c3da6f8fa5471b6b61fae1\">\n.flex_column.av-nopyf-2d59cd9636c3da6f8fa5471b6b61fae1{\nborder-radius:0px 0px 0px 0px;\npadding:0px 0px 0px 0px;\n}\n<\/style>\n<div  class='flex_column av-nopyf-2d59cd9636c3da6f8fa5471b6b61fae1 av_one_fourth  avia-builder-el-21  el_after_av_one_fourth  el_before_av_one_fourth  flex_column_div av-zero-column-padding  column-top-margin'     ><style type=\"text\/css\" data-created_by=\"avia_inline_auto\" id=\"style-css-av-cyq4f-9625b65194af94d83bc1895402df2629\">\n.avia-image-container.av-cyq4f-9625b65194af94d83bc1895402df2629 img.avia_image{\nbox-shadow:none;\n}\n.avia-image-container.av-cyq4f-9625b65194af94d83bc1895402df2629 .av-image-caption-overlay-center{\ncolor:#ffffff;\n}\n<\/style>\n<div  class='avia-image-container av-cyq4f-9625b65194af94d83bc1895402df2629 av-styling- avia-align-center  avia-builder-el-22  avia-builder-el-no-sibling '   itemprop=\"image\" itemscope=\"itemscope\" itemtype=\"https:\/\/schema.org\/ImageObject\" ><div class=\"avia-image-container-inner\"><div class=\"avia-image-overlay-wrap\"><img decoding=\"async\" fetchpriority=\"high\" class='wp-image-672 avia-img-lazy-loading-not-672 avia_image ' src=\"https:\/\/www.sprachconcept.de\/wp-content\/uploads\/2021\/07\/AZAV_ger_tc_p-215x300.png\" alt='' title='AZAV_ger_tc_p'  height=\"300\" width=\"215\"  itemprop=\"thumbnailUrl\" srcset=\"https:\/\/www.sprachconcept.de\/wp-content\/uploads\/2021\/07\/AZAV_ger_tc_p-215x300.png 215w, https:\/\/www.sprachconcept.de\/wp-content\/uploads\/2021\/07\/AZAV_ger_tc_p.png 300w\" sizes=\"(max-width: 215px) 100vw, 215px\" \/><\/div><\/div><\/div><\/div>\n\n<style type=\"text\/css\" data-created_by=\"avia_inline_auto\" id=\"style-css-av-90hr3-064f1389749a83c33ac745c2abe99048\">\n.flex_column.av-90hr3-064f1389749a83c33ac745c2abe99048{\nborder-radius:0px 0px 0px 0px;\npadding:0px 0px 0px 0px;\n}\n<\/style>\n<div  class='flex_column av-90hr3-064f1389749a83c33ac745c2abe99048 av_one_fourth  avia-builder-el-23  el_after_av_one_fourth  avia-builder-el-last  flex_column_div av-zero-column-padding  column-top-margin'     ><\/div>\n","protected":false},"excerpt":{"rendered":"","protected":false},"author":3,"featured_media":0,"parent":0,"menu_order":0,"comment_status":"closed","ping_status":"closed","template":"","meta":{"footnotes":""},"class_list":["post-1038","page","type-page","status-publish","hentry"],"yoast_head":"<!-- This site is optimized with the Yoast SEO plugin v27.5 - https:\/\/yoast.com\/product\/yoast-seo-wordpress\/ -->\n<title>Cours de langues - sprachConcept<\/title>\n<meta name=\"robots\" content=\"index, follow, max-snippet:-1, max-image-preview:large, max-video-preview:-1\" \/>\n<link rel=\"canonical\" href=\"https:\/\/www.sprachconcept.de\/fr\/cours-de-langues\/\" \/>\n<meta property=\"og:locale\" content=\"fr_FR\" \/>\n<meta property=\"og:type\" content=\"article\" \/>\n<meta property=\"og:title\" content=\"Cours de langues - sprachConcept\" \/>\n<meta property=\"og:url\" content=\"https:\/\/www.sprachconcept.de\/fr\/cours-de-langues\/\" \/>\n<meta property=\"og:site_name\" content=\"sprachConcept\" \/>\n<meta property=\"article:modified_time\" content=\"2023-07-17T11:58:32+00:00\" \/>\n<meta name=\"twitter:card\" content=\"summary_large_image\" \/>\n<meta name=\"twitter:label1\" content=\"Dur\u00e9e de lecture estim\u00e9e\" \/>\n\t<meta name=\"twitter:data1\" content=\"12 minutes\" \/>\n<script type=\"application\/ld+json\" class=\"yoast-schema-graph\">{\"@context\":\"https:\\\/\\\/schema.org\",\"@graph\":[{\"@type\":\"WebPage\",\"@id\":\"https:\\\/\\\/www.sprachconcept.de\\\/fr\\\/cours-de-langues\\\/\",\"url\":\"https:\\\/\\\/www.sprachconcept.de\\\/fr\\\/cours-de-langues\\\/\",\"name\":\"Cours de langues - sprachConcept\",\"isPartOf\":{\"@id\":\"https:\\\/\\\/www.sprachconcept.de\\\/fr\\\/#website\"},\"datePublished\":\"2021-08-24T13:58:04+00:00\",\"dateModified\":\"2023-07-17T11:58:32+00:00\",\"breadcrumb\":{\"@id\":\"https:\\\/\\\/www.sprachconcept.de\\\/fr\\\/cours-de-langues\\\/#breadcrumb\"},\"inLanguage\":\"fr-FR\",\"potentialAction\":[{\"@type\":\"ReadAction\",\"target\":[\"https:\\\/\\\/www.sprachconcept.de\\\/fr\\\/cours-de-langues\\\/\"]}]},{\"@type\":\"BreadcrumbList\",\"@id\":\"https:\\\/\\\/www.sprachconcept.de\\\/fr\\\/cours-de-langues\\\/#breadcrumb\",\"itemListElement\":[{\"@type\":\"ListItem\",\"position\":1,\"name\":\"Home\",\"item\":\"https:\\\/\\\/www.sprachconcept.de\\\/fr\\\/page-daccueil\\\/\"},{\"@type\":\"ListItem\",\"position\":2,\"name\":\"Cours de langues\"}]},{\"@type\":\"WebSite\",\"@id\":\"https:\\\/\\\/www.sprachconcept.de\\\/fr\\\/#website\",\"url\":\"https:\\\/\\\/www.sprachconcept.de\\\/fr\\\/\",\"name\":\"sprachConcept\",\"description\":\"berlin - brandenburg\",\"potentialAction\":[{\"@type\":\"SearchAction\",\"target\":{\"@type\":\"EntryPoint\",\"urlTemplate\":\"https:\\\/\\\/www.sprachconcept.de\\\/fr\\\/?s={search_term_string}\"},\"query-input\":{\"@type\":\"PropertyValueSpecification\",\"valueRequired\":true,\"valueName\":\"search_term_string\"}}],\"inLanguage\":\"fr-FR\"}]}<\/script>\n<!-- \/ Yoast SEO plugin. -->","yoast_head_json":{"title":"Cours de langues - sprachConcept","robots":{"index":"index","follow":"follow","max-snippet":"max-snippet:-1","max-image-preview":"max-image-preview:large","max-video-preview":"max-video-preview:-1"},"canonical":"https:\/\/www.sprachconcept.de\/fr\/cours-de-langues\/","og_locale":"fr_FR","og_type":"article","og_title":"Cours de langues - sprachConcept","og_url":"https:\/\/www.sprachconcept.de\/fr\/cours-de-langues\/","og_site_name":"sprachConcept","article_modified_time":"2023-07-17T11:58:32+00:00","twitter_card":"summary_large_image","twitter_misc":{"Dur\u00e9e de lecture estim\u00e9e":"12 minutes"},"schema":{"@context":"https:\/\/schema.org","@graph":[{"@type":"WebPage","@id":"https:\/\/www.sprachconcept.de\/fr\/cours-de-langues\/","url":"https:\/\/www.sprachconcept.de\/fr\/cours-de-langues\/","name":"Cours de langues - sprachConcept","isPartOf":{"@id":"https:\/\/www.sprachconcept.de\/fr\/#website"},"datePublished":"2021-08-24T13:58:04+00:00","dateModified":"2023-07-17T11:58:32+00:00","breadcrumb":{"@id":"https:\/\/www.sprachconcept.de\/fr\/cours-de-langues\/#breadcrumb"},"inLanguage":"fr-FR","potentialAction":[{"@type":"ReadAction","target":["https:\/\/www.sprachconcept.de\/fr\/cours-de-langues\/"]}]},{"@type":"BreadcrumbList","@id":"https:\/\/www.sprachconcept.de\/fr\/cours-de-langues\/#breadcrumb","itemListElement":[{"@type":"ListItem","position":1,"name":"Home","item":"https:\/\/www.sprachconcept.de\/fr\/page-daccueil\/"},{"@type":"ListItem","position":2,"name":"Cours de langues"}]},{"@type":"WebSite","@id":"https:\/\/www.sprachconcept.de\/fr\/#website","url":"https:\/\/www.sprachconcept.de\/fr\/","name":"sprachConcept","description":"berlin - brandenburg","potentialAction":[{"@type":"SearchAction","target":{"@type":"EntryPoint","urlTemplate":"https:\/\/www.sprachconcept.de\/fr\/?s={search_term_string}"},"query-input":{"@type":"PropertyValueSpecification","valueRequired":true,"valueName":"search_term_string"}}],"inLanguage":"fr-FR"}]}},"_links":{"self":[{"href":"https:\/\/www.sprachconcept.de\/fr\/wp-json\/wp\/v2\/pages\/1038","targetHints":{"allow":["GET"]}}],"collection":[{"href":"https:\/\/www.sprachconcept.de\/fr\/wp-json\/wp\/v2\/pages"}],"about":[{"href":"https:\/\/www.sprachconcept.de\/fr\/wp-json\/wp\/v2\/types\/page"}],"author":[{"embeddable":true,"href":"https:\/\/www.sprachconcept.de\/fr\/wp-json\/wp\/v2\/users\/3"}],"replies":[{"embeddable":true,"href":"https:\/\/www.sprachconcept.de\/fr\/wp-json\/wp\/v2\/comments?post=1038"}],"version-history":[{"count":0,"href":"https:\/\/www.sprachconcept.de\/fr\/wp-json\/wp\/v2\/pages\/1038\/revisions"}],"wp:attachment":[{"href":"https:\/\/www.sprachconcept.de\/fr\/wp-json\/wp\/v2\/media?parent=1038"}],"curies":[{"name":"wp","href":"https:\/\/api.w.org\/{rel}","templated":true}]}}