{"id":1199,"date":"2022-01-07T12:51:25","date_gmt":"2022-01-07T11:51:25","guid":{"rendered":"http:\/\/2021.sprachconcept.de\/?page_id=1199"},"modified":"2023-07-17T13:54:54","modified_gmt":"2023-07-17T11:54:54","slug":"englisch-fuer-den-beruf","status":"publish","type":"page","link":"https:\/\/www.sprachconcept.de\/fr\/sprachkurse\/englisch-fuer-den-beruf\/","title":{"rendered":"Weiterbildungsma\u00dfnahme"},"content":{"rendered":"\n<style type=\"text\/css\" data-created_by=\"avia_inline_auto\" id=\"style-css-av-l3llaejs-d8477f8bef7c3e9505418a374d1e6ec2\">\n.avia-section.av-l3llaejs-d8477f8bef7c3e9505418a374d1e6ec2{\nbackground-repeat:no-repeat;\nbackground-image:url(https:\/\/www.sprachconcept.de\/wp-content\/uploads\/2021\/06\/17046_Sprachschule_sprachConcept_121-1500x430.jpg);\nbackground-position:50% 0%;\nbackground-attachment:scroll;\n}\n<\/style>\n<div id='av_section_1'  class='avia-section av-l3llaejs-d8477f8bef7c3e9505418a374d1e6ec2 main_color avia-section-default avia-no-border-styling  avia-builder-el-0  el_before_av_one_full  avia-builder-el-first  avia-bg-style-scroll av-minimum-height av-minimum-height-custom av-height-custom  container_wrap sidebar_right'  data-section-bg-repeat='no-repeat' data-av_minimum_height_px='430'><div class='container av-section-cont-open' style='height:430px'><main  role=\"main\" itemprop=\"mainContentOfPage\"  class='template-page content  av-content-small alpha units'><div class='post-entry post-entry-type-page post-entry-1199'><div class='entry-content-wrapper clearfix'><\/div><\/div><\/main><!-- close content main element --><\/div><\/div><div id='after_section_1'  class='main_color av_default_container_wrap container_wrap sidebar_right'  ><div class='container av-section-cont-open' ><div class='template-page content  av-content-small alpha units'><div class='post-entry post-entry-type-page post-entry-1199'><div class='entry-content-wrapper clearfix'>\n\n<style type=\"text\/css\" data-created_by=\"avia_inline_auto\" id=\"style-css-av-2bohzz-c6b581e548c51391f6353a235b13cda3\">\n.flex_column.av-2bohzz-c6b581e548c51391f6353a235b13cda3{\nborder-radius:0px 0px 0px 0px;\npadding:0px 0px 0px 0px;\n}\n<\/style>\n<div  class='flex_column av-2bohzz-c6b581e548c51391f6353a235b13cda3 av_one_full  avia-builder-el-1  el_after_av_section  el_before_av_textblock  avia-builder-el-first  first flex_column_div av-zero-column-padding  '     ><style type=\"text\/css\" data-created_by=\"avia_inline_auto\" id=\"style-css-av-ky4c7fzd-685e4d2864d0f88249bc1bc6e5b8ee0a\">\n#top .av_textblock_section.av-ky4c7fzd-685e4d2864d0f88249bc1bc6e5b8ee0a .avia_textblock{\ncolor:#474747;\n}\n<\/style>\n<section  class='av_textblock_section av-ky4c7fzd-685e4d2864d0f88249bc1bc6e5b8ee0a '   itemscope=\"itemscope\" itemtype=\"https:\/\/schema.org\/CreativeWork\" ><div class='avia_textblock av_inherit_color'  itemprop=\"text\" ><h2 style=\"text-align: center;\">Weiterbildungsma\u00dfnahme<\/h2>\n<h4 style=\"text-align: center;\">\u00ab\u00a0Englisch f\u00fcr den Beruf\u00a0\u00bb<\/h4>\n<p style=\"text-align: center;\">\n<\/div><\/section><\/div>\n<section  class='av_textblock_section av-l4wqqgx9-ca9953a523f154b6cddd086340b51c7b '   itemscope=\"itemscope\" itemtype=\"https:\/\/schema.org\/CreativeWork\" ><div class='avia_textblock'  itemprop=\"text\" ><p style=\"text-align: center;\"><strong><em> <br class=\"avia-permanent-lb\" \/><br class=\"avia-permanent-lb\" \/>N\u00e4chste Kurse 2023: \u00a030.06. &#8211; 08.08. \/ 09.8. &#8211; 15.09. \/ 18.09. &#8211; 26.10.<\/em><\/strong><\/p>\n<p style=\"text-align: center;\"><strong><em>(Individueller Einstieg ist m\u00f6glich.)<\/em><\/strong><\/p>\n<p style=\"text-align: center;\"><strong><em>Uhrzeit: montags bis freitags von 8:30 Uhr bis 14:30 Uhr<\/em><\/strong><\/p>\n<p style=\"text-align: center;\">\n<\/div><\/section>\n\n<style type=\"text\/css\" data-created_by=\"avia_inline_auto\" id=\"style-css-av-4vw467-c09c6502f451060ebf9484cc249f2935\">\n#top .hr.av-4vw467-c09c6502f451060ebf9484cc249f2935{\nmargin-top:30px;\nmargin-bottom:30px;\n}\n.hr.av-4vw467-c09c6502f451060ebf9484cc249f2935 .hr-inner{\nwidth:70px;\nborder-color:#ffcc02;\n}\n<\/style>\n<div  class='hr av-4vw467-c09c6502f451060ebf9484cc249f2935 hr-custom  avia-builder-el-4  el_after_av_textblock  el_before_av_one_third  hr-center hr-icon-no'><span class='hr-inner inner-border-av-border-fat'><span class=\"hr-inner-style\"><\/span><\/span><\/div>\n\n<style type=\"text\/css\" data-created_by=\"avia_inline_auto\" id=\"style-css-av-l3ll33qn-b2ba4349be030a0d537518f4757aad58\">\n.flex_column.av-l3ll33qn-b2ba4349be030a0d537518f4757aad58{\nborder-radius:0px 0px 0px 0px;\npadding:0px 0px 0px 0px;\n}\n<\/style>\n<div  class='flex_column av-l3ll33qn-b2ba4349be030a0d537518f4757aad58 av_one_third  avia-builder-el-5  el_after_av_hr  el_before_av_one_third  first flex_column_div av-zero-column-padding  '     ><section  class='av_textblock_section av-l3ll3j87-393ec83795b594a76e69a4f7b90c040d '   itemscope=\"itemscope\" itemtype=\"https:\/\/schema.org\/CreativeWork\" ><div class='avia_textblock'  itemprop=\"text\" ><p style=\"text-align: center;\"><strong>Unser Angebot f\u00fcr gef\u00f6rderte Weiterbildungsma\u00dfnahme ist:<\/strong><\/p>\n<ul style=\"text-align: center;\">\n<li style=\"text-align: left;\">Englisch f\u00fcr den Beruf Pr\u00e4senzveranstaltung (\u00a781) 922\/280\/2020<\/li>\n<li style=\"text-align: left;\">Englisch f\u00fcr den Beruf im virtuellen Klassenzimmer (\u00a781) 922\/286\/2020<\/li>\n<li style=\"text-align: left;\">Englisch f\u00fcr den Beruf (\u00a745) Gruppenkurs 922\/133\/2021<\/li>\n<li style=\"text-align: left;\">Englisch f\u00fcr den Beruf (\u00a745) Einzelcoaching 922\/166\/2020<\/li>\n<\/ul>\n<\/div><\/section><\/div>\n\n<style type=\"text\/css\" data-created_by=\"avia_inline_auto\" id=\"style-css-av-5i5q73-9c46a24a1daf3d221a6a275cec8e0a3a\">\n.flex_column.av-5i5q73-9c46a24a1daf3d221a6a275cec8e0a3a{\nborder-radius:0px 0px 0px 0px;\npadding:0px 0px 0px 0px;\n}\n<\/style>\n<div  class='flex_column av-5i5q73-9c46a24a1daf3d221a6a275cec8e0a3a av_one_third  avia-builder-el-7  el_after_av_one_third  el_before_av_one_third  flex_column_div av-zero-column-padding  '     ><section  class='av_textblock_section av-l3ll3ylx-52b0e38e2b066e0d69f4069c9906901a '   itemscope=\"itemscope\" itemtype=\"https:\/\/schema.org\/CreativeWork\" ><div class='avia_textblock'  itemprop=\"text\" ><p style=\"text-align: center;\"><strong>Diese Kurse eignen sich f\u00fcr die folgenden Zielgruppen:<\/strong><\/p>\n<ul style=\"text-align: center;\">\n<li style=\"text-align: left;\">Tourismus und Gastst\u00e4ttengewerbe<\/li>\n<li style=\"text-align: left;\">Einzelhandel<\/li>\n<li style=\"text-align: left;\">Kaufm\u00e4nnische Berufe<\/li>\n<li style=\"text-align: left;\">Immobilienbereich<\/li>\n<li style=\"text-align: left;\">Pflege (Verwaltung)<\/li>\n<li style=\"text-align: left;\">B\u00fcrokommunikation<\/li>\n<li style=\"text-align: left;\">Akademische Berufe<\/li>\n<li style=\"text-align: left;\">Marketing und Communication<\/li>\n<\/ul>\n<\/div><\/section><\/div>\n\n<style type=\"text\/css\" data-created_by=\"avia_inline_auto\" id=\"style-css-av-3xcbxr-0680d12114dd0e662cde40b52f6cf4af\">\n.flex_column.av-3xcbxr-0680d12114dd0e662cde40b52f6cf4af{\nborder-radius:0px 0px 0px 0px;\npadding:0px 0px 0px 0px;\n}\n<\/style>\n<div  class='flex_column av-3xcbxr-0680d12114dd0e662cde40b52f6cf4af av_one_third  avia-builder-el-9  el_after_av_one_third  el_before_av_hr  flex_column_div av-zero-column-padding  '     ><section  class='av_textblock_section av-l3ll4jbb-64b096e458ddd6ae856485c528bfa51f '   itemscope=\"itemscope\" itemtype=\"https:\/\/schema.org\/CreativeWork\" ><div class='avia_textblock'  itemprop=\"text\" ><p style=\"text-align: center;\"><strong>Die Kurse \u00ab\u00a0Englisch f\u00fcr den Beruf \u00a0\u00bb setzen sich aus vier modularen Bausteinen zusammen. Diese sind\u00a0separat\u00a0buchbar.<\/strong><\/p>\n<ul style=\"text-align: center;\">\n<li style=\"text-align: left;\">Basic<\/li>\n<li style=\"text-align: left;\">Intermediate<\/li>\n<li style=\"text-align: left;\">Advanced I<\/li>\n<li style=\"text-align: left;\">Advanced II<\/li>\n<\/ul>\n<\/div><\/section><\/div>\n\n<style type=\"text\/css\" data-created_by=\"avia_inline_auto\" id=\"style-css-av-2nz3n3-9821f80874616ba626c5b1589d9b3336\">\n#top .hr.av-2nz3n3-9821f80874616ba626c5b1589d9b3336{\nmargin-top:30px;\nmargin-bottom:30px;\n}\n.hr.av-2nz3n3-9821f80874616ba626c5b1589d9b3336 .hr-inner{\nwidth:70px;\nborder-color:#ffcc02;\n}\n<\/style>\n<div  class='hr av-2nz3n3-9821f80874616ba626c5b1589d9b3336 hr-custom  avia-builder-el-11  el_after_av_one_third  el_before_av_textblock  hr-center hr-icon-no'><span class='hr-inner inner-border-av-border-fat'><span class=\"hr-inner-style\"><\/span><\/span><\/div>\n<section  class='av_textblock_section av-l3ll5mn6-9a0dd4e5a0737eafa60d7bc2a263cc0b '   itemscope=\"itemscope\" itemtype=\"https:\/\/schema.org\/CreativeWork\" ><div class='avia_textblock'  itemprop=\"text\" ><p style=\"text-align: center;\">\n<p style=\"text-align: center;\"><strong><em>Kosten: \u20ac 1.476,00 pro Modul <\/em><\/strong><\/p>\n<p style=\"text-align: center;\"><strong><em>Teilnehmeranzahl: max. 10 Personen <\/em><\/strong><\/p>\n<p style=\"text-align: center;\"><strong><em>Unterrichtsdauer: 28 Tage pro Modul<\/em><\/strong><\/p>\n<ul>\n<li style=\"text-align: left;\">Ein kostenloser Einstufungstest und ein ausf\u00fchrliches <a href=\"https:\/\/www.sprachconcept.de\/kontakt\/\">pers\u00f6nliches Gespr\u00e4ch<\/a> finden vor Kursbeginn statt.<\/li>\n<li style=\"text-align: left;\">Die Weiterbildungsma\u00dfnahme \u00ab\u00a0Englisch f\u00fcr den Beruf (\u00a745)\u00a0\u00bb f\u00fcr Gruppen hat eine Laufzeit von acht Wochen bei einer Anzahl von 320 Unterrichtseinheiten.<\/li>\n<li style=\"text-align: left;\">Das Einzelcoaching \u00ab\u00a0Englisch f\u00fcr den Beruf\u00a0\u00bb (922\/166\/2020) (\u00a745) besteht aus drei Modulen zu je 100 Unterrichtseinheiten: (Basic, Intermediate und Advanced). Die Laufzeit betr\u00e4gt 8 Wochen.<\/li>\n<li style=\"text-align: left;\">Die Abschl\u00fcsse international anerkannten Zertifikate TOEFL oder TOEIC, TOEIC Bridge, telc k\u00f6nnen vor Ort abgenommen werden. \u00a0Weitere Informationen finden Sie im KURSNET der Agentur f\u00fcr Arbeit unter den Links <a href=\"https:\/\/web.arbeitsagentur.de\/coachingundaktivierung\/suche?mz=SA%2001&#038;uk=Bundesweit&#038;pg=0&#038;ban=104698&#038;sw=Englisch\">https:\/\/web.arbeitsagentur.de\/coachingundaktivierung<\/a> bzw.\u00a0 <a href=\"https:\/\/web.arbeitsagentur.de\/weiterbildungssuche\/suche?sty=2&#038;ort=Berlin_10715_13.328589_52.48257&#038;uk=25&#038;seite=0&#038;uf=201,101&#038;uz=1,2&#038;bildungsziel=123223,123236,123221,123222,123226,123233,123230,123229&#038;anbieter=104698&#038;bg=true\">https:\/\/web.arbeitsagentur.de\/weiterbildungssuche<\/a><\/li>\n<\/ul>\n<\/div><\/section>\n","protected":false},"excerpt":{"rendered":"","protected":false},"author":3,"featured_media":0,"parent":551,"menu_order":0,"comment_status":"closed","ping_status":"closed","template":"","meta":{"footnotes":""},"class_list":["post-1199","page","type-page","status-publish","hentry"],"yoast_head":"<!-- This site is optimized with the Yoast SEO plugin v27.5 - https:\/\/yoast.com\/product\/yoast-seo-wordpress\/ -->\n<title>Weiterbildungsma\u00dfnahme - sprachConcept<\/title>\n<meta name=\"description\" content=\"Anerkannter Bildungstr\u00e4ger der DEKRA | Weiterbildungsma\u00dfnahme wird durch die Bundesagentur f\u00fcr Arbeit gef\u00f6rdert\" \/>\n<meta name=\"robots\" content=\"index, follow, max-snippet:-1, max-image-preview:large, max-video-preview:-1\" \/>\n<link rel=\"canonical\" href=\"https:\/\/www.sprachconcept.de\/fr\/sprachkurse\/englisch-fuer-den-beruf\/\" \/>\n<meta property=\"og:locale\" content=\"fr_FR\" \/>\n<meta property=\"og:type\" content=\"article\" \/>\n<meta property=\"og:title\" content=\"Weiterbildungsma\u00dfnahme - sprachConcept\" \/>\n<meta property=\"og:description\" content=\"Anerkannter Bildungstr\u00e4ger der DEKRA | Weiterbildungsma\u00dfnahme wird durch die Bundesagentur f\u00fcr Arbeit gef\u00f6rdert\" \/>\n<meta property=\"og:url\" content=\"https:\/\/www.sprachconcept.de\/fr\/sprachkurse\/englisch-fuer-den-beruf\/\" \/>\n<meta property=\"og:site_name\" content=\"sprachConcept\" \/>\n<meta property=\"article:modified_time\" content=\"2023-07-17T11:54:54+00:00\" \/>\n<meta name=\"twitter:card\" content=\"summary_large_image\" \/>\n<meta name=\"twitter:label1\" content=\"Dur\u00e9e de lecture estim\u00e9e\" \/>\n\t<meta name=\"twitter:data1\" content=\"3 minutes\" \/>\n<script type=\"application\/ld+json\" class=\"yoast-schema-graph\">{\"@context\":\"https:\\\/\\\/schema.org\",\"@graph\":[{\"@type\":\"WebPage\",\"@id\":\"https:\\\/\\\/www.sprachconcept.de\\\/fr\\\/sprachkurse\\\/englisch-fuer-den-beruf\\\/\",\"url\":\"https:\\\/\\\/www.sprachconcept.de\\\/fr\\\/sprachkurse\\\/englisch-fuer-den-beruf\\\/\",\"name\":\"Weiterbildungsma\u00dfnahme - sprachConcept\",\"isPartOf\":{\"@id\":\"https:\\\/\\\/www.sprachconcept.de\\\/fr\\\/#website\"},\"datePublished\":\"2022-01-07T11:51:25+00:00\",\"dateModified\":\"2023-07-17T11:54:54+00:00\",\"description\":\"Anerkannter Bildungstr\u00e4ger der DEKRA | Weiterbildungsma\u00dfnahme wird durch die Bundesagentur f\u00fcr Arbeit gef\u00f6rdert\",\"breadcrumb\":{\"@id\":\"https:\\\/\\\/www.sprachconcept.de\\\/fr\\\/sprachkurse\\\/englisch-fuer-den-beruf\\\/#breadcrumb\"},\"inLanguage\":\"fr-FR\",\"potentialAction\":[{\"@type\":\"ReadAction\",\"target\":[\"https:\\\/\\\/www.sprachconcept.de\\\/fr\\\/sprachkurse\\\/englisch-fuer-den-beruf\\\/\"]}]},{\"@type\":\"BreadcrumbList\",\"@id\":\"https:\\\/\\\/www.sprachconcept.de\\\/fr\\\/sprachkurse\\\/englisch-fuer-den-beruf\\\/#breadcrumb\",\"itemListElement\":[{\"@type\":\"ListItem\",\"position\":1,\"name\":\"Home\",\"item\":\"https:\\\/\\\/www.sprachconcept.de\\\/fr\\\/page-daccueil\\\/\"},{\"@type\":\"ListItem\",\"position\":2,\"name\":\"Sprachkurse\",\"item\":\"https:\\\/\\\/www.sprachconcept.de\\\/fr\\\/sprachkurse\\\/\"},{\"@type\":\"ListItem\",\"position\":3,\"name\":\"Weiterbildungsma\u00dfnahme\"}]},{\"@type\":\"WebSite\",\"@id\":\"https:\\\/\\\/www.sprachconcept.de\\\/fr\\\/#website\",\"url\":\"https:\\\/\\\/www.sprachconcept.de\\\/fr\\\/\",\"name\":\"sprachConcept\",\"description\":\"berlin - brandenburg\",\"potentialAction\":[{\"@type\":\"SearchAction\",\"target\":{\"@type\":\"EntryPoint\",\"urlTemplate\":\"https:\\\/\\\/www.sprachconcept.de\\\/fr\\\/?s={search_term_string}\"},\"query-input\":{\"@type\":\"PropertyValueSpecification\",\"valueRequired\":true,\"valueName\":\"search_term_string\"}}],\"inLanguage\":\"fr-FR\"}]}<\/script>\n<!-- \/ Yoast SEO plugin. -->","yoast_head_json":{"title":"Weiterbildungsma\u00dfnahme - sprachConcept","description":"Anerkannter Bildungstr\u00e4ger der DEKRA | Weiterbildungsma\u00dfnahme wird durch die Bundesagentur f\u00fcr Arbeit gef\u00f6rdert","robots":{"index":"index","follow":"follow","max-snippet":"max-snippet:-1","max-image-preview":"max-image-preview:large","max-video-preview":"max-video-preview:-1"},"canonical":"https:\/\/www.sprachconcept.de\/fr\/sprachkurse\/englisch-fuer-den-beruf\/","og_locale":"fr_FR","og_type":"article","og_title":"Weiterbildungsma\u00dfnahme - sprachConcept","og_description":"Anerkannter Bildungstr\u00e4ger der DEKRA | Weiterbildungsma\u00dfnahme wird durch die Bundesagentur f\u00fcr Arbeit gef\u00f6rdert","og_url":"https:\/\/www.sprachconcept.de\/fr\/sprachkurse\/englisch-fuer-den-beruf\/","og_site_name":"sprachConcept","article_modified_time":"2023-07-17T11:54:54+00:00","twitter_card":"summary_large_image","twitter_misc":{"Dur\u00e9e de lecture estim\u00e9e":"3 minutes"},"schema":{"@context":"https:\/\/schema.org","@graph":[{"@type":"WebPage","@id":"https:\/\/www.sprachconcept.de\/fr\/sprachkurse\/englisch-fuer-den-beruf\/","url":"https:\/\/www.sprachconcept.de\/fr\/sprachkurse\/englisch-fuer-den-beruf\/","name":"Weiterbildungsma\u00dfnahme - sprachConcept","isPartOf":{"@id":"https:\/\/www.sprachconcept.de\/fr\/#website"},"datePublished":"2022-01-07T11:51:25+00:00","dateModified":"2023-07-17T11:54:54+00:00","description":"Anerkannter Bildungstr\u00e4ger der DEKRA | Weiterbildungsma\u00dfnahme wird durch die Bundesagentur f\u00fcr Arbeit gef\u00f6rdert","breadcrumb":{"@id":"https:\/\/www.sprachconcept.de\/fr\/sprachkurse\/englisch-fuer-den-beruf\/#breadcrumb"},"inLanguage":"fr-FR","potentialAction":[{"@type":"ReadAction","target":["https:\/\/www.sprachconcept.de\/fr\/sprachkurse\/englisch-fuer-den-beruf\/"]}]},{"@type":"BreadcrumbList","@id":"https:\/\/www.sprachconcept.de\/fr\/sprachkurse\/englisch-fuer-den-beruf\/#breadcrumb","itemListElement":[{"@type":"ListItem","position":1,"name":"Home","item":"https:\/\/www.sprachconcept.de\/fr\/page-daccueil\/"},{"@type":"ListItem","position":2,"name":"Sprachkurse","item":"https:\/\/www.sprachconcept.de\/fr\/sprachkurse\/"},{"@type":"ListItem","position":3,"name":"Weiterbildungsma\u00dfnahme"}]},{"@type":"WebSite","@id":"https:\/\/www.sprachconcept.de\/fr\/#website","url":"https:\/\/www.sprachconcept.de\/fr\/","name":"sprachConcept","description":"berlin - brandenburg","potentialAction":[{"@type":"SearchAction","target":{"@type":"EntryPoint","urlTemplate":"https:\/\/www.sprachconcept.de\/fr\/?s={search_term_string}"},"query-input":{"@type":"PropertyValueSpecification","valueRequired":true,"valueName":"search_term_string"}}],"inLanguage":"fr-FR"}]}},"_links":{"self":[{"href":"https:\/\/www.sprachconcept.de\/fr\/wp-json\/wp\/v2\/pages\/1199","targetHints":{"allow":["GET"]}}],"collection":[{"href":"https:\/\/www.sprachconcept.de\/fr\/wp-json\/wp\/v2\/pages"}],"about":[{"href":"https:\/\/www.sprachconcept.de\/fr\/wp-json\/wp\/v2\/types\/page"}],"author":[{"embeddable":true,"href":"https:\/\/www.sprachconcept.de\/fr\/wp-json\/wp\/v2\/users\/3"}],"replies":[{"embeddable":true,"href":"https:\/\/www.sprachconcept.de\/fr\/wp-json\/wp\/v2\/comments?post=1199"}],"version-history":[{"count":0,"href":"https:\/\/www.sprachconcept.de\/fr\/wp-json\/wp\/v2\/pages\/1199\/revisions"}],"up":[{"embeddable":true,"href":"https:\/\/www.sprachconcept.de\/fr\/wp-json\/wp\/v2\/pages\/551"}],"wp:attachment":[{"href":"https:\/\/www.sprachconcept.de\/fr\/wp-json\/wp\/v2\/media?parent=1199"}],"curies":[{"name":"wp","href":"https:\/\/api.w.org\/{rel}","templated":true}]}}