{"id":1472,"date":"2022-01-17T15:54:05","date_gmt":"2022-01-17T14:54:05","guid":{"rendered":"http:\/\/2021.sprachconcept.de\/?page_id=1472"},"modified":"2022-06-30T11:19:21","modified_gmt":"2022-06-30T09:19:21","slug":"weiterbildungsmassnahme-franzoesisch","status":"publish","type":"page","link":"https:\/\/www.sprachconcept.de\/fr\/sprachkurse\/weiterbildungsmassnahme-franzoesisch\/","title":{"rendered":"Weiterbildungsma\u00dfnahme Franz\u00f6sisch"},"content":{"rendered":"<\/p>\n\n<style type=\"text\/css\" data-created_by=\"avia_inline_auto\" id=\"style-css-av-l4wr7zdt-b05b71f913626958c631cb7addfd9f23\">\n.avia-section.av-l4wr7zdt-b05b71f913626958c631cb7addfd9f23{\nbackground-repeat:no-repeat;\nbackground-image:url(https:\/\/www.sprachconcept.de\/wp-content\/uploads\/2021\/06\/17046_Sprachschule_sprachConcept_114-1500x430.jpg);\nbackground-position:0% 0%;\nbackground-attachment:scroll;\n}\n<\/style>\n<div id='av_section_1'  class='avia-section av-l4wr7zdt-b05b71f913626958c631cb7addfd9f23 main_color avia-section-default avia-no-border-styling  avia-builder-el-0  el_before_av_section  avia-builder-el-first  avia-bg-style-scroll av-minimum-height av-minimum-height-custom av-height-custom  container_wrap sidebar_right'  data-section-bg-repeat='no-repeat' data-av_minimum_height_px='430'><div class='container av-section-cont-open' style='height:430px'><main  role=\"main\" itemprop=\"mainContentOfPage\"  class='template-page content  av-content-small alpha units'><div class='post-entry post-entry-type-page post-entry-1472'><div class='entry-content-wrapper clearfix'>\n<\/div><\/div><\/main><!-- close content main element --><\/div><\/div>\n<style type=\"text\/css\" data-created_by=\"avia_inline_auto\" id=\"style-css-av-l4wr33ui-6626eae3506ac632299402e377dd2c37\">\n.avia-section.av-l4wr33ui-6626eae3506ac632299402e377dd2c37{\nbackground-color:#ffffff;\nbackground-image:unset;\n}\n<\/style>\n<div id='av_section_2'  class='avia-section av-l4wr33ui-6626eae3506ac632299402e377dd2c37 main_color avia-section-default avia-no-border-styling  avia-builder-el-1  el_after_av_section  avia-builder-el-last  avia-bg-style-scroll av-minimum-height av-minimum-height-custom av-height-custom  container_wrap sidebar_right'   data-av_minimum_height_px='430'><div class='container av-section-cont-open' style='height:430px'><div class='template-page content  av-content-small alpha units'><div class='post-entry post-entry-type-page post-entry-1472'><div class='entry-content-wrapper clearfix'>\n<section  class='av_textblock_section av-kyit50mp-c7a6084d20c350c6d1f0a61b6abab807 '   itemscope=\"itemscope\" itemtype=\"https:\/\/schema.org\/CreativeWork\" ><div class='avia_textblock'  itemprop=\"text\" ><h2 style=\"text-align: center;\">Weiterbildungsma\u00dfnahme Franz\u00f6sisch<\/h2>\n<h4 style=\"text-align: center;\">\u00ab\u00a0Franz\u00f6sisch f\u00fcr den Beruf\u00a0\u00bb\u00a0(922\/84\/21)<\/h4>\n<p style=\"text-align: center;\">\n<\/div><\/section>\n<section  class='av_textblock_section av-l4wqytpi-dd9dccf7181684f5397c45ee0fadfb4d '   itemscope=\"itemscope\" itemtype=\"https:\/\/schema.org\/CreativeWork\" ><div class='avia_textblock'  itemprop=\"text\" ><p style=\"text-align: center;\"><b> <br class=\"avia-permanent-lb\" \/><br class=\"avia-permanent-lb\" \/>Einzelcoaching<\/b><\/p>\n<p style=\"text-align: center;\"><strong>Beginn\/Uhrzeit: Jederzeit\/flexibel<\/strong><\/p>\n<p style=\"text-align: center;\"><strong>Online oder vor Ort<\/strong><\/p>\n<p style=\"text-align: center;\"><strong>8-w\u00f6chiger Kurs in Vollzeit oder Teilzeit bei\u00a0maximal 300 Unterrichtseinheiten (3 x 100 Unterrichtseinheiten)<\/strong><\/p>\n<p style=\"text-align: center;\"><a href=\"https:\/\/www.sprachconcept.de\/kontakt\/\" target=\"_blank\" rel=\"noopener\">Kontaktieren Sie uns<\/a><\/p>\n<\/div><\/section>\n\n<style type=\"text\/css\" data-created_by=\"avia_inline_auto\" id=\"style-css-av-1dr9c-3c760197f37c174e3470966d3d30ff93\">\n#top .hr.av-1dr9c-3c760197f37c174e3470966d3d30ff93{\nmargin-top:30px;\nmargin-bottom:30px;\n}\n.hr.av-1dr9c-3c760197f37c174e3470966d3d30ff93 .hr-inner{\nwidth:70px;\nborder-color:#ffcc02;\n}\n<\/style>\n<div  class='hr av-1dr9c-3c760197f37c174e3470966d3d30ff93 hr-custom  avia-builder-el-4  el_after_av_textblock  el_before_av_one_fourth  hr-center hr-icon-no'><span class='hr-inner inner-border-av-border-fat'><span class=\"hr-inner-style\"><\/span><\/span><\/div>\n\n<style type=\"text\/css\" data-created_by=\"avia_inline_auto\" id=\"style-css-av-40wq28-941140cde58b8f7952a21aab31e43a9c\">\n.flex_column.av-40wq28-941140cde58b8f7952a21aab31e43a9c{\nborder-radius:0px 0px 0px 0px;\npadding:0px 0px 0px 0px;\n}\n<\/style>\n<div  class='flex_column av-40wq28-941140cde58b8f7952a21aab31e43a9c av_one_fourth  avia-builder-el-5  el_after_av_hr  el_before_av_one_fourth  first flex_column_div av-zero-column-padding  '     ><section  class='av_textblock_section av-1uisk0-a8e4cbd649890a03f36edb675e04cb71 '   itemscope=\"itemscope\" itemtype=\"https:\/\/schema.org\/CreativeWork\" ><div class='avia_textblock'  itemprop=\"text\" ><p><strong>Dieser Sprachkurs umfasst die Module:<\/strong><\/p>\n<ul>\n<li>Niveau de base<\/li>\n<li>Niveau moyen<\/li>\n<li>Haut niveau<\/li>\n<\/ul>\n<\/div><\/section><\/div>\n<style type=\"text\/css\" data-created_by=\"avia_inline_auto\" id=\"style-css-av-4rrdg0-3f8047663665fc813d25da1d45bb5f51\">\n.flex_column.av-4rrdg0-3f8047663665fc813d25da1d45bb5f51{\nborder-radius:0px 0px 0px 0px;\npadding:0px 0px 0px 0px;\n}\n<\/style>\n<div  class='flex_column av-4rrdg0-3f8047663665fc813d25da1d45bb5f51 av_one_fourth  avia-builder-el-7  el_after_av_one_fourth  el_before_av_two_fifth  flex_column_div av-zero-column-padding  '     ><section  class='av_textblock_section av-l4wq4x24-e362140676666a3e3b434c55deb4ac07 '   itemscope=\"itemscope\" itemtype=\"https:\/\/schema.org\/CreativeWork\" ><div class='avia_textblock'  itemprop=\"text\" ><p><strong>Dieser Kurs eignet sich unter anderem f\u00fcr folgende Zielgruppen:<\/strong><\/p>\n<ul>\n<li>B\u00fcrokommunikation<\/li>\n<li>Tourismus<\/li>\n<li>Hotellerie und Gastst\u00e4ttengewerbe<\/li>\n<li>Marketing und Kommunikation<\/li>\n<li>Akademische Berufe<\/li>\n<li>Immobilien<\/li>\n<\/ul>\n<\/div><\/section><\/div>\n<style type=\"text\/css\" data-created_by=\"avia_inline_auto\" id=\"style-css-av-260vyo-496ef3ec82d595ef0b43c8926f7e1c24\">\n.flex_column.av-260vyo-496ef3ec82d595ef0b43c8926f7e1c24{\nborder-radius:0px 0px 0px 0px;\npadding:0px 0px 0px 0px;\n}\n<\/style>\n<div  class='flex_column av-260vyo-496ef3ec82d595ef0b43c8926f7e1c24 av_two_fifth  avia-builder-el-9  el_after_av_one_fourth  el_before_av_hr  flex_column_div av-zero-column-padding  '     ><style type=\"text\/css\" data-created_by=\"avia_inline_auto\" id=\"style-css-av-l50t1wam-4a6d9962ad3251ab5a9a2def2caf58d7\">\n.avia-image-container.av-l50t1wam-4a6d9962ad3251ab5a9a2def2caf58d7 img.avia_image{\nbox-shadow:none;\n}\n.avia-image-container.av-l50t1wam-4a6d9962ad3251ab5a9a2def2caf58d7 .av-image-caption-overlay-center{\ncolor:#ffffff;\n}\n<\/style>\n<div  class='avia-image-container av-l50t1wam-4a6d9962ad3251ab5a9a2def2caf58d7 av-styling- avia-align-center  avia-builder-el-10  avia-builder-el-no-sibling '   itemprop=\"image\" itemscope=\"itemscope\" itemtype=\"https:\/\/schema.org\/ImageObject\" ><div class=\"avia-image-container-inner\"><div class=\"avia-image-overlay-wrap\"><img decoding=\"async\" fetchpriority=\"high\" class='wp-image-2186 avia-img-lazy-loading-not-2186 avia_image ' src=\"https:\/\/www.sprachconcept.de\/wp-content\/uploads\/2022\/06\/DSC_0499.jpg\" alt='Weiterbildungsma\u00dfnahme Franz\u00f6sisch' title='Weiterbildungsma\u00dfnahme Franz\u00f6sisch'  height=\"681\" width=\"1024\"  itemprop=\"thumbnailUrl\" srcset=\"https:\/\/www.sprachconcept.de\/wp-content\/uploads\/2022\/06\/DSC_0499.jpg 1024w, https:\/\/www.sprachconcept.de\/wp-content\/uploads\/2022\/06\/DSC_0499-300x200.jpg 300w, https:\/\/www.sprachconcept.de\/wp-content\/uploads\/2022\/06\/DSC_0499-768x511.jpg 768w, https:\/\/www.sprachconcept.de\/wp-content\/uploads\/2022\/06\/DSC_0499-705x469.jpg 705w\" sizes=\"(max-width: 1024px) 100vw, 1024px\" \/><\/div><\/div><\/div><\/div>\n<style type=\"text\/css\" data-created_by=\"avia_inline_auto\" id=\"style-css-av-1yhyvk-1ae61a99694961ec28ae6620c1bd3a33\">\n#top .hr.av-1yhyvk-1ae61a99694961ec28ae6620c1bd3a33{\nmargin-top:30px;\nmargin-bottom:30px;\n}\n.hr.av-1yhyvk-1ae61a99694961ec28ae6620c1bd3a33 .hr-inner{\nwidth:70px;\nborder-color:#ffcc02;\n}\n<\/style>\n<div  class='hr av-1yhyvk-1ae61a99694961ec28ae6620c1bd3a33 hr-custom  avia-builder-el-11  el_after_av_two_fifth  el_before_av_textblock  hr-center hr-icon-no'><span class='hr-inner inner-border-av-border-fat'><span class=\"hr-inner-style\"><\/span><\/span><\/div>\n<section  class='av_textblock_section av-l4wqafav-097f6e54e33f5d084667646967d596ef '   itemscope=\"itemscope\" itemtype=\"https:\/\/schema.org\/CreativeWork\" ><div class='avia_textblock'  itemprop=\"text\" ><p>Ein kostenloser Eignungstest und ein ausf\u00fchrliches Gespr\u00e4ch finden vor Kursbeginn statt.<\/p>\n<p>F\u00fcr Lernende mit Vorkenntnissen werden im Franz\u00f6sisch-Sprachkurs Bewerbungsunterlagen erstellt.<\/p>\n<p>Alles Infos zur F\u00f6rderung durch die Bundesagentur f\u00fcr Arbeit finden Sie <a href=\"https:\/\/web.arbeitsagentur.de\/coachingundaktivierung\/suche?mz=SA%2001&#038;uk=Bundesweit&#038;pg=0&#038;ban=104698&#038;sw=Franz\u00f6sisch\" target=\"_blank\" rel=\"noopener\">hier.<\/a><\/p>\n<\/div><\/section>\n<\/div><\/div><\/div><!-- close content main div --><\/div><\/div><div id='after_section_2'  class='main_color av_default_container_wrap container_wrap sidebar_right'  ><div class='container av-section-cont-open' ><div class='template-page content  av-content-small alpha units'><div class='post-entry post-entry-type-page post-entry-1472'><div class='entry-content-wrapper clearfix'>\n","protected":false},"excerpt":{"rendered":"","protected":false},"author":3,"featured_media":0,"parent":551,"menu_order":0,"comment_status":"closed","ping_status":"closed","template":"","meta":{"footnotes":""},"class_list":["post-1472","page","type-page","status-publish","hentry"],"yoast_head":"<!-- This site is optimized with the Yoast SEO plugin v27.5 - https:\/\/yoast.com\/product\/yoast-seo-wordpress\/ -->\n<title>Weiterbildungsma\u00dfnahme Franz\u00f6sisch - sprachConcept<\/title>\n<meta name=\"description\" content=\"Weiterbildungsma\u00dfnahme &quot;Franz\u00f6sisch&quot; findet als Einzelunterricht statt. Flexibler Einstieg. Anerkannt durch die Bundesagentur f\u00fcr Arbeit\" \/>\n<meta name=\"robots\" content=\"index, follow, max-snippet:-1, max-image-preview:large, max-video-preview:-1\" \/>\n<link rel=\"canonical\" href=\"https:\/\/www.sprachconcept.de\/fr\/sprachkurse\/weiterbildungsmassnahme-franzoesisch\/\" \/>\n<meta property=\"og:locale\" content=\"fr_FR\" \/>\n<meta property=\"og:type\" content=\"article\" \/>\n<meta property=\"og:title\" content=\"Weiterbildungsma\u00dfnahme Franz\u00f6sisch - sprachConcept\" \/>\n<meta property=\"og:description\" content=\"Weiterbildungsma\u00dfnahme &quot;Franz\u00f6sisch&quot; findet als Einzelunterricht statt. Flexibler Einstieg. Anerkannt durch die Bundesagentur f\u00fcr Arbeit\" \/>\n<meta property=\"og:url\" content=\"https:\/\/www.sprachconcept.de\/fr\/sprachkurse\/weiterbildungsmassnahme-franzoesisch\/\" \/>\n<meta property=\"og:site_name\" content=\"sprachConcept\" \/>\n<meta property=\"article:modified_time\" content=\"2022-06-30T09:19:21+00:00\" \/>\n<meta name=\"twitter:card\" content=\"summary_large_image\" \/>\n<meta name=\"twitter:label1\" content=\"Dur\u00e9e de lecture estim\u00e9e\" \/>\n\t<meta name=\"twitter:data1\" content=\"2 minutes\" \/>\n<script type=\"application\/ld+json\" class=\"yoast-schema-graph\">{\"@context\":\"https:\\\/\\\/schema.org\",\"@graph\":[{\"@type\":\"WebPage\",\"@id\":\"https:\\\/\\\/www.sprachconcept.de\\\/fr\\\/sprachkurse\\\/weiterbildungsmassnahme-franzoesisch\\\/\",\"url\":\"https:\\\/\\\/www.sprachconcept.de\\\/fr\\\/sprachkurse\\\/weiterbildungsmassnahme-franzoesisch\\\/\",\"name\":\"Weiterbildungsma\u00dfnahme Franz\u00f6sisch - sprachConcept\",\"isPartOf\":{\"@id\":\"https:\\\/\\\/www.sprachconcept.de\\\/fr\\\/#website\"},\"datePublished\":\"2022-01-17T14:54:05+00:00\",\"dateModified\":\"2022-06-30T09:19:21+00:00\",\"description\":\"Weiterbildungsma\u00dfnahme \\\"Franz\u00f6sisch\\\" findet als Einzelunterricht statt. Flexibler Einstieg. Anerkannt durch die Bundesagentur f\u00fcr Arbeit\",\"breadcrumb\":{\"@id\":\"https:\\\/\\\/www.sprachconcept.de\\\/fr\\\/sprachkurse\\\/weiterbildungsmassnahme-franzoesisch\\\/#breadcrumb\"},\"inLanguage\":\"fr-FR\",\"potentialAction\":[{\"@type\":\"ReadAction\",\"target\":[\"https:\\\/\\\/www.sprachconcept.de\\\/fr\\\/sprachkurse\\\/weiterbildungsmassnahme-franzoesisch\\\/\"]}]},{\"@type\":\"BreadcrumbList\",\"@id\":\"https:\\\/\\\/www.sprachconcept.de\\\/fr\\\/sprachkurse\\\/weiterbildungsmassnahme-franzoesisch\\\/#breadcrumb\",\"itemListElement\":[{\"@type\":\"ListItem\",\"position\":1,\"name\":\"Home\",\"item\":\"https:\\\/\\\/www.sprachconcept.de\\\/fr\\\/page-daccueil\\\/\"},{\"@type\":\"ListItem\",\"position\":2,\"name\":\"Sprachkurse\",\"item\":\"https:\\\/\\\/www.sprachconcept.de\\\/fr\\\/sprachkurse\\\/\"},{\"@type\":\"ListItem\",\"position\":3,\"name\":\"Weiterbildungsma\u00dfnahme Franz\u00f6sisch\"}]},{\"@type\":\"WebSite\",\"@id\":\"https:\\\/\\\/www.sprachconcept.de\\\/fr\\\/#website\",\"url\":\"https:\\\/\\\/www.sprachconcept.de\\\/fr\\\/\",\"name\":\"sprachConcept\",\"description\":\"berlin - brandenburg\",\"potentialAction\":[{\"@type\":\"SearchAction\",\"target\":{\"@type\":\"EntryPoint\",\"urlTemplate\":\"https:\\\/\\\/www.sprachconcept.de\\\/fr\\\/?s={search_term_string}\"},\"query-input\":{\"@type\":\"PropertyValueSpecification\",\"valueRequired\":true,\"valueName\":\"search_term_string\"}}],\"inLanguage\":\"fr-FR\"}]}<\/script>\n<!-- \/ Yoast SEO plugin. -->","yoast_head_json":{"title":"Weiterbildungsma\u00dfnahme Franz\u00f6sisch - sprachConcept","description":"Weiterbildungsma\u00dfnahme \"Franz\u00f6sisch\" findet als Einzelunterricht statt. Flexibler Einstieg. Anerkannt durch die Bundesagentur f\u00fcr Arbeit","robots":{"index":"index","follow":"follow","max-snippet":"max-snippet:-1","max-image-preview":"max-image-preview:large","max-video-preview":"max-video-preview:-1"},"canonical":"https:\/\/www.sprachconcept.de\/fr\/sprachkurse\/weiterbildungsmassnahme-franzoesisch\/","og_locale":"fr_FR","og_type":"article","og_title":"Weiterbildungsma\u00dfnahme Franz\u00f6sisch - sprachConcept","og_description":"Weiterbildungsma\u00dfnahme \"Franz\u00f6sisch\" findet als Einzelunterricht statt. Flexibler Einstieg. Anerkannt durch die Bundesagentur f\u00fcr Arbeit","og_url":"https:\/\/www.sprachconcept.de\/fr\/sprachkurse\/weiterbildungsmassnahme-franzoesisch\/","og_site_name":"sprachConcept","article_modified_time":"2022-06-30T09:19:21+00:00","twitter_card":"summary_large_image","twitter_misc":{"Dur\u00e9e de lecture estim\u00e9e":"2 minutes"},"schema":{"@context":"https:\/\/schema.org","@graph":[{"@type":"WebPage","@id":"https:\/\/www.sprachconcept.de\/fr\/sprachkurse\/weiterbildungsmassnahme-franzoesisch\/","url":"https:\/\/www.sprachconcept.de\/fr\/sprachkurse\/weiterbildungsmassnahme-franzoesisch\/","name":"Weiterbildungsma\u00dfnahme Franz\u00f6sisch - sprachConcept","isPartOf":{"@id":"https:\/\/www.sprachconcept.de\/fr\/#website"},"datePublished":"2022-01-17T14:54:05+00:00","dateModified":"2022-06-30T09:19:21+00:00","description":"Weiterbildungsma\u00dfnahme \"Franz\u00f6sisch\" findet als Einzelunterricht statt. Flexibler Einstieg. Anerkannt durch die Bundesagentur f\u00fcr Arbeit","breadcrumb":{"@id":"https:\/\/www.sprachconcept.de\/fr\/sprachkurse\/weiterbildungsmassnahme-franzoesisch\/#breadcrumb"},"inLanguage":"fr-FR","potentialAction":[{"@type":"ReadAction","target":["https:\/\/www.sprachconcept.de\/fr\/sprachkurse\/weiterbildungsmassnahme-franzoesisch\/"]}]},{"@type":"BreadcrumbList","@id":"https:\/\/www.sprachconcept.de\/fr\/sprachkurse\/weiterbildungsmassnahme-franzoesisch\/#breadcrumb","itemListElement":[{"@type":"ListItem","position":1,"name":"Home","item":"https:\/\/www.sprachconcept.de\/fr\/page-daccueil\/"},{"@type":"ListItem","position":2,"name":"Sprachkurse","item":"https:\/\/www.sprachconcept.de\/fr\/sprachkurse\/"},{"@type":"ListItem","position":3,"name":"Weiterbildungsma\u00dfnahme Franz\u00f6sisch"}]},{"@type":"WebSite","@id":"https:\/\/www.sprachconcept.de\/fr\/#website","url":"https:\/\/www.sprachconcept.de\/fr\/","name":"sprachConcept","description":"berlin - brandenburg","potentialAction":[{"@type":"SearchAction","target":{"@type":"EntryPoint","urlTemplate":"https:\/\/www.sprachconcept.de\/fr\/?s={search_term_string}"},"query-input":{"@type":"PropertyValueSpecification","valueRequired":true,"valueName":"search_term_string"}}],"inLanguage":"fr-FR"}]}},"_links":{"self":[{"href":"https:\/\/www.sprachconcept.de\/fr\/wp-json\/wp\/v2\/pages\/1472","targetHints":{"allow":["GET"]}}],"collection":[{"href":"https:\/\/www.sprachconcept.de\/fr\/wp-json\/wp\/v2\/pages"}],"about":[{"href":"https:\/\/www.sprachconcept.de\/fr\/wp-json\/wp\/v2\/types\/page"}],"author":[{"embeddable":true,"href":"https:\/\/www.sprachconcept.de\/fr\/wp-json\/wp\/v2\/users\/3"}],"replies":[{"embeddable":true,"href":"https:\/\/www.sprachconcept.de\/fr\/wp-json\/wp\/v2\/comments?post=1472"}],"version-history":[{"count":0,"href":"https:\/\/www.sprachconcept.de\/fr\/wp-json\/wp\/v2\/pages\/1472\/revisions"}],"up":[{"embeddable":true,"href":"https:\/\/www.sprachconcept.de\/fr\/wp-json\/wp\/v2\/pages\/551"}],"wp:attachment":[{"href":"https:\/\/www.sprachconcept.de\/fr\/wp-json\/wp\/v2\/media?parent=1472"}],"curies":[{"name":"wp","href":"https:\/\/api.w.org\/{rel}","templated":true}]}}