{"id":2024,"date":"2022-05-24T15:49:38","date_gmt":"2022-05-24T13:49:38","guid":{"rendered":"https:\/\/www.sprachconcept.de\/faq\/"},"modified":"2022-05-24T15:52:21","modified_gmt":"2022-05-24T13:52:21","slug":"faq","status":"publish","type":"page","link":"https:\/\/www.sprachconcept.de\/fr\/faq\/","title":{"rendered":"FAQ"},"content":{"rendered":"\n<style type=\"text\/css\" data-created_by=\"avia_inline_auto\" id=\"style-css-av-l3bbpsof-fe19ecb42319be44260f4037323114df\">\n.avia-section.av-l3bbpsof-fe19ecb42319be44260f4037323114df{\nbackground-repeat:no-repeat;\nbackground-image:url(https:\/\/www.sprachconcept.de\/wp-content\/uploads\/2021\/07\/florian-wehde-1uWanmgkd5g-unsplash-1500x630.jpg);\nbackground-position:50% 0%;\nbackground-attachment:scroll;\n}\n<\/style>\n<div id='av_section_1'  class='avia-section av-l3bbpsof-fe19ecb42319be44260f4037323114df main_color avia-section-default avia-no-border-styling  avia-builder-el-0  el_before_av_toggle_container  avia-builder-el-first  avia-full-stretch avia-bg-style-scroll av-minimum-height av-minimum-height-custom av-height-custom  container_wrap sidebar_right'  data-section-bg-repeat='stretch' data-av_minimum_height_px='430'><div class='container av-section-cont-open' style='height:430px'><main  role=\"main\" itemprop=\"mainContentOfPage\"  class='template-page content  av-content-small alpha units'><div class='post-entry post-entry-type-page post-entry-2024'><div class='entry-content-wrapper clearfix'>\n\n<style type=\"text\/css\" data-created_by=\"avia_inline_auto\" id=\"style-css-av-l3bay8y7-78b60c0e02581c87c7a450f81bf482b7\">\n#top .av-special-heading.av-l3bay8y7-78b60c0e02581c87c7a450f81bf482b7{\npadding-bottom:10px;\ncolor:#ffffff;\nfont-size:75px;\n}\nbody .av-special-heading.av-l3bay8y7-78b60c0e02581c87c7a450f81bf482b7 .av-special-heading-tag .heading-char{\nfont-size:25px;\n}\n#top #wrap_all .av-special-heading.av-l3bay8y7-78b60c0e02581c87c7a450f81bf482b7 .av-special-heading-tag{\nfont-size:75px;\n}\n.av-special-heading.av-l3bay8y7-78b60c0e02581c87c7a450f81bf482b7 .special-heading-inner-border{\nborder-color:#ffffff;\n}\n.av-special-heading.av-l3bay8y7-78b60c0e02581c87c7a450f81bf482b7 .av-subheading{\nfont-size:15px;\n}\n\n@media only screen and (min-width: 480px) and (max-width: 767px){ \n#top #wrap_all .av-special-heading.av-l3bay8y7-78b60c0e02581c87c7a450f81bf482b7 .av-special-heading-tag{\nfont-size:0.8em;\n}\n}\n\n@media only screen and (max-width: 479px){ \n#top #wrap_all .av-special-heading.av-l3bay8y7-78b60c0e02581c87c7a450f81bf482b7 .av-special-heading-tag{\nfont-size:0.8em;\n}\n}\n<\/style>\n<div  class='av-special-heading av-l3bay8y7-78b60c0e02581c87c7a450f81bf482b7 av-special-heading-h3 custom-color-heading blockquote modern-quote modern-centered  avia-builder-el-1  avia-builder-el-no-sibling  av-inherit-size'><h3 class='av-special-heading-tag '  itemprop=\"headline\"  >FAQ<\/h3><div class=\"special-heading-border\"><div class=\"special-heading-inner-border\"><\/div><\/div><\/div>\n<\/div><\/div><\/main><!-- close content main element --><\/div><\/div><div id='after_section_1'  class='main_color av_default_container_wrap container_wrap sidebar_right'  ><div class='container av-section-cont-open' ><div class='template-page content  av-content-small alpha units'><div class='post-entry post-entry-type-page post-entry-2024'><div class='entry-content-wrapper clearfix'>\n<div  class='togglecontainer av-l3bbm1yj-522bc342346de0f9b5a2fb811d24b511  avia-builder-el-2  el_after_av_section  avia-builder-el-no-sibling  toggle_close_all' >\n<section class='av_toggle_section av-l3bb4nrc-1aafe7a55488a5fe6c02d5cb4d72e341'  itemscope=\"itemscope\" itemtype=\"https:\/\/schema.org\/CreativeWork\" ><div role=\"tablist\" class=\"single_toggle\" data-tags=\"{Tout} \"  ><p id='toggle-toggle-id-1' data-fake-id='#toggle-id-1' class='toggler  av-title-above '  itemprop=\"headline\"  role='tab' tabindex='0' aria-controls='toggle-id-1' data-slide-speed=\"200\" data-title=\"Chaque langue est-elle \u00e9galement propos\u00e9e sous forme de cours en ligne ?\" data-title-open=\"\" data-aria_collapsed=\"Cliquez pour \u00e9tendre : Chaque langue est-elle \u00e9galement propos\u00e9e sous forme de cours en ligne ?\" data-aria_expanded=\"Cliquez pour r\u00e9duire : Chaque langue est-elle \u00e9galement propos\u00e9e sous forme de cours en ligne ?\">Chaque langue est-elle \u00e9galement propos\u00e9e sous forme de cours en ligne ?<span class=\"toggle_icon\"><span class=\"vert_icon\"><\/span><span class=\"hor_icon\"><\/span><\/span><\/p><div id='toggle-id-1' aria-labelledby='toggle-toggle-id-1' role='region' class='toggle_wrap  av-title-above'  ><div class='toggle_content invers-color '  itemprop=\"text\" ><p>Oui, nous proposons toutes nos langues aussi bien en ligne que sur place ou \u00e0 votre domicile.<\/p>\n<\/div><\/div><\/div><\/section>\n<section class='av_toggle_section av-l3bb52l4-bebced38012da77d5eceba5449bc534e'  itemscope=\"itemscope\" itemtype=\"https:\/\/schema.org\/CreativeWork\" ><div role=\"tablist\" class=\"single_toggle\" data-tags=\"{Tout} \"  ><p id='toggle-toggle-id-2' data-fake-id='#toggle-id-2' class='toggler  av-title-above '  itemprop=\"headline\"  role='tab' tabindex='0' aria-controls='toggle-id-2' data-slide-speed=\"200\" data-title=\"Le mat\u00e9riel p\u00e9dagogique est-il inclus dans le prix du cours ?\" data-title-open=\"\" data-aria_collapsed=\"Cliquez pour \u00e9tendre : Le mat\u00e9riel p\u00e9dagogique est-il inclus dans le prix du cours ?\" data-aria_expanded=\"Cliquez pour r\u00e9duire : Le mat\u00e9riel p\u00e9dagogique est-il inclus dans le prix du cours ?\">Le mat\u00e9riel p\u00e9dagogique est-il inclus dans le prix du cours ?<span class=\"toggle_icon\"><span class=\"vert_icon\"><\/span><span class=\"hor_icon\"><\/span><\/span><\/p><div id='toggle-id-2' aria-labelledby='toggle-toggle-id-2' role='region' class='toggle_wrap  av-title-above'  ><div class='toggle_content invers-color '  itemprop=\"text\" ><p>Le mat\u00e9riel p\u00e9dagogique, comme les fiches de travail, est inclus dans le prix. Seuls les livres sont exclus, mais ils sont rarement utilis\u00e9s. Nous nous ferons un plaisir de discuter avec vous des co\u00fbts que vous aurez \u00e0 supporter.<\/p>\n<\/div><\/div><\/div><\/section>\n<section class='av_toggle_section av-l3bb5toj-fdf170f2ab08f3c7b3256e9c9a654779'  itemscope=\"itemscope\" itemtype=\"https:\/\/schema.org\/CreativeWork\" ><div role=\"tablist\" class=\"single_toggle\" data-tags=\"{Tout} \"  ><p id='toggle-toggle-id-3' data-fake-id='#toggle-id-3' class='toggler  av-title-above '  itemprop=\"headline\"  role='tab' tabindex='0' aria-controls='toggle-id-3' data-slide-speed=\"200\" data-title=\"Quelle est la dur\u00e9e habituelle des cours ?\" data-title-open=\"\" data-aria_collapsed=\"Cliquez pour \u00e9tendre : Quelle est la dur\u00e9e habituelle des cours ?\" data-aria_expanded=\"Cliquez pour r\u00e9duire : Quelle est la dur\u00e9e habituelle des cours ?\">Quelle est la dur\u00e9e habituelle des cours ?<span class=\"toggle_icon\"><span class=\"vert_icon\"><\/span><span class=\"hor_icon\"><\/span><\/span><\/p><div id='toggle-id-3' aria-labelledby='toggle-toggle-id-3' role='region' class='toggle_wrap  av-title-above'  ><div class='toggle_content invers-color '  itemprop=\"text\" ><p>Cela d\u00e9pend de la dur\u00e9e pendant laquelle vous souhaitez apprendre avec nous et de ce que vous voulez atteindre. Il n&rsquo;y a pas de nombre minimum ou maximum d&rsquo;heures \u00e0 prendre. Le facteur bien-\u00eatre est notre priorit\u00e9 absolue.<\/p>\n<\/div><\/div><\/div><\/section>\n<section class='av_toggle_section av-l3bb6ktt-ebb9aea084a86d9a950eff40711a2ca5'  itemscope=\"itemscope\" itemtype=\"https:\/\/schema.org\/CreativeWork\" ><div role=\"tablist\" class=\"single_toggle\" data-tags=\"{Tout} \"  ><p id='toggle-toggle-id-4' data-fake-id='#toggle-id-4' class='toggler  av-title-above '  itemprop=\"headline\"  role='tab' tabindex='0' aria-controls='toggle-id-4' data-slide-speed=\"200\" data-title=\"Nous sommes deux et aimerions suivre les cours ensemble. Est-ce possible ?\" data-title-open=\"\" data-aria_collapsed=\"Cliquez pour \u00e9tendre : Nous sommes deux et aimerions suivre les cours ensemble. Est-ce possible ?\" data-aria_expanded=\"Cliquez pour r\u00e9duire : Nous sommes deux et aimerions suivre les cours ensemble. Est-ce possible ?\">Nous sommes deux et aimerions suivre les cours ensemble. Est-ce possible ?<span class=\"toggle_icon\"><span class=\"vert_icon\"><\/span><span class=\"hor_icon\"><\/span><\/span><\/p><div id='toggle-id-4' aria-labelledby='toggle-toggle-id-4' role='region' class='toggle_wrap  av-title-above'  ><div class='toggle_content invers-color '  itemprop=\"text\" ><p>Bien s\u00fbr que oui. Que vous souhaitiez apprendre seul, \u00e0 deux ou dans un groupe plus important, nous nous adaptons \u00e0 vous. Avec chaque \u00e9l\u00e8ve, le taux horaire pour chaque participant diminue. Pour un apprentissage optimal, nous recommandons un groupe de 5 personnes.<\/p>\n<\/div><\/div><\/div><\/section>\n<section class='av_toggle_section av-l3bb78kr-d0f5804450bd664513b5e5718c6522d7'  itemscope=\"itemscope\" itemtype=\"https:\/\/schema.org\/CreativeWork\" ><div role=\"tablist\" class=\"single_toggle\" data-tags=\"{Tout} \"  ><p id='toggle-toggle-id-5' data-fake-id='#toggle-id-5' class='toggler  av-title-above '  itemprop=\"headline\"  role='tab' tabindex='0' aria-controls='toggle-id-5' data-slide-speed=\"200\" data-title=\"Je souhaite avant tout am\u00e9liorer mon expression orale. Existe-t-il des cours sp\u00e9ciaux pour cela ?\" data-title-open=\"\" data-aria_collapsed=\"Cliquez pour \u00e9tendre : Je souhaite avant tout am\u00e9liorer mon expression orale. Existe-t-il des cours sp\u00e9ciaux pour cela ?\" data-aria_expanded=\"Cliquez pour r\u00e9duire : Je souhaite avant tout am\u00e9liorer mon expression orale. Existe-t-il des cours sp\u00e9ciaux pour cela ?\">Je souhaite avant tout am\u00e9liorer mon expression orale. Existe-t-il des cours sp\u00e9ciaux pour cela ?<span class=\"toggle_icon\"><span class=\"vert_icon\"><\/span><span class=\"hor_icon\"><\/span><\/span><\/p><div id='toggle-id-5' aria-labelledby='toggle-toggle-id-5' role='region' class='toggle_wrap  av-title-above'  ><div class='toggle_content invers-color '  itemprop=\"text\" ><p>Oui, nous proposons \u00e9galement des cours de conversation pure. N&rsquo;h\u00e9sitez pas \u00e0 venir nous voir !<\/p>\n<\/div><\/div><\/div><\/section>\n<section class='av_toggle_section av-l3bbjoja-f9fa9ffb7ecc288b1a60b75f76f73dd1'  itemscope=\"itemscope\" itemtype=\"https:\/\/schema.org\/CreativeWork\" ><div role=\"tablist\" class=\"single_toggle\" data-tags=\"{Tout} \"  ><p id='toggle-toggle-id-6' data-fake-id='#toggle-id-6' class='toggler  av-title-above '  itemprop=\"headline\"  role='tab' tabindex='0' aria-controls='toggle-id-6' data-slide-speed=\"200\" data-title=\"Quels certificats de langue puis-je passer chez vous ?\" data-title-open=\"\" data-aria_collapsed=\"Cliquez pour \u00e9tendre : Quels certificats de langue puis-je passer chez vous ?\" data-aria_expanded=\"Cliquez pour r\u00e9duire : Quels certificats de langue puis-je passer chez vous ?\">Quels certificats de langue puis-je passer chez vous ?<span class=\"toggle_icon\"><span class=\"vert_icon\"><\/span><span class=\"hor_icon\"><\/span><\/span><\/p><div id='toggle-id-6' aria-labelledby='toggle-toggle-id-6' role='region' class='toggle_wrap  av-title-above'  ><div class='toggle_content invers-color '  itemprop=\"text\" ><p>En tant qu&rsquo;\u00e9cole de langues reconnue et centre de test accr\u00e9dit\u00e9, nous proposons les examens de langues suivants : TOEFL, TOEIC, telc WiDaF, TOEIC Bridge et TFI. Nous nous ferons un plaisir de vous pr\u00e9parer \u00e0 votre examen de langue.<\/p>\n<\/div><\/div><\/div><\/section>\n<section class='av_toggle_section av-l3bbk9as-76cf553257213528ff96025c0ee5350d'  itemscope=\"itemscope\" itemtype=\"https:\/\/schema.org\/CreativeWork\" ><div role=\"tablist\" class=\"single_toggle\" data-tags=\"{Tout} \"  ><p id='toggle-toggle-id-7' data-fake-id='#toggle-id-7' class='toggler  av-title-above '  itemprop=\"headline\"  role='tab' tabindex='0' aria-controls='toggle-id-7' data-slide-speed=\"200\" data-title=\"Puis-je passer uniquement l\u2019examen de langue pour obtenir le certificat ?\" data-title-open=\"\" data-aria_collapsed=\"Cliquez pour \u00e9tendre : Puis-je passer uniquement l\u2019examen de langue pour obtenir le certificat ?\" data-aria_expanded=\"Cliquez pour r\u00e9duire : Puis-je passer uniquement l\u2019examen de langue pour obtenir le certificat ?\">Puis-je passer uniquement l\u2019examen de langue pour obtenir le certificat ?<span class=\"toggle_icon\"><span class=\"vert_icon\"><\/span><span class=\"hor_icon\"><\/span><\/span><\/p><div id='toggle-id-7' aria-labelledby='toggle-toggle-id-7' role='region' class='toggle_wrap  av-title-above'  ><div class='toggle_content invers-color '  itemprop=\"text\" ><p>Bien s\u00fbr que oui ! Si vous \u00eates s\u00fbr de vos connaissances linguistiques, vous pouvez aussi ne passer que l&rsquo;examen chez nous. Gr\u00e2ce \u00e0 notre test d&rsquo;\u00e9valuation gratuit, nous pouvons \u00e9galement d\u00e9terminer ensemble si vous \u00eates pr\u00eat.<\/p>\n<\/div><\/div><\/div><\/section>\n<section class='av_toggle_section av-l3bblt5g-fe7e46e747634a71f2dcf805d0a03fd9'  itemscope=\"itemscope\" itemtype=\"https:\/\/schema.org\/CreativeWork\" ><div role=\"tablist\" class=\"single_toggle\" data-tags=\"{Tout} \"  ><p id='toggle-toggle-id-8' data-fake-id='#toggle-id-8' class='toggler  av-title-above '  itemprop=\"headline\"  role='tab' tabindex='0' aria-controls='toggle-id-8' data-slide-speed=\"200\" data-title=\"Quelle est la diff\u00e9rence entre le TOEFL et le TOEIC ?\" data-title-open=\"\" data-aria_collapsed=\"Cliquez pour \u00e9tendre : Quelle est la diff\u00e9rence entre le TOEFL et le TOEIC ?\" data-aria_expanded=\"Cliquez pour r\u00e9duire : Quelle est la diff\u00e9rence entre le TOEFL et le TOEIC ?\">Quelle est la diff\u00e9rence entre le TOEFL et le TOEIC ?<span class=\"toggle_icon\"><span class=\"vert_icon\"><\/span><span class=\"hor_icon\"><\/span><\/span><\/p><div id='toggle-id-8' aria-labelledby='toggle-toggle-id-8' role='region' class='toggle_wrap  av-title-above'  ><div class='toggle_content invers-color '  itemprop=\"text\" ><p>Les deux tests ont pour but de v\u00e9rifier et de classer les connaissances en anglais. Plus le score est \u00e9lev\u00e9, meilleures sont les connaissances linguistiques. Le TOEFL est surtout demand\u00e9 par les \u00e9tablissements d&rsquo;enseignement, qui se concentrent davantage sur les comp\u00e9tences de lecture et d&rsquo;\u00e9criture des \u00e9tudiants.<\/p>\n<p>Le TOEIC est davantage utilis\u00e9 par les organisations gouvernementales pour \u00e9valuer les comp\u00e9tences de communication des futurs employ\u00e9s sur le lieu de travail.<\/p>\n<\/div><\/div><\/div><\/section>\n<section class='av_toggle_section av-l3e5ziet-44889beff950446dc07f712bdc095db6'  itemscope=\"itemscope\" itemtype=\"https:\/\/schema.org\/CreativeWork\" ><div role=\"tablist\" class=\"single_toggle\" data-tags=\"{Tout} \"  ><p id='toggle-toggle-id-9' data-fake-id='#toggle-id-9' class='toggler  av-title-above '  itemprop=\"headline\"  role='tab' tabindex='0' aria-controls='toggle-id-9' data-slide-speed=\"200\" data-title=\"Je suis d\u00e9butant et je souhaite \u00e9tudier dans un groupe. Ceux-ci sont-ils \u00e9galement des d\u00e9butants ?\" data-title-open=\"\" data-aria_collapsed=\"Cliquez pour \u00e9tendre : Je suis d\u00e9butant et je souhaite \u00e9tudier dans un groupe. Ceux-ci sont-ils \u00e9galement des d\u00e9butants ?\" data-aria_expanded=\"Cliquez pour r\u00e9duire : Je suis d\u00e9butant et je souhaite \u00e9tudier dans un groupe. Ceux-ci sont-ils \u00e9galement des d\u00e9butants ?\">Je suis d\u00e9butant et je souhaite \u00e9tudier dans un groupe. Ceux-ci sont-ils \u00e9galement des d\u00e9butants ?<span class=\"toggle_icon\"><span class=\"vert_icon\"><\/span><span class=\"hor_icon\"><\/span><\/span><\/p><div id='toggle-id-9' aria-labelledby='toggle-toggle-id-9' role='region' class='toggle_wrap  av-title-above'  ><div class='toggle_content invers-color '  itemprop=\"text\" ><p>Oui, nous veillons \u00e0 ce que les \u00e9l\u00e8ves d&rsquo;un m\u00eame cours aient \u00e0 peu pr\u00e8s le m\u00eame niveau.<\/p>\n<\/div><\/div><\/div><\/section>\n<\/div>\n","protected":false},"excerpt":{"rendered":"","protected":false},"author":4,"featured_media":0,"parent":0,"menu_order":0,"comment_status":"closed","ping_status":"closed","template":"","meta":{"footnotes":""},"class_list":["post-2024","page","type-page","status-publish","hentry"],"yoast_head":"<!-- This site is optimized with the Yoast SEO plugin v27.5 - https:\/\/yoast.com\/product\/yoast-seo-wordpress\/ -->\n<title>FAQ - sprachConcept<\/title>\n<meta name=\"robots\" content=\"index, follow, max-snippet:-1, max-image-preview:large, max-video-preview:-1\" \/>\n<link rel=\"canonical\" href=\"https:\/\/www.sprachconcept.de\/fr\/faq\/\" \/>\n<meta property=\"og:locale\" content=\"fr_FR\" \/>\n<meta property=\"og:type\" content=\"article\" \/>\n<meta property=\"og:title\" content=\"FAQ - sprachConcept\" \/>\n<meta property=\"og:url\" content=\"https:\/\/www.sprachconcept.de\/fr\/faq\/\" \/>\n<meta property=\"og:site_name\" content=\"sprachConcept\" \/>\n<meta property=\"article:modified_time\" content=\"2022-05-24T13:52:21+00:00\" \/>\n<meta name=\"twitter:card\" content=\"summary_large_image\" \/>\n<meta name=\"twitter:label1\" content=\"Dur\u00e9e de lecture estim\u00e9e\" \/>\n\t<meta name=\"twitter:data1\" content=\"5 minutes\" \/>\n<script type=\"application\/ld+json\" class=\"yoast-schema-graph\">{\"@context\":\"https:\\\/\\\/schema.org\",\"@graph\":[{\"@type\":\"WebPage\",\"@id\":\"https:\\\/\\\/www.sprachconcept.de\\\/fr\\\/faq\\\/\",\"url\":\"https:\\\/\\\/www.sprachconcept.de\\\/fr\\\/faq\\\/\",\"name\":\"FAQ - sprachConcept\",\"isPartOf\":{\"@id\":\"https:\\\/\\\/www.sprachconcept.de\\\/fr\\\/#website\"},\"datePublished\":\"2022-05-24T13:49:38+00:00\",\"dateModified\":\"2022-05-24T13:52:21+00:00\",\"breadcrumb\":{\"@id\":\"https:\\\/\\\/www.sprachconcept.de\\\/fr\\\/faq\\\/#breadcrumb\"},\"inLanguage\":\"fr-FR\",\"potentialAction\":[{\"@type\":\"ReadAction\",\"target\":[\"https:\\\/\\\/www.sprachconcept.de\\\/fr\\\/faq\\\/\"]}]},{\"@type\":\"BreadcrumbList\",\"@id\":\"https:\\\/\\\/www.sprachconcept.de\\\/fr\\\/faq\\\/#breadcrumb\",\"itemListElement\":[{\"@type\":\"ListItem\",\"position\":1,\"name\":\"Home\",\"item\":\"https:\\\/\\\/www.sprachconcept.de\\\/fr\\\/page-daccueil\\\/\"},{\"@type\":\"ListItem\",\"position\":2,\"name\":\"FAQ\"}]},{\"@type\":\"WebSite\",\"@id\":\"https:\\\/\\\/www.sprachconcept.de\\\/fr\\\/#website\",\"url\":\"https:\\\/\\\/www.sprachconcept.de\\\/fr\\\/\",\"name\":\"sprachConcept\",\"description\":\"berlin - brandenburg\",\"potentialAction\":[{\"@type\":\"SearchAction\",\"target\":{\"@type\":\"EntryPoint\",\"urlTemplate\":\"https:\\\/\\\/www.sprachconcept.de\\\/fr\\\/?s={search_term_string}\"},\"query-input\":{\"@type\":\"PropertyValueSpecification\",\"valueRequired\":true,\"valueName\":\"search_term_string\"}}],\"inLanguage\":\"fr-FR\"}]}<\/script>\n<!-- \/ Yoast SEO plugin. -->","yoast_head_json":{"title":"FAQ - sprachConcept","robots":{"index":"index","follow":"follow","max-snippet":"max-snippet:-1","max-image-preview":"max-image-preview:large","max-video-preview":"max-video-preview:-1"},"canonical":"https:\/\/www.sprachconcept.de\/fr\/faq\/","og_locale":"fr_FR","og_type":"article","og_title":"FAQ - sprachConcept","og_url":"https:\/\/www.sprachconcept.de\/fr\/faq\/","og_site_name":"sprachConcept","article_modified_time":"2022-05-24T13:52:21+00:00","twitter_card":"summary_large_image","twitter_misc":{"Dur\u00e9e de lecture estim\u00e9e":"5 minutes"},"schema":{"@context":"https:\/\/schema.org","@graph":[{"@type":"WebPage","@id":"https:\/\/www.sprachconcept.de\/fr\/faq\/","url":"https:\/\/www.sprachconcept.de\/fr\/faq\/","name":"FAQ - sprachConcept","isPartOf":{"@id":"https:\/\/www.sprachconcept.de\/fr\/#website"},"datePublished":"2022-05-24T13:49:38+00:00","dateModified":"2022-05-24T13:52:21+00:00","breadcrumb":{"@id":"https:\/\/www.sprachconcept.de\/fr\/faq\/#breadcrumb"},"inLanguage":"fr-FR","potentialAction":[{"@type":"ReadAction","target":["https:\/\/www.sprachconcept.de\/fr\/faq\/"]}]},{"@type":"BreadcrumbList","@id":"https:\/\/www.sprachconcept.de\/fr\/faq\/#breadcrumb","itemListElement":[{"@type":"ListItem","position":1,"name":"Home","item":"https:\/\/www.sprachconcept.de\/fr\/page-daccueil\/"},{"@type":"ListItem","position":2,"name":"FAQ"}]},{"@type":"WebSite","@id":"https:\/\/www.sprachconcept.de\/fr\/#website","url":"https:\/\/www.sprachconcept.de\/fr\/","name":"sprachConcept","description":"berlin - brandenburg","potentialAction":[{"@type":"SearchAction","target":{"@type":"EntryPoint","urlTemplate":"https:\/\/www.sprachconcept.de\/fr\/?s={search_term_string}"},"query-input":{"@type":"PropertyValueSpecification","valueRequired":true,"valueName":"search_term_string"}}],"inLanguage":"fr-FR"}]}},"_links":{"self":[{"href":"https:\/\/www.sprachconcept.de\/fr\/wp-json\/wp\/v2\/pages\/2024","targetHints":{"allow":["GET"]}}],"collection":[{"href":"https:\/\/www.sprachconcept.de\/fr\/wp-json\/wp\/v2\/pages"}],"about":[{"href":"https:\/\/www.sprachconcept.de\/fr\/wp-json\/wp\/v2\/types\/page"}],"author":[{"embeddable":true,"href":"https:\/\/www.sprachconcept.de\/fr\/wp-json\/wp\/v2\/users\/4"}],"replies":[{"embeddable":true,"href":"https:\/\/www.sprachconcept.de\/fr\/wp-json\/wp\/v2\/comments?post=2024"}],"version-history":[{"count":0,"href":"https:\/\/www.sprachconcept.de\/fr\/wp-json\/wp\/v2\/pages\/2024\/revisions"}],"wp:attachment":[{"href":"https:\/\/www.sprachconcept.de\/fr\/wp-json\/wp\/v2\/media?parent=2024"}],"curies":[{"name":"wp","href":"https:\/\/api.w.org\/{rel}","templated":true}]}}