{"id":1467,"date":"2022-01-17T15:50:47","date_gmt":"2022-01-17T14:50:47","guid":{"rendered":"http:\/\/2021.sprachconcept.de\/?page_id=1467"},"modified":"2022-06-28T16:31:51","modified_gmt":"2022-06-28T14:31:51","slug":"deutsch-fuer-den-beruf","status":"publish","type":"page","link":"https:\/\/www.sprachconcept.de\/vi\/sprachkurse\/deutsch-fuer-den-beruf\/","title":{"rendered":"Weiterbildungskurs deutsch &#8211; Jobcenter &#8211; Ma\u00dfnahmen"},"content":{"rendered":"<\/p>\n\n<style type=\"text\/css\" data-created_by=\"avia_inline_auto\" id=\"style-css-av-l4i7fxtz-0b9e4c4d0697ce44cfa87dc1ac1cc2cd\">\n.avia-section.av-l4i7fxtz-0b9e4c4d0697ce44cfa87dc1ac1cc2cd{\nbackground-repeat:no-repeat;\nbackground-image:url(https:\/\/www.sprachconcept.de\/wp-content\/uploads\/2021\/06\/17046_Sprachschule_sprachConcept_114-1500x430.jpg);\nbackground-position:0% 0%;\nbackground-attachment:scroll;\nmargin-top:0px;\nmargin-bottom:0px;\n}\n<\/style>\n<div id='av_section_1'  class='avia-section av-l4i7fxtz-0b9e4c4d0697ce44cfa87dc1ac1cc2cd main_color avia-section-default avia-no-border-styling  avia-builder-el-0  el_before_av_textblock  avia-builder-el-first  avia-bg-style-scroll av-minimum-height av-minimum-height-custom av-height-custom  container_wrap sidebar_right'  data-section-bg-repeat='no-repeat' data-av_minimum_height_px='430'><div class='container av-section-cont-open' style='height:430px'><main  role=\"main\" itemprop=\"mainContentOfPage\"  class='template-page content  av-content-small alpha units'><div class='post-entry post-entry-type-page post-entry-1467'><div class='entry-content-wrapper clearfix'><\/div><\/div><\/main><!-- close content main element --><\/div><\/div><div id='after_section_1'  class='main_color av_default_container_wrap container_wrap sidebar_right'  ><div class='container av-section-cont-open' ><div class='template-page content  av-content-small alpha units'><div class='post-entry post-entry-type-page post-entry-1467'><div class='entry-content-wrapper clearfix'>\n\n<style type=\"text\/css\" data-created_by=\"avia_inline_auto\" id=\"style-css-av-l4i7hh24-0a2aee8fe73e9351058c30b83e533a2f\">\n#top .av_textblock_section.av-l4i7hh24-0a2aee8fe73e9351058c30b83e533a2f .avia_textblock{\ncolor:#515151;\n}\n<\/style>\n<section  class='av_textblock_section av-l4i7hh24-0a2aee8fe73e9351058c30b83e533a2f '   itemscope=\"itemscope\" itemtype=\"https:\/\/schema.org\/CreativeWork\" ><div class='avia_textblock av_inherit_color'  itemprop=\"text\" ><h2 style=\"text-align: center;\">Weiterbildungskurs deutsch<\/h2>\n<h4 style=\"text-align: center;\">&#8220;Deutsch f\u00fcr den Beruf&#8221;<\/h4>\n<\/div><\/section>\n\n<style type=\"text\/css\" data-created_by=\"avia_inline_auto\" id=\"style-css-av-l4i9aulj-034ce19aa0d08c1f21c4c3f012cb1f67\">\n#top .hr.hr-invisible.av-l4i9aulj-034ce19aa0d08c1f21c4c3f012cb1f67{\nheight:50px;\n}\n<\/style>\n<div  class='hr av-l4i9aulj-034ce19aa0d08c1f21c4c3f012cb1f67 hr-invisible  avia-builder-el-2  el_after_av_textblock  el_before_av_textblock '><span class='hr-inner '><span class=\"hr-inner-style\"><\/span><\/span><\/div>\n<section  class='av_textblock_section av-l4i7d8cp-4f3850fa204881745024c9dc29e3b7a4 '   itemscope=\"itemscope\" itemtype=\"https:\/\/schema.org\/CreativeWork\" ><div class='avia_textblock'  itemprop=\"text\" ><p style=\"text-align: center;\"><strong>Einzelcoaching<\/strong><\/p>\n<p style=\"text-align: center;\"><strong>Kursbeginn: der Beginn ist jederzeit m\u00f6glich<\/strong><\/p>\n<p style=\"text-align: center;\"><strong>Uhrzeit: nach Vereinbarung<\/strong><\/p>\n<p style=\"text-align: center;\">\n<\/div><\/section>\n\n<style type=\"text\/css\" data-created_by=\"avia_inline_auto\" id=\"style-css-av-3ucyej-069ee3aa5415016dba94e234caf07a08\">\n#top .hr.av-3ucyej-069ee3aa5415016dba94e234caf07a08{\nmargin-top:30px;\nmargin-bottom:30px;\n}\n.hr.av-3ucyej-069ee3aa5415016dba94e234caf07a08 .hr-inner{\nwidth:70px;\nborder-color:#ffcc02;\n}\n<\/style>\n<div  class='hr av-3ucyej-069ee3aa5415016dba94e234caf07a08 hr-custom  avia-builder-el-4  el_after_av_textblock  el_before_av_textblock  hr-center hr-icon-no'><span class='hr-inner inner-border-av-border-fat'><span class=\"hr-inner-style\"><\/span><\/span><\/div>\n<section  class='av_textblock_section av-l4fglek0-a54f478f564b8faf77e1b1056dec8ca4 '   itemscope=\"itemscope\" itemtype=\"https:\/\/schema.org\/CreativeWork\" ><div class='avia_textblock'  itemprop=\"text\" ><p style=\"text-align: left;\"><strong>Deutsch f\u00fcr den Beruf \u2013 Schriftdeutsch und Grammatik als Einzelcoaching: <\/strong><\/p>\n<p style=\"text-align: left;\">Die Einzelma\u00dfnahme in Deutsch zielt auf die Feststellung, Verringerung oder Beseitigung von Vermittlungshemmnissen hin und kann individuell gestaltet werden.\u00a0Au\u00dferdem, f\u00fcr Lernende mit Vorkenntnissen, bieten wir Hilfe\u00a0bei der Erstellung von Bewerbungsunterlagen<\/p>\n<p style=\"text-align: left;\">Die maximale Unterrichtsanzahl ist 300h bei einer Laufzeit von maximal 8 Wochen in Teil- oder Vollzeit. Der &#8220;Weiterbildungskurs deutsch&#8221; wird gef\u00f6rdert durch \u00a745 Aktivierungs- und Vermittlungsgutscheine der Bundesagentur f\u00fcr Arbeit.<\/p>\n<p>Ein kostenloser Eignungstest und ein ausf\u00fchrliches Gespr\u00e4ch findet im Vorfeld statt.<\/p>\n<\/div><\/section>\n\n<style type=\"text\/css\" data-created_by=\"avia_inline_auto\" id=\"style-css-av-28jc4r-2882895c0005cfeebbeea374d34ca0db\">\n#top .hr.av-28jc4r-2882895c0005cfeebbeea374d34ca0db{\nmargin-top:30px;\nmargin-bottom:30px;\n}\n.hr.av-28jc4r-2882895c0005cfeebbeea374d34ca0db .hr-inner{\nwidth:70px;\nborder-color:#ffcc02;\n}\n<\/style>\n<div  class='hr av-28jc4r-2882895c0005cfeebbeea374d34ca0db hr-custom  avia-builder-el-6  el_after_av_textblock  el_before_av_two_fifth  hr-center hr-icon-no'><span class='hr-inner inner-border-av-border-fat'><span class=\"hr-inner-style\"><\/span><\/span><\/div>\n\n<style type=\"text\/css\" data-created_by=\"avia_inline_auto\" id=\"style-css-av-25q65n-07b705710720afdc4a088fadea6a3aeb\">\n.flex_column.av-25q65n-07b705710720afdc4a088fadea6a3aeb{\nborder-radius:0px 0px 0px 0px;\npadding:0px 0px 0px 0px;\n}\n<\/style>\n<div  class='flex_column av-25q65n-07b705710720afdc4a088fadea6a3aeb av_two_fifth  avia-builder-el-7  el_after_av_hr  avia-builder-el-last  first flex_column_div av-zero-column-padding  '     ><section  class='av_textblock_section av-l4fgiy17-33d9975d34e0c82a620ed1cdf41f441a '   itemscope=\"itemscope\" itemtype=\"https:\/\/schema.org\/CreativeWork\" ><div class='avia_textblock'  itemprop=\"text\" ><p><strong>Diese Kurse eignen sich f\u00fcr folgende Zielgruppen:<\/strong><\/p>\n<li>B\u00fcrokommunikation<\/li>\n<li>Pflege (Verwaltung)<\/li>\n<li>Tourismus<\/li>\n<li>Hotellerie und Gastst\u00e4ttengewerbe<\/li>\n<li>Marketing und Kommunikation<\/li>\n<li>Akademische Berufe<\/li>\n<li>Einzelhandel<\/li>\n<\/div><\/section><\/div>\n","protected":false},"excerpt":{"rendered":"","protected":false},"author":3,"featured_media":0,"parent":551,"menu_order":0,"comment_status":"closed","ping_status":"closed","template":"","meta":{"footnotes":""},"class_list":["post-1467","page","type-page","status-publish","hentry"],"yoast_head":"<!-- This site is optimized with the Yoast SEO plugin v27.5 - https:\/\/yoast.com\/product\/yoast-seo-wordpress\/ -->\n<title>Weiterbildungskurs deutsch - Jobcenter - Ma\u00dfnahmen - sprachConcept<\/title>\n<meta name=\"description\" content=\"In dem Weiterbildungskurs deutsch geht um die deutsche Sprache im Beruf. Gef\u00f6rdert durch die Bundesagentur f\u00fcr Arbeit\" \/>\n<meta name=\"robots\" content=\"index, follow, max-snippet:-1, max-image-preview:large, max-video-preview:-1\" \/>\n<link rel=\"canonical\" href=\"https:\/\/www.sprachconcept.de\/vi\/sprachkurse\/deutsch-fuer-den-beruf\/\" \/>\n<meta property=\"og:locale\" content=\"vi_VN\" \/>\n<meta property=\"og:type\" content=\"article\" \/>\n<meta property=\"og:title\" content=\"Weiterbildungskurs deutsch - Jobcenter - Ma\u00dfnahmen - sprachConcept\" \/>\n<meta property=\"og:description\" content=\"In dem Weiterbildungskurs deutsch geht um die deutsche Sprache im Beruf. Gef\u00f6rdert durch die Bundesagentur f\u00fcr Arbeit\" \/>\n<meta property=\"og:url\" content=\"https:\/\/www.sprachconcept.de\/vi\/sprachkurse\/deutsch-fuer-den-beruf\/\" \/>\n<meta property=\"og:site_name\" content=\"sprachConcept\" \/>\n<meta property=\"article:modified_time\" content=\"2022-06-28T14:31:51+00:00\" \/>\n<meta name=\"twitter:card\" content=\"summary_large_image\" \/>\n<meta name=\"twitter:label1\" content=\"Est. reading time\" \/>\n\t<meta name=\"twitter:data1\" content=\"2 minutes\" \/>\n<script type=\"application\/ld+json\" class=\"yoast-schema-graph\">{\"@context\":\"https:\\\/\\\/schema.org\",\"@graph\":[{\"@type\":\"WebPage\",\"@id\":\"https:\\\/\\\/www.sprachconcept.de\\\/vi\\\/sprachkurse\\\/deutsch-fuer-den-beruf\\\/\",\"url\":\"https:\\\/\\\/www.sprachconcept.de\\\/vi\\\/sprachkurse\\\/deutsch-fuer-den-beruf\\\/\",\"name\":\"Weiterbildungskurs deutsch - Jobcenter - Ma\u00dfnahmen - sprachConcept\",\"isPartOf\":{\"@id\":\"https:\\\/\\\/www.sprachconcept.de\\\/vi\\\/#website\"},\"datePublished\":\"2022-01-17T14:50:47+00:00\",\"dateModified\":\"2022-06-28T14:31:51+00:00\",\"description\":\"In dem Weiterbildungskurs deutsch geht um die deutsche Sprache im Beruf. Gef\u00f6rdert durch die Bundesagentur f\u00fcr Arbeit\",\"breadcrumb\":{\"@id\":\"https:\\\/\\\/www.sprachconcept.de\\\/vi\\\/sprachkurse\\\/deutsch-fuer-den-beruf\\\/#breadcrumb\"},\"inLanguage\":\"vi-VN\",\"potentialAction\":[{\"@type\":\"ReadAction\",\"target\":[\"https:\\\/\\\/www.sprachconcept.de\\\/vi\\\/sprachkurse\\\/deutsch-fuer-den-beruf\\\/\"]}]},{\"@type\":\"BreadcrumbList\",\"@id\":\"https:\\\/\\\/www.sprachconcept.de\\\/vi\\\/sprachkurse\\\/deutsch-fuer-den-beruf\\\/#breadcrumb\",\"itemListElement\":[{\"@type\":\"ListItem\",\"position\":1,\"name\":\"Home\",\"item\":\"https:\\\/\\\/www.sprachconcept.de\\\/vi\\\/sprachschule-berlin\\\/\"},{\"@type\":\"ListItem\",\"position\":2,\"name\":\"Sprachkurse\",\"item\":\"https:\\\/\\\/www.sprachconcept.de\\\/vi\\\/sprachkurse\\\/\"},{\"@type\":\"ListItem\",\"position\":3,\"name\":\"Weiterbildungskurs deutsch &#8211; Jobcenter &#8211; Ma\u00dfnahmen\"}]},{\"@type\":\"WebSite\",\"@id\":\"https:\\\/\\\/www.sprachconcept.de\\\/vi\\\/#website\",\"url\":\"https:\\\/\\\/www.sprachconcept.de\\\/vi\\\/\",\"name\":\"sprachConcept\",\"description\":\"berlin - brandenburg\",\"potentialAction\":[{\"@type\":\"SearchAction\",\"target\":{\"@type\":\"EntryPoint\",\"urlTemplate\":\"https:\\\/\\\/www.sprachconcept.de\\\/vi\\\/?s={search_term_string}\"},\"query-input\":{\"@type\":\"PropertyValueSpecification\",\"valueRequired\":true,\"valueName\":\"search_term_string\"}}],\"inLanguage\":\"vi-VN\"}]}<\/script>\n<!-- \/ Yoast SEO plugin. -->","yoast_head_json":{"title":"Weiterbildungskurs deutsch - Jobcenter - Ma\u00dfnahmen - sprachConcept","description":"In dem Weiterbildungskurs deutsch geht um die deutsche Sprache im Beruf. Gef\u00f6rdert durch die Bundesagentur f\u00fcr Arbeit","robots":{"index":"index","follow":"follow","max-snippet":"max-snippet:-1","max-image-preview":"max-image-preview:large","max-video-preview":"max-video-preview:-1"},"canonical":"https:\/\/www.sprachconcept.de\/vi\/sprachkurse\/deutsch-fuer-den-beruf\/","og_locale":"vi_VN","og_type":"article","og_title":"Weiterbildungskurs deutsch - Jobcenter - Ma\u00dfnahmen - sprachConcept","og_description":"In dem Weiterbildungskurs deutsch geht um die deutsche Sprache im Beruf. Gef\u00f6rdert durch die Bundesagentur f\u00fcr Arbeit","og_url":"https:\/\/www.sprachconcept.de\/vi\/sprachkurse\/deutsch-fuer-den-beruf\/","og_site_name":"sprachConcept","article_modified_time":"2022-06-28T14:31:51+00:00","twitter_card":"summary_large_image","twitter_misc":{"Est. reading time":"2 minutes"},"schema":{"@context":"https:\/\/schema.org","@graph":[{"@type":"WebPage","@id":"https:\/\/www.sprachconcept.de\/vi\/sprachkurse\/deutsch-fuer-den-beruf\/","url":"https:\/\/www.sprachconcept.de\/vi\/sprachkurse\/deutsch-fuer-den-beruf\/","name":"Weiterbildungskurs deutsch - Jobcenter - Ma\u00dfnahmen - sprachConcept","isPartOf":{"@id":"https:\/\/www.sprachconcept.de\/vi\/#website"},"datePublished":"2022-01-17T14:50:47+00:00","dateModified":"2022-06-28T14:31:51+00:00","description":"In dem Weiterbildungskurs deutsch geht um die deutsche Sprache im Beruf. Gef\u00f6rdert durch die Bundesagentur f\u00fcr Arbeit","breadcrumb":{"@id":"https:\/\/www.sprachconcept.de\/vi\/sprachkurse\/deutsch-fuer-den-beruf\/#breadcrumb"},"inLanguage":"vi-VN","potentialAction":[{"@type":"ReadAction","target":["https:\/\/www.sprachconcept.de\/vi\/sprachkurse\/deutsch-fuer-den-beruf\/"]}]},{"@type":"BreadcrumbList","@id":"https:\/\/www.sprachconcept.de\/vi\/sprachkurse\/deutsch-fuer-den-beruf\/#breadcrumb","itemListElement":[{"@type":"ListItem","position":1,"name":"Home","item":"https:\/\/www.sprachconcept.de\/vi\/sprachschule-berlin\/"},{"@type":"ListItem","position":2,"name":"Sprachkurse","item":"https:\/\/www.sprachconcept.de\/vi\/sprachkurse\/"},{"@type":"ListItem","position":3,"name":"Weiterbildungskurs deutsch &#8211; Jobcenter &#8211; Ma\u00dfnahmen"}]},{"@type":"WebSite","@id":"https:\/\/www.sprachconcept.de\/vi\/#website","url":"https:\/\/www.sprachconcept.de\/vi\/","name":"sprachConcept","description":"berlin - brandenburg","potentialAction":[{"@type":"SearchAction","target":{"@type":"EntryPoint","urlTemplate":"https:\/\/www.sprachconcept.de\/vi\/?s={search_term_string}"},"query-input":{"@type":"PropertyValueSpecification","valueRequired":true,"valueName":"search_term_string"}}],"inLanguage":"vi-VN"}]}},"_links":{"self":[{"href":"https:\/\/www.sprachconcept.de\/vi\/wp-json\/wp\/v2\/pages\/1467","targetHints":{"allow":["GET"]}}],"collection":[{"href":"https:\/\/www.sprachconcept.de\/vi\/wp-json\/wp\/v2\/pages"}],"about":[{"href":"https:\/\/www.sprachconcept.de\/vi\/wp-json\/wp\/v2\/types\/page"}],"author":[{"embeddable":true,"href":"https:\/\/www.sprachconcept.de\/vi\/wp-json\/wp\/v2\/users\/3"}],"replies":[{"embeddable":true,"href":"https:\/\/www.sprachconcept.de\/vi\/wp-json\/wp\/v2\/comments?post=1467"}],"version-history":[{"count":0,"href":"https:\/\/www.sprachconcept.de\/vi\/wp-json\/wp\/v2\/pages\/1467\/revisions"}],"up":[{"embeddable":true,"href":"https:\/\/www.sprachconcept.de\/vi\/wp-json\/wp\/v2\/pages\/551"}],"wp:attachment":[{"href":"https:\/\/www.sprachconcept.de\/vi\/wp-json\/wp\/v2\/media?parent=1467"}],"curies":[{"name":"wp","href":"https:\/\/api.w.org\/{rel}","templated":true}]}}