{"id":1942,"date":"2022-05-18T11:26:38","date_gmt":"2022-05-18T09:26:38","guid":{"rendered":"https:\/\/www.sprachconcept.de\/?page_id=1942"},"modified":"2025-03-07T12:25:13","modified_gmt":"2025-03-07T11:25:13","slug":"faq","status":"publish","type":"page","link":"https:\/\/www.sprachconcept.de\/vi\/faq\/","title":{"rendered":"FAQ"},"content":{"rendered":"\n<style type=\"text\/css\" data-created_by=\"avia_inline_auto\" id=\"style-css-av-l3bbpsof-fe19ecb42319be44260f4037323114df\">\n.avia-section.av-l3bbpsof-fe19ecb42319be44260f4037323114df{\nbackground-repeat:no-repeat;\nbackground-image:url(https:\/\/www.sprachconcept.de\/wp-content\/uploads\/2021\/07\/florian-wehde-1uWanmgkd5g-unsplash-1500x630.jpg);\nbackground-position:50% 0%;\nbackground-attachment:scroll;\n}\n<\/style>\n<div id='av_section_1'  class='avia-section av-l3bbpsof-fe19ecb42319be44260f4037323114df main_color avia-section-default avia-no-border-styling  avia-builder-el-0  el_before_av_toggle_container  avia-builder-el-first  avia-full-stretch avia-bg-style-scroll av-minimum-height av-minimum-height-custom av-height-custom  container_wrap sidebar_right'  data-section-bg-repeat='stretch' data-av_minimum_height_px='430'><div class='container av-section-cont-open' style='height:430px'><main  role=\"main\" itemprop=\"mainContentOfPage\"  class='template-page content  av-content-small alpha units'><div class='post-entry post-entry-type-page post-entry-1942'><div class='entry-content-wrapper clearfix'>\n\n<style type=\"text\/css\" data-created_by=\"avia_inline_auto\" id=\"style-css-av-l3bay8y7-78b60c0e02581c87c7a450f81bf482b7\">\n#top .av-special-heading.av-l3bay8y7-78b60c0e02581c87c7a450f81bf482b7{\npadding-bottom:10px;\ncolor:#ffffff;\nfont-size:75px;\n}\nbody .av-special-heading.av-l3bay8y7-78b60c0e02581c87c7a450f81bf482b7 .av-special-heading-tag .heading-char{\nfont-size:25px;\n}\n#top #wrap_all .av-special-heading.av-l3bay8y7-78b60c0e02581c87c7a450f81bf482b7 .av-special-heading-tag{\nfont-size:75px;\n}\n.av-special-heading.av-l3bay8y7-78b60c0e02581c87c7a450f81bf482b7 .special-heading-inner-border{\nborder-color:#ffffff;\n}\n.av-special-heading.av-l3bay8y7-78b60c0e02581c87c7a450f81bf482b7 .av-subheading{\nfont-size:15px;\n}\n\n@media only screen and (min-width: 480px) and (max-width: 767px){ \n#top #wrap_all .av-special-heading.av-l3bay8y7-78b60c0e02581c87c7a450f81bf482b7 .av-special-heading-tag{\nfont-size:0.8em;\n}\n}\n\n@media only screen and (max-width: 479px){ \n#top #wrap_all .av-special-heading.av-l3bay8y7-78b60c0e02581c87c7a450f81bf482b7 .av-special-heading-tag{\nfont-size:0.8em;\n}\n}\n<\/style>\n<div  class='av-special-heading av-l3bay8y7-78b60c0e02581c87c7a450f81bf482b7 av-special-heading-h3 custom-color-heading blockquote modern-quote modern-centered  avia-builder-el-1  avia-builder-el-no-sibling  av-inherit-size'><h3 class='av-special-heading-tag '  itemprop=\"headline\"  >FAQ<\/h3><div class=\"special-heading-border\"><div class=\"special-heading-inner-border\"><\/div><\/div><\/div>\n<\/div><\/div><\/main><!-- close content main element --><\/div><\/div><div id='after_section_1'  class='main_color av_default_container_wrap container_wrap sidebar_right'  ><div class='container av-section-cont-open' ><div class='template-page content  av-content-small alpha units'><div class='post-entry post-entry-type-page post-entry-1942'><div class='entry-content-wrapper clearfix'>\n<div  class='togglecontainer av-l3bbm1yj-49c12d0594c228ba92a67582efc84724  avia-builder-el-2  el_after_av_section  avia-builder-el-no-sibling  toggle_close_all' >\n<section class='av_toggle_section av-m7yo45hi-dfa3e9476af34b2e3738ff4472e30779'  itemscope=\"itemscope\" itemtype=\"https:\/\/schema.org\/CreativeWork\" ><div role=\"tablist\" class=\"single_toggle\" data-tags=\"{All} \"  ><p id='toggle-toggle-id-1' data-fake-id='#toggle-id-1' class='toggler  av-title-above '  itemprop=\"headline\"  role='tab' tabindex='0' aria-controls='toggle-id-1' data-slide-speed=\"200\" data-title=\"Welche Sprachen kann ich bei Ihnen lernen?\" data-title-open=\"\" data-aria_collapsed=\"Click to expand: Welche Sprachen kann ich bei Ihnen lernen?\" data-aria_expanded=\"Click to collapse: Welche Sprachen kann ich bei Ihnen lernen?\">Welche Sprachen kann ich bei Ihnen lernen?<span class=\"toggle_icon\"><span class=\"vert_icon\"><\/span><span class=\"hor_icon\"><\/span><\/span><\/p><div id='toggle-id-1' aria-labelledby='toggle-toggle-id-1' role='region' class='toggle_wrap  av-title-above'  ><div class='toggle_content invers-color '  itemprop=\"text\" ><p>Wir bieten Sprachkurse f\u00fcr verschiedene Sprachen an, darunter [Englisch, Deutsch, Spanisch, Franz\u00f6sisch, Italienisch, etc.]. Eine vollst\u00e4ndige Liste finden Sie <a href=\"https:\/\/chatgpt.com\/c\/67cac3b7-4db0-8005-8ee9-0ce335d76f9f\">hier<\/a>.<\/p>\n<\/div><\/div><\/div><\/section>\n<section class='av_toggle_section av-m7yo7ntq-d9a712944f0e9a4621fecc7c69b3b490'  itemscope=\"itemscope\" itemtype=\"https:\/\/schema.org\/CreativeWork\" ><div role=\"tablist\" class=\"single_toggle\" data-tags=\"{All} \"  ><p id='toggle-toggle-id-2' data-fake-id='#toggle-id-2' class='toggler  av-title-above '  itemprop=\"headline\"  role='tab' tabindex='0' aria-controls='toggle-id-2' data-slide-speed=\"200\" data-title=\"Bieten Sie Online-Kurse oder Pr\u00e4senzunterricht an\" data-title-open=\"\" data-aria_collapsed=\"Click to expand: Bieten Sie Online-Kurse oder Pr\u00e4senzunterricht an\" data-aria_expanded=\"Click to collapse: Bieten Sie Online-Kurse oder Pr\u00e4senzunterricht an\">Bieten Sie Online-Kurse oder Pr\u00e4senzunterricht an<span class=\"toggle_icon\"><span class=\"vert_icon\"><\/span><span class=\"hor_icon\"><\/span><\/span><\/p><div id='toggle-id-2' aria-labelledby='toggle-toggle-id-2' role='region' class='toggle_wrap  av-title-above'  ><div class='toggle_content invers-color '  itemprop=\"text\" ><p>Wir bieten sowohl Online- als auch Pr\u00e4senzkurse an. Sie k\u00f6nnen flexibel w\u00e4hlen, welche Option besser zu Ihnen passt.<\/p>\n<\/div><\/div><\/div><\/section>\n<section class='av_toggle_section av-m7yo8ulm-cb365b01de02789f7cd41074dd30b92d'  itemscope=\"itemscope\" itemtype=\"https:\/\/schema.org\/CreativeWork\" ><div role=\"tablist\" class=\"single_toggle\" data-tags=\"{All} \"  ><p id='toggle-toggle-id-3' data-fake-id='#toggle-id-3' class='toggler  av-title-above '  itemprop=\"headline\"  role='tab' tabindex='0' aria-controls='toggle-id-3' data-slide-speed=\"200\" data-title=\"Wie viele Teilnehmer sind in einer Gruppe?\" data-title-open=\"\" data-aria_collapsed=\"Click to expand: Wie viele Teilnehmer sind in einer Gruppe?\" data-aria_expanded=\"Click to collapse: Wie viele Teilnehmer sind in einer Gruppe?\">Wie viele Teilnehmer sind in einer Gruppe?<span class=\"toggle_icon\"><span class=\"vert_icon\"><\/span><span class=\"hor_icon\"><\/span><\/span><\/p><div id='toggle-id-3' aria-labelledby='toggle-toggle-id-3' role='region' class='toggle_wrap  av-title-above'  ><div class='toggle_content invers-color '  itemprop=\"text\" ><p>Unsere Gruppengr\u00f6\u00dfen sind klein (in der Regel 5-10 Personen), um eine effektive Lernumgebung zu gew\u00e4hrleisten.<\/p>\n<\/div><\/div><\/div><\/section>\n<section class='av_toggle_section av-m7yoaojv-3e491d5374b3058a56a382bd8f2ebd5e'  itemscope=\"itemscope\" itemtype=\"https:\/\/schema.org\/CreativeWork\" ><div role=\"tablist\" class=\"single_toggle\" data-tags=\"{All} \"  ><p id='toggle-toggle-id-4' data-fake-id='#toggle-id-4' class='toggler  av-title-above '  itemprop=\"headline\"  role='tab' tabindex='0' aria-controls='toggle-id-4' data-slide-speed=\"200\" data-title=\"Wie lange dauert ein Sprachkurs\" data-title-open=\"\" data-aria_collapsed=\"Click to expand: Wie lange dauert ein Sprachkurs\" data-aria_expanded=\"Click to collapse: Wie lange dauert ein Sprachkurs\">Wie lange dauert ein Sprachkurs<span class=\"toggle_icon\"><span class=\"vert_icon\"><\/span><span class=\"hor_icon\"><\/span><\/span><\/p><div id='toggle-id-4' aria-labelledby='toggle-toggle-id-4' role='region' class='toggle_wrap  av-title-above'  ><div class='toggle_content invers-color '  itemprop=\"text\" ><p>Die Kursdauer variiert je nach Format. Standardkurse laufen meist \u00fcber 4 bis 8 Wochen, w\u00e4hrend Intensivkurse k\u00fcrzer sind.<\/p>\n<\/div><\/div><\/div><\/section>\n<section class='av_toggle_section av-m7yobvad-bb1ebcd51b4aceee9f051d46ddf9ad48'  itemscope=\"itemscope\" itemtype=\"https:\/\/schema.org\/CreativeWork\" ><div role=\"tablist\" class=\"single_toggle\" data-tags=\"{All} \"  ><p id='toggle-toggle-id-5' data-fake-id='#toggle-id-5' class='toggler  av-title-above '  itemprop=\"headline\"  role='tab' tabindex='0' aria-controls='toggle-id-5' data-slide-speed=\"200\" data-title=\"Wie oft findet der Unterricht statt\" data-title-open=\"\" data-aria_collapsed=\"Click to expand: Wie oft findet der Unterricht statt\" data-aria_expanded=\"Click to collapse: Wie oft findet der Unterricht statt\">Wie oft findet der Unterricht statt<span class=\"toggle_icon\"><span class=\"vert_icon\"><\/span><span class=\"hor_icon\"><\/span><\/span><\/p><div id='toggle-id-5' aria-labelledby='toggle-toggle-id-5' role='region' class='toggle_wrap  av-title-above'  ><div class='toggle_content invers-color '  itemprop=\"text\" ><p>Je nach Kurs gibt es 1 bis 3 Sitzungen pro Woche. Intensivkurse haben t\u00e4glich Unterricht<\/p>\n<\/div><\/div><\/div><\/section>\n<section class='av_toggle_section av-m7yocv4v-3a04459f24412c08af53dbabe004d09a'  itemscope=\"itemscope\" itemtype=\"https:\/\/schema.org\/CreativeWork\" ><div role=\"tablist\" class=\"single_toggle\" data-tags=\"{All} \"  ><p id='toggle-toggle-id-6' data-fake-id='#toggle-id-6' class='toggler  av-title-above '  itemprop=\"headline\"  role='tab' tabindex='0' aria-controls='toggle-id-6' data-slide-speed=\"200\" data-title=\"Gibt es eine kostenlose Probestunde\" data-title-open=\"\" data-aria_collapsed=\"Click to expand: Gibt es eine kostenlose Probestunde\" data-aria_expanded=\"Click to collapse: Gibt es eine kostenlose Probestunde\">Gibt es eine kostenlose Probestunde<span class=\"toggle_icon\"><span class=\"vert_icon\"><\/span><span class=\"hor_icon\"><\/span><\/span><\/p><div id='toggle-id-6' aria-labelledby='toggle-toggle-id-6' role='region' class='toggle_wrap  av-title-above'  ><div class='toggle_content invers-color '  itemprop=\"text\" ><p>Ja, wir bieten eine kostenlose Probestunde an, damit Sie unseren Unterrichtsstil kennenlernen k\u00f6nnen.<\/p>\n<\/div><\/div><\/div><\/section>\n<section class='av_toggle_section av-m7yoem2f-86d9bf5b35326d009ebfe1e1ffcf1f51'  itemscope=\"itemscope\" itemtype=\"https:\/\/schema.org\/CreativeWork\" ><div role=\"tablist\" class=\"single_toggle\" data-tags=\"{All} \"  ><p id='toggle-toggle-id-7' data-fake-id='#toggle-id-7' class='toggler  av-title-above '  itemprop=\"headline\"  role='tab' tabindex='0' aria-controls='toggle-id-7' data-slide-speed=\"200\" data-title=\"Welche Lehrmethoden werden verwendet\" data-title-open=\"\" data-aria_collapsed=\"Click to expand: Welche Lehrmethoden werden verwendet\" data-aria_expanded=\"Click to collapse: Welche Lehrmethoden werden verwendet\">Welche Lehrmethoden werden verwendet<span class=\"toggle_icon\"><span class=\"vert_icon\"><\/span><span class=\"hor_icon\"><\/span><\/span><\/p><div id='toggle-id-7' aria-labelledby='toggle-toggle-id-7' role='region' class='toggle_wrap  av-title-above'  ><div class='toggle_content invers-color '  itemprop=\"text\" ><p>Unsere Kurse sind praxisorientiert mit interaktiven \u00dcbungen, viel Grammatik, Konversationen und unseren eigenen Lernmaterialien.<\/p>\n<\/div><\/div><\/div><\/section>\n<section class='av_toggle_section av-m7yoftfg-7592451559dfe678594ee763a1fec492'  itemscope=\"itemscope\" itemtype=\"https:\/\/schema.org\/CreativeWork\" ><div role=\"tablist\" class=\"single_toggle\" data-tags=\"{All} \"  ><p id='toggle-toggle-id-8' data-fake-id='#toggle-id-8' class='toggler  av-title-above '  itemprop=\"headline\"  role='tab' tabindex='0' aria-controls='toggle-id-8' data-slide-speed=\"200\" data-title=\"Wie melde ich mich f\u00fcr einen Sprachkurs an\" data-title-open=\"\" data-aria_collapsed=\"Click to expand: Wie melde ich mich f\u00fcr einen Sprachkurs an\" data-aria_expanded=\"Click to collapse: Wie melde ich mich f\u00fcr einen Sprachkurs an\">Wie melde ich mich f\u00fcr einen Sprachkurs an<span class=\"toggle_icon\"><span class=\"vert_icon\"><\/span><span class=\"hor_icon\"><\/span><\/span><\/p><div id='toggle-id-8' aria-labelledby='toggle-toggle-id-8' role='region' class='toggle_wrap  av-title-above'  ><div class='toggle_content invers-color '  itemprop=\"text\" ><p>Die Anmeldung erfolgt einfach online \u00fcber unsere Mail-Adresse oder pers\u00f6nlich in unserer Sprachschule<\/p>\n<\/div><\/div><\/div><\/section>\n<section class='av_toggle_section av-m7yogu2o-30e5d9cd892cb6b8a9ac4378fd2b01f7'  itemscope=\"itemscope\" itemtype=\"https:\/\/schema.org\/CreativeWork\" ><div role=\"tablist\" class=\"single_toggle\" data-tags=\"{All} \"  ><p id='toggle-toggle-id-9' data-fake-id='#toggle-id-9' class='toggler  av-title-above '  itemprop=\"headline\"  role='tab' tabindex='0' aria-controls='toggle-id-9' data-slide-speed=\"200\" data-title=\"Brauche ich Vorkenntnisse\" data-title-open=\"\" data-aria_collapsed=\"Click to expand: Brauche ich Vorkenntnisse\" data-aria_expanded=\"Click to collapse: Brauche ich Vorkenntnisse\">Brauche ich Vorkenntnisse<span class=\"toggle_icon\"><span class=\"vert_icon\"><\/span><span class=\"hor_icon\"><\/span><\/span><\/p><div id='toggle-id-9' aria-labelledby='toggle-toggle-id-9' role='region' class='toggle_wrap  av-title-above'  ><div class='toggle_content invers-color '  itemprop=\"text\" ><p>Nein, f\u00fcr Anf\u00e4ngerkurse sind keine Vorkenntnisse erforderlich. F\u00fcr h\u00f6here Niveaus empfehlen wir unseren kostenlosen Einstufungstest.<\/p>\n<\/div><\/div><\/div><\/section>\n<section class='av_toggle_section av-m7yohw7n-64892414c491854f81747e0340b2ebfc'  itemscope=\"itemscope\" itemtype=\"https:\/\/schema.org\/CreativeWork\" ><div role=\"tablist\" class=\"single_toggle\" data-tags=\"{All} \"  ><p id='toggle-toggle-id-10' data-fake-id='#toggle-id-10' class='toggler  av-title-above '  itemprop=\"headline\"  role='tab' tabindex='0' aria-controls='toggle-id-10' data-slide-speed=\"200\" data-title=\"Kann ich jederzeit mit dem Kurs beginnen\" data-title-open=\"\" data-aria_collapsed=\"Click to expand: Kann ich jederzeit mit dem Kurs beginnen\" data-aria_expanded=\"Click to collapse: Kann ich jederzeit mit dem Kurs beginnen\">Kann ich jederzeit mit dem Kurs beginnen<span class=\"toggle_icon\"><span class=\"vert_icon\"><\/span><span class=\"hor_icon\"><\/span><\/span><\/p><div id='toggle-id-10' aria-labelledby='toggle-toggle-id-10' role='region' class='toggle_wrap  av-title-above'  ><div class='toggle_content invers-color '  itemprop=\"text\" ><p>Unsere Kurse starten regelm\u00e4\u00dfig. Die genauen Termine finden Sie in unserem Kurskalender.<\/p>\n<\/div><\/div><\/div><\/section>\n<section class='av_toggle_section av-m7yoivad-09ade6c54a473ff3390a550951cd4e5d'  itemscope=\"itemscope\" itemtype=\"https:\/\/schema.org\/CreativeWork\" ><div role=\"tablist\" class=\"single_toggle\" data-tags=\"{All} \"  ><p id='toggle-toggle-id-11' data-fake-id='#toggle-id-11' class='toggler  av-title-above '  itemprop=\"headline\"  role='tab' tabindex='0' aria-controls='toggle-id-11' data-slide-speed=\"200\" data-title=\"Wie viel kostet ein Sprachkurs.\" data-title-open=\"\" data-aria_collapsed=\"Click to expand: Wie viel kostet ein Sprachkurs.\" data-aria_expanded=\"Click to collapse: Wie viel kostet ein Sprachkurs.\">Wie viel kostet ein Sprachkurs.<span class=\"toggle_icon\"><span class=\"vert_icon\"><\/span><span class=\"hor_icon\"><\/span><\/span><\/p><div id='toggle-id-11' aria-labelledby='toggle-toggle-id-11' role='region' class='toggle_wrap  av-title-above'  ><div class='toggle_content invers-color '  itemprop=\"text\" ><p>Die Preise variieren je nach Kursart. Eine \u00dcbersicht finden Sie auf unserer Preisliste.<\/p>\n<\/div><\/div><\/div><\/section>\n<section class='av_toggle_section av-m7yok7kz-1c8e96bcf257a8bc6b2cb27894176836'  itemscope=\"itemscope\" itemtype=\"https:\/\/schema.org\/CreativeWork\" ><div role=\"tablist\" class=\"single_toggle\" data-tags=\"{All} \"  ><p id='toggle-toggle-id-12' data-fake-id='#toggle-id-12' class='toggler  av-title-above '  itemprop=\"headline\"  role='tab' tabindex='0' aria-controls='toggle-id-12' data-slide-speed=\"200\" data-title=\"Gibt es Rabatte oder F\u00f6rderm\u00f6glichkeiten\" data-title-open=\"\" data-aria_collapsed=\"Click to expand: Gibt es Rabatte oder F\u00f6rderm\u00f6glichkeiten\" data-aria_expanded=\"Click to collapse: Gibt es Rabatte oder F\u00f6rderm\u00f6glichkeiten\">Gibt es Rabatte oder F\u00f6rderm\u00f6glichkeiten<span class=\"toggle_icon\"><span class=\"vert_icon\"><\/span><span class=\"hor_icon\"><\/span><\/span><\/p><div id='toggle-id-12' aria-labelledby='toggle-toggle-id-12' role='region' class='toggle_wrap  av-title-above'  ><div class='toggle_content invers-color '  itemprop=\"text\" ><p>Ja, wir bieten Rabatte f\u00fcr Studierende, Gruppenbuchungen und Unternehmen. Au\u00dferdem gibt es staatliche F\u00f6rderprogramme, \u00fcber die Sie sich bei uns informieren k\u00f6nnen.<\/p>\n<\/div><\/div><\/div><\/section>\n<section class='av_toggle_section av-m7yolcuv-881a8a211d3b0daa0f9b42f5da40a7a0'  itemscope=\"itemscope\" itemtype=\"https:\/\/schema.org\/CreativeWork\" ><div role=\"tablist\" class=\"single_toggle\" data-tags=\"{All} \"  ><p id='toggle-toggle-id-13' data-fake-id='#toggle-id-13' class='toggler  av-title-above '  itemprop=\"headline\"  role='tab' tabindex='0' aria-controls='toggle-id-13' data-slide-speed=\"200\" data-title=\"Welche Zahlungsmethoden bieten Sie an\" data-title-open=\"\" data-aria_collapsed=\"Click to expand: Welche Zahlungsmethoden bieten Sie an\" data-aria_expanded=\"Click to collapse: Welche Zahlungsmethoden bieten Sie an\">Welche Zahlungsmethoden bieten Sie an<span class=\"toggle_icon\"><span class=\"vert_icon\"><\/span><span class=\"hor_icon\"><\/span><\/span><\/p><div id='toggle-id-13' aria-labelledby='toggle-toggle-id-13' role='region' class='toggle_wrap  av-title-above'  ><div class='toggle_content invers-color '  itemprop=\"text\" ><p>Wir akzeptieren Bank\u00fcberweisung, Kartenzahlung sowie Barzahlung.<\/p>\n<\/div><\/div><\/div><\/section>\n<section class='av_toggle_section av-m7yomave-36067f81f36098816144636225ca974a'  itemscope=\"itemscope\" itemtype=\"https:\/\/schema.org\/CreativeWork\" ><div role=\"tablist\" class=\"single_toggle\" data-tags=\"{All} \"  ><p id='toggle-toggle-id-14' data-fake-id='#toggle-id-14' class='toggler  av-title-above '  itemprop=\"headline\"  role='tab' tabindex='0' aria-controls='toggle-id-14' data-slide-speed=\"200\" data-title=\"Erhalte ich ein Zertifikat nach dem Kurs\" data-title-open=\"\" data-aria_collapsed=\"Click to expand: Erhalte ich ein Zertifikat nach dem Kurs\" data-aria_expanded=\"Click to collapse: Erhalte ich ein Zertifikat nach dem Kurs\">Erhalte ich ein Zertifikat nach dem Kurs<span class=\"toggle_icon\"><span class=\"vert_icon\"><\/span><span class=\"hor_icon\"><\/span><\/span><\/p><div id='toggle-id-14' aria-labelledby='toggle-toggle-id-14' role='region' class='toggle_wrap  av-title-above'  ><div class='toggle_content invers-color '  itemprop=\"text\" ><p>Ja, nach erfolgreichem Abschluss erhalten Sie ein Teilnahmezertifikat.<\/p>\n<\/div><\/div><\/div><\/section>\n<section class='av_toggle_section av-m7yonnye-e76f88b163a3116219e89b4532904d99'  itemscope=\"itemscope\" itemtype=\"https:\/\/schema.org\/CreativeWork\" ><div role=\"tablist\" class=\"single_toggle\" data-tags=\"{All} \"  ><p id='toggle-toggle-id-15' data-fake-id='#toggle-id-15' class='toggler  av-title-above '  itemprop=\"headline\"  role='tab' tabindex='0' aria-controls='toggle-id-15' data-slide-speed=\"200\" data-title=\"Bieten Sie Vorbereitungskurse f\u00fcr offizielle Sprachpr\u00fcfungen an\" data-title-open=\"\" data-aria_collapsed=\"Click to expand: Bieten Sie Vorbereitungskurse f\u00fcr offizielle Sprachpr\u00fcfungen an\" data-aria_expanded=\"Click to collapse: Bieten Sie Vorbereitungskurse f\u00fcr offizielle Sprachpr\u00fcfungen an\">Bieten Sie Vorbereitungskurse f\u00fcr offizielle Sprachpr\u00fcfungen an<span class=\"toggle_icon\"><span class=\"vert_icon\"><\/span><span class=\"hor_icon\"><\/span><\/span><\/p><div id='toggle-id-15' aria-labelledby='toggle-toggle-id-15' role='region' class='toggle_wrap  av-title-above'  ><div class='toggle_content invers-color '  itemprop=\"text\" ><p>Ja, wir bereiten Sie auf Pr\u00fcfungen wie TOEFL, TOEIC, TOEIC Bridge, WiDaF, TFI, IELTS, telc, etc. vor.<\/p>\n<\/div><\/div><\/div><\/section>\n<section class='av_toggle_section av-m7yoogym-8e4418b54b0bd889a9c24f5d8909b35f'  itemscope=\"itemscope\" itemtype=\"https:\/\/schema.org\/CreativeWork\" ><div role=\"tablist\" class=\"single_toggle\" data-tags=\"{All} \"  ><p id='toggle-toggle-id-16' data-fake-id='#toggle-id-16' class='toggler  av-title-above '  itemprop=\"headline\"  role='tab' tabindex='0' aria-controls='toggle-id-16' data-slide-speed=\"200\" data-title=\"Kann ich zwischen Online- und Pr\u00e4senzkurs wechseln\" data-title-open=\"\" data-aria_collapsed=\"Click to expand: Kann ich zwischen Online- und Pr\u00e4senzkurs wechseln\" data-aria_expanded=\"Click to collapse: Kann ich zwischen Online- und Pr\u00e4senzkurs wechseln\">Kann ich zwischen Online- und Pr\u00e4senzkurs wechseln<span class=\"toggle_icon\"><span class=\"vert_icon\"><\/span><span class=\"hor_icon\"><\/span><\/span><\/p><div id='toggle-id-16' aria-labelledby='toggle-toggle-id-16' role='region' class='toggle_wrap  av-title-above'  ><div class='toggle_content invers-color '  itemprop=\"text\" ><p>Ja, je nach Verf\u00fcgbarkeit ist ein Wechsel m\u00f6glich.<\/p>\n<\/div><\/div><\/div><\/section>\n<section class='av_toggle_section av-m7yop61j-9341bf0a65c062c77e64d33d9117a8a6'  itemscope=\"itemscope\" itemtype=\"https:\/\/schema.org\/CreativeWork\" ><div role=\"tablist\" class=\"single_toggle\" data-tags=\"{All} \"  ><p id='toggle-toggle-id-17' data-fake-id='#toggle-id-17' class='toggler  av-title-above '  itemprop=\"headline\"  role='tab' tabindex='0' aria-controls='toggle-id-17' data-slide-speed=\"200\" data-title=\"Gibt es Einzelunterricht\" data-title-open=\"\" data-aria_collapsed=\"Click to expand: Gibt es Einzelunterricht\" data-aria_expanded=\"Click to collapse: Gibt es Einzelunterricht\">Gibt es Einzelunterricht<span class=\"toggle_icon\"><span class=\"vert_icon\"><\/span><span class=\"hor_icon\"><\/span><\/span><\/p><div id='toggle-id-17' aria-labelledby='toggle-toggle-id-17' role='region' class='toggle_wrap  av-title-above'  ><div class='toggle_content invers-color '  itemprop=\"text\" ><p>Ja, wir bieten ma\u00dfgeschneiderten Einzelunterricht an.<\/p>\n<\/div><\/div><\/div><\/section>\n<section class='av_toggle_section av-m7yoq9f3-7ba6ae62f5d721b0c3ed2f39ef208976'  itemscope=\"itemscope\" itemtype=\"https:\/\/schema.org\/CreativeWork\" ><div role=\"tablist\" class=\"single_toggle\" data-tags=\"{All} \"  ><p id='toggle-toggle-id-18' data-fake-id='#toggle-id-18' class='toggler  av-title-above '  itemprop=\"headline\"  role='tab' tabindex='0' aria-controls='toggle-id-18' data-slide-speed=\"200\" data-title=\"Was passiert, wenn ich eine Unterrichtsstunde verpasse\" data-title-open=\"\" data-aria_collapsed=\"Click to expand: Was passiert, wenn ich eine Unterrichtsstunde verpasse\" data-aria_expanded=\"Click to collapse: Was passiert, wenn ich eine Unterrichtsstunde verpasse\">Was passiert, wenn ich eine Unterrichtsstunde verpasse<span class=\"toggle_icon\"><span class=\"vert_icon\"><\/span><span class=\"hor_icon\"><\/span><\/span><\/p><div id='toggle-id-18' aria-labelledby='toggle-toggle-id-18' role='region' class='toggle_wrap  av-title-above'  ><div class='toggle_content invers-color '  itemprop=\"text\" ><p>Je nach Kursmodell k\u00f6nnen Sie eine Ersatzstunde buchen oder erhalten Zugriff auf Aufzeichnungen (bei Online-Kursen).<\/p>\n<\/div><\/div><\/div><\/section>\n<section class='av_toggle_section av-m7yorush-b301c86f7731f035b185b72281e73047'  itemscope=\"itemscope\" itemtype=\"https:\/\/schema.org\/CreativeWork\" ><div role=\"tablist\" class=\"single_toggle\" data-tags=\"{All} \"  ><p id='toggle-toggle-id-19' data-fake-id='#toggle-id-19' class='toggler  av-title-above '  itemprop=\"headline\"  role='tab' tabindex='0' aria-controls='toggle-id-19' data-slide-speed=\"200\" data-title=\"Bieten Sie Firmenkurse oder Fachsprachkurse an\" data-title-open=\"\" data-aria_collapsed=\"Click to expand: Bieten Sie Firmenkurse oder Fachsprachkurse an\" data-aria_expanded=\"Click to collapse: Bieten Sie Firmenkurse oder Fachsprachkurse an\">Bieten Sie Firmenkurse oder Fachsprachkurse an<span class=\"toggle_icon\"><span class=\"vert_icon\"><\/span><span class=\"hor_icon\"><\/span><\/span><\/p><div id='toggle-id-19' aria-labelledby='toggle-toggle-id-19' role='region' class='toggle_wrap  av-title-above'  ><div class='toggle_content invers-color '  itemprop=\"text\" ><p>Ja, wir haben spezielle Kurse f\u00fcr Unternehmen und Fachrichtungen wie Business-Englisch, oder Deutsch f\u00fcr Pflege, Bau, B\u00fcrokommunikation, etc.<\/p>\n<\/div><\/div><\/div><\/section>\n<section class='av_toggle_section av-m7yotywh-54127fb35b2053bb04b4ccf2d3b9035b'  itemscope=\"itemscope\" itemtype=\"https:\/\/schema.org\/CreativeWork\" ><div role=\"tablist\" class=\"single_toggle\" data-tags=\"{All} \"  ><p id='toggle-toggle-id-20' data-fake-id='#toggle-id-20' class='toggler  av-title-above '  itemprop=\"headline\"  role='tab' tabindex='0' aria-controls='toggle-id-20' data-slide-speed=\"200\" data-title=\"Welche technischen Voraussetzungen brauche ich f\u00fcr einen Online-Kurs\" data-title-open=\"\" data-aria_collapsed=\"Click to expand: Welche technischen Voraussetzungen brauche ich f\u00fcr einen Online-Kurs\" data-aria_expanded=\"Click to collapse: Welche technischen Voraussetzungen brauche ich f\u00fcr einen Online-Kurs\">Welche technischen Voraussetzungen brauche ich f\u00fcr einen Online-Kurs<span class=\"toggle_icon\"><span class=\"vert_icon\"><\/span><span class=\"hor_icon\"><\/span><\/span><\/p><div id='toggle-id-20' aria-labelledby='toggle-toggle-id-20' role='region' class='toggle_wrap  av-title-above'  ><div class='toggle_content invers-color '  itemprop=\"text\" ><p>Sie ben\u00f6tigen eine stabile Internetverbindung, ein Mikrofon und eine Webcam. Unsere Kurse laufen \u00fcber Zoom, Microsoft Teams oder Google Meet.<\/p>\n<\/div><\/div><\/div><\/section>\n<section class='av_toggle_section av-m7yov43t-e359ecc0a1af2e17a1dfb4cec1e5708a'  itemscope=\"itemscope\" itemtype=\"https:\/\/schema.org\/CreativeWork\" ><div role=\"tablist\" class=\"single_toggle\" data-tags=\"{All} \"  ><p id='toggle-toggle-id-21' data-fake-id='#toggle-id-21' class='toggler  av-title-above '  itemprop=\"headline\"  role='tab' tabindex='0' aria-controls='toggle-id-21' data-slide-speed=\"200\" data-title=\"Haben Sie weitere Fragen\" data-title-open=\"\" data-aria_collapsed=\"Click to expand: Haben Sie weitere Fragen\" data-aria_expanded=\"Click to collapse: Haben Sie weitere Fragen\">Haben Sie weitere Fragen<span class=\"toggle_icon\"><span class=\"vert_icon\"><\/span><span class=\"hor_icon\"><\/span><\/span><\/p><div id='toggle-id-21' aria-labelledby='toggle-toggle-id-21' role='region' class='toggle_wrap  av-title-above'  ><div class='toggle_content invers-color '  itemprop=\"text\" ><p>Kontaktieren Sie uns gerne per E-Mail unter mail@sprachconcept.de oder telefonisch unter 030 804 98 252 oder 030 804 98 253<\/p>\n<\/div><\/div><\/div><\/section>\n<\/div>\n","protected":false},"excerpt":{"rendered":"","protected":false},"author":4,"featured_media":0,"parent":0,"menu_order":0,"comment_status":"closed","ping_status":"closed","template":"","meta":{"footnotes":""},"class_list":["post-1942","page","type-page","status-publish","hentry"],"yoast_head":"<!-- This site is optimized with the Yoast SEO plugin v27.5 - https:\/\/yoast.com\/product\/yoast-seo-wordpress\/ -->\n<title>FAQ - sprachConcept<\/title>\n<meta name=\"robots\" content=\"index, follow, max-snippet:-1, max-image-preview:large, max-video-preview:-1\" \/>\n<link rel=\"canonical\" href=\"https:\/\/www.sprachconcept.de\/vi\/faq\/\" \/>\n<meta property=\"og:locale\" content=\"vi_VN\" \/>\n<meta property=\"og:type\" content=\"article\" \/>\n<meta property=\"og:title\" content=\"FAQ - sprachConcept\" \/>\n<meta property=\"og:url\" content=\"https:\/\/www.sprachconcept.de\/vi\/faq\/\" \/>\n<meta property=\"og:site_name\" content=\"sprachConcept\" \/>\n<meta property=\"article:modified_time\" content=\"2025-03-07T11:25:13+00:00\" \/>\n<meta name=\"twitter:card\" content=\"summary_large_image\" \/>\n<meta name=\"twitter:label1\" content=\"Est. reading time\" \/>\n\t<meta name=\"twitter:data1\" content=\"2 minutes\" \/>\n<script type=\"application\/ld+json\" class=\"yoast-schema-graph\">{\"@context\":\"https:\\\/\\\/schema.org\",\"@graph\":[{\"@type\":\"WebPage\",\"@id\":\"https:\\\/\\\/www.sprachconcept.de\\\/vi\\\/faq\\\/\",\"url\":\"https:\\\/\\\/www.sprachconcept.de\\\/vi\\\/faq\\\/\",\"name\":\"FAQ - sprachConcept\",\"isPartOf\":{\"@id\":\"https:\\\/\\\/www.sprachconcept.de\\\/vi\\\/#website\"},\"datePublished\":\"2022-05-18T09:26:38+00:00\",\"dateModified\":\"2025-03-07T11:25:13+00:00\",\"breadcrumb\":{\"@id\":\"https:\\\/\\\/www.sprachconcept.de\\\/vi\\\/faq\\\/#breadcrumb\"},\"inLanguage\":\"vi-VN\",\"potentialAction\":[{\"@type\":\"ReadAction\",\"target\":[\"https:\\\/\\\/www.sprachconcept.de\\\/vi\\\/faq\\\/\"]}]},{\"@type\":\"BreadcrumbList\",\"@id\":\"https:\\\/\\\/www.sprachconcept.de\\\/vi\\\/faq\\\/#breadcrumb\",\"itemListElement\":[{\"@type\":\"ListItem\",\"position\":1,\"name\":\"Home\",\"item\":\"https:\\\/\\\/www.sprachconcept.de\\\/vi\\\/sprachschule-berlin\\\/\"},{\"@type\":\"ListItem\",\"position\":2,\"name\":\"FAQ\"}]},{\"@type\":\"WebSite\",\"@id\":\"https:\\\/\\\/www.sprachconcept.de\\\/vi\\\/#website\",\"url\":\"https:\\\/\\\/www.sprachconcept.de\\\/vi\\\/\",\"name\":\"sprachConcept\",\"description\":\"berlin - brandenburg\",\"potentialAction\":[{\"@type\":\"SearchAction\",\"target\":{\"@type\":\"EntryPoint\",\"urlTemplate\":\"https:\\\/\\\/www.sprachconcept.de\\\/vi\\\/?s={search_term_string}\"},\"query-input\":{\"@type\":\"PropertyValueSpecification\",\"valueRequired\":true,\"valueName\":\"search_term_string\"}}],\"inLanguage\":\"vi-VN\"}]}<\/script>\n<!-- \/ Yoast SEO plugin. -->","yoast_head_json":{"title":"FAQ - sprachConcept","robots":{"index":"index","follow":"follow","max-snippet":"max-snippet:-1","max-image-preview":"max-image-preview:large","max-video-preview":"max-video-preview:-1"},"canonical":"https:\/\/www.sprachconcept.de\/vi\/faq\/","og_locale":"vi_VN","og_type":"article","og_title":"FAQ - sprachConcept","og_url":"https:\/\/www.sprachconcept.de\/vi\/faq\/","og_site_name":"sprachConcept","article_modified_time":"2025-03-07T11:25:13+00:00","twitter_card":"summary_large_image","twitter_misc":{"Est. reading time":"2 minutes"},"schema":{"@context":"https:\/\/schema.org","@graph":[{"@type":"WebPage","@id":"https:\/\/www.sprachconcept.de\/vi\/faq\/","url":"https:\/\/www.sprachconcept.de\/vi\/faq\/","name":"FAQ - sprachConcept","isPartOf":{"@id":"https:\/\/www.sprachconcept.de\/vi\/#website"},"datePublished":"2022-05-18T09:26:38+00:00","dateModified":"2025-03-07T11:25:13+00:00","breadcrumb":{"@id":"https:\/\/www.sprachconcept.de\/vi\/faq\/#breadcrumb"},"inLanguage":"vi-VN","potentialAction":[{"@type":"ReadAction","target":["https:\/\/www.sprachconcept.de\/vi\/faq\/"]}]},{"@type":"BreadcrumbList","@id":"https:\/\/www.sprachconcept.de\/vi\/faq\/#breadcrumb","itemListElement":[{"@type":"ListItem","position":1,"name":"Home","item":"https:\/\/www.sprachconcept.de\/vi\/sprachschule-berlin\/"},{"@type":"ListItem","position":2,"name":"FAQ"}]},{"@type":"WebSite","@id":"https:\/\/www.sprachconcept.de\/vi\/#website","url":"https:\/\/www.sprachconcept.de\/vi\/","name":"sprachConcept","description":"berlin - brandenburg","potentialAction":[{"@type":"SearchAction","target":{"@type":"EntryPoint","urlTemplate":"https:\/\/www.sprachconcept.de\/vi\/?s={search_term_string}"},"query-input":{"@type":"PropertyValueSpecification","valueRequired":true,"valueName":"search_term_string"}}],"inLanguage":"vi-VN"}]}},"_links":{"self":[{"href":"https:\/\/www.sprachconcept.de\/vi\/wp-json\/wp\/v2\/pages\/1942","targetHints":{"allow":["GET"]}}],"collection":[{"href":"https:\/\/www.sprachconcept.de\/vi\/wp-json\/wp\/v2\/pages"}],"about":[{"href":"https:\/\/www.sprachconcept.de\/vi\/wp-json\/wp\/v2\/types\/page"}],"author":[{"embeddable":true,"href":"https:\/\/www.sprachconcept.de\/vi\/wp-json\/wp\/v2\/users\/4"}],"replies":[{"embeddable":true,"href":"https:\/\/www.sprachconcept.de\/vi\/wp-json\/wp\/v2\/comments?post=1942"}],"version-history":[{"count":0,"href":"https:\/\/www.sprachconcept.de\/vi\/wp-json\/wp\/v2\/pages\/1942\/revisions"}],"wp:attachment":[{"href":"https:\/\/www.sprachconcept.de\/vi\/wp-json\/wp\/v2\/media?parent=1942"}],"curies":[{"name":"wp","href":"https:\/\/api.w.org\/{rel}","templated":true}]}}