{"id":545,"date":"2021-06-25T12:58:28","date_gmt":"2021-06-25T10:58:28","guid":{"rendered":"http:\/\/2021.sprachconcept.de\/?page_id=545"},"modified":"2022-07-07T10:40:09","modified_gmt":"2022-07-07T08:40:09","slug":"unsere-lehrer","status":"publish","type":"page","link":"https:\/\/www.sprachconcept.de\/vi\/unsere-lehrer\/","title":{"rendered":"Unsere Lehrer"},"content":{"rendered":"\n<style type=\"text\/css\" data-created_by=\"avia_inline_auto\" id=\"style-css-av-krm0e6fw-1a949f0967598de8a5a1aa30dc3b6e57\">\n.avia-section.av-krm0e6fw-1a949f0967598de8a5a1aa30dc3b6e57{\nbackground-repeat:no-repeat;\nbackground-image:url(https:\/\/www.sprachconcept.de\/wp-content\/uploads\/2022\/07\/17046_Sprachschule_sprachConcept_597-1-1500x630.jpg);\nbackground-position:50% 0%;\nbackground-attachment:scroll;\n}\n<\/style>\n<div id='av_section_1'  class='avia-section av-krm0e6fw-1a949f0967598de8a5a1aa30dc3b6e57 main_color avia-section-default avia-no-border-styling  avia-builder-el-0  el_before_av_one_half  avia-builder-el-first  avia-full-stretch avia-bg-style-scroll av-minimum-height av-minimum-height-custom av-height-custom  container_wrap sidebar_right'  data-section-bg-repeat='stretch' data-av_minimum_height_px='500'><div class='container av-section-cont-open' style='height:500px'><main  role=\"main\" itemprop=\"mainContentOfPage\"  class='template-page content  av-content-small alpha units'><div class='post-entry post-entry-type-page post-entry-545'><div class='entry-content-wrapper clearfix'>\n\n<style type=\"text\/css\" data-created_by=\"avia_inline_auto\" id=\"style-css-av-l34c60we-3dbb6f63de3e49c8c8c4ea8f895f2262\">\n#top .av-special-heading.av-l34c60we-3dbb6f63de3e49c8c8c4ea8f895f2262{\nmargin:290px 0 0 0;\npadding-bottom:0;\ncolor:#ffffff;\nfont-size:69px;\n}\nbody .av-special-heading.av-l34c60we-3dbb6f63de3e49c8c8c4ea8f895f2262 .av-special-heading-tag .heading-char{\nfont-size:25px;\n}\n#top #wrap_all .av-special-heading.av-l34c60we-3dbb6f63de3e49c8c8c4ea8f895f2262 .av-special-heading-tag{\nfont-size:69px;\n}\n.av-special-heading.av-l34c60we-3dbb6f63de3e49c8c8c4ea8f895f2262 .special-heading-inner-border{\nborder-color:#ffffff;\n}\n.av-special-heading.av-l34c60we-3dbb6f63de3e49c8c8c4ea8f895f2262 .av-subheading{\nfont-size:15px;\n}\n\n@media only screen and (min-width: 480px) and (max-width: 767px){ \n#top #wrap_all .av-special-heading.av-l34c60we-3dbb6f63de3e49c8c8c4ea8f895f2262 .av-special-heading-tag{\nfont-size:0.8em;\n}\n}\n\n@media only screen and (max-width: 479px){ \n#top #wrap_all .av-special-heading.av-l34c60we-3dbb6f63de3e49c8c8c4ea8f895f2262 .av-special-heading-tag{\nfont-size:0.8em;\n}\n}\n<\/style>\n<div  class='av-special-heading av-l34c60we-3dbb6f63de3e49c8c8c4ea8f895f2262 av-special-heading-h4 custom-color-heading blockquote modern-quote modern-centered  avia-builder-el-1  avia-builder-el-no-sibling  av-inherit-size'><h4 class='av-special-heading-tag '  itemprop=\"headline\"  >Unser Team<\/h4><div class=\"special-heading-border\"><div class=\"special-heading-inner-border\"><\/div><\/div><\/div>\n<\/div><\/div><\/main><!-- close content main element --><\/div><\/div><div id='after_section_1'  class='main_color av_default_container_wrap container_wrap sidebar_right'  ><div class='container av-section-cont-open' ><div class='template-page content  av-content-small alpha units'><div class='post-entry post-entry-type-page post-entry-545'><div class='entry-content-wrapper clearfix'>\n<style type=\"text\/css\" data-created_by=\"avia_inline_auto\" id=\"style-css-av-3brv9t-c186a8dd003f1f13af72f62cf9f665d3\">\n.flex_column.av-3brv9t-c186a8dd003f1f13af72f62cf9f665d3{\nborder-radius:0px 0px 0px 0px;\npadding:0px 0px 0px 0px;\n}\n<\/style>\n<div  class='flex_column av-3brv9t-c186a8dd003f1f13af72f62cf9f665d3 av_one_half  avia-builder-el-2  el_after_av_section  el_before_av_one_half  avia-builder-el-first  first flex_column_div av-zero-column-padding  '     ><style type=\"text\/css\" data-created_by=\"avia_inline_auto\" id=\"style-css-av-krm3o6el-157bd4e2bbb65b398fced79d93c53938\">\n.avia-image-container.av-krm3o6el-157bd4e2bbb65b398fced79d93c53938 img.avia_image{\nbox-shadow:none;\n}\n.avia-image-container.av-krm3o6el-157bd4e2bbb65b398fced79d93c53938 .av-image-caption-overlay-center{\ncolor:#ffffff;\n}\n<\/style>\n<div  class='avia-image-container av-krm3o6el-157bd4e2bbb65b398fced79d93c53938 av-styling- avia-align-center  avia-builder-el-3  avia-builder-el-no-sibling '   itemprop=\"image\" itemscope=\"itemscope\" itemtype=\"https:\/\/schema.org\/ImageObject\" ><div class=\"avia-image-container-inner\"><div class=\"avia-image-overlay-wrap\"><img decoding=\"async\" fetchpriority=\"high\" class='wp-image-741 avia-img-lazy-loading-not-741 avia_image ' src=\"https:\/\/www.sprachconcept.de\/wp-content\/uploads\/2021\/07\/26231954_1636190856437994_4945253201636121778_o-845x567.jpg\" alt='' title='26231954_1636190856437994_4945253201636121778_o'  height=\"567\" width=\"845\"  itemprop=\"thumbnailUrl\"  \/><\/div><\/div><\/div><\/div><\/p>\n\n<style type=\"text\/css\" data-created_by=\"avia_inline_auto\" id=\"style-css-av-3advw1-f0c72f96cd6bfcac96e962daacebf30e\">\n.flex_column.av-3advw1-f0c72f96cd6bfcac96e962daacebf30e{\nborder-radius:0px 0px 0px 0px;\npadding:0px 0px 0px 0px;\n}\n<\/style>\n<div  class='flex_column av-3advw1-f0c72f96cd6bfcac96e962daacebf30e av_one_half  avia-builder-el-4  el_after_av_one_half  el_before_av_one_third  flex_column_div av-zero-column-padding  '     ><section  class='av_textblock_section av-krm0ieit-c99ab7049e751ef9f38b7cd38600bab9 '   itemscope=\"itemscope\" itemtype=\"https:\/\/schema.org\/CreativeWork\" ><div class='avia_textblock'  itemprop=\"text\" ><p style=\"text-align: center;\"><br class=\"avia-permanent-lb\" \/><br class=\"avia-permanent-lb\" \/>Bei sprachConcept wissen wir, welchen Unterschied ein guter Lehrer beim Erlernen einer Sprache machen kann. Unsere engagierten und f\u00fcrsorglichen Lehrer arbeiten hart f\u00fcr alle unsere Sch\u00fcler, um einen Ort zu schaffen, an dem effektives Lernen m\u00f6glich ist. Das hilft unseren Sch\u00fclern ihre individuellen Ziele zu erreichen.<\/p>\n<p style=\"text-align: center;\">Alle unsere Lehrer sind Muttersprachler in den von ihnen unterrichteten Sprachen.\u00a0Sie wurden neben ihrer beruflichen Qualifizierung auch wegen ihrer Geduld, ihrer Leidenschaft f\u00fcr das Unterrichten und ihrer Identifizierung mit unseren innovativen Lehrmethoden ausgew\u00e4hlt. Unsere Lehrer freuen sich darauf, Sie kennenzulernen.\u00a0Setzen Sie sich noch heute mit uns in <a href=\"https:\/\/www.sprachconcept.de\/kontakt\/\">Verbindung<\/a>!<\/p>\n<\/div><\/section><\/div>\n\n<style type=\"text\/css\" data-created_by=\"avia_inline_auto\" id=\"style-css-av-333r5t-9dc6ac098609ead25de7ab053df81a01\">\n.flex_column.av-333r5t-9dc6ac098609ead25de7ab053df81a01{\nborder-radius:0px 0px 0px 0px;\npadding:0px 0px 0px 0px;\n}\n<\/style>\n<div  class='flex_column av-333r5t-9dc6ac098609ead25de7ab053df81a01 av_one_third  avia-builder-el-6  el_after_av_one_half  el_before_av_one_third  first flex_column_div av-zero-column-padding  column-top-margin'     ><p>\n<style type=\"text\/css\" data-created_by=\"avia_inline_auto\" id=\"style-css-av-2vxo9l-39ebf189e73f94dd6d2e3dc6178bd827\">\n.avia-image-container.av-2vxo9l-39ebf189e73f94dd6d2e3dc6178bd827 img.avia_image{\nbox-shadow:none;\n}\n.avia-image-container.av-2vxo9l-39ebf189e73f94dd6d2e3dc6178bd827 .av-image-caption-overlay-center{\ncolor:#ffffff;\n}\n<\/style>\n<div  class='avia-image-container av-2vxo9l-39ebf189e73f94dd6d2e3dc6178bd827 av-styling- avia-align-center  avia-builder-el-7  el_before_av_textblock  avia-builder-el-first '   itemprop=\"image\" itemscope=\"itemscope\" itemtype=\"https:\/\/schema.org\/ImageObject\" ><div class=\"avia-image-container-inner\"><div class=\"avia-image-overlay-wrap\"><img decoding=\"async\" fetchpriority=\"high\" class='wp-image-1270 avia-img-lazy-loading-not-1270 avia_image ' src=\"https:\/\/www.sprachconcept.de\/wp-content\/uploads\/2022\/01\/17046_Sprachschule_sprachConcept_579-300x200.jpg\" alt='' title='17046_Sprachschule_sprachConcept_579'  height=\"200\" width=\"300\"  itemprop=\"thumbnailUrl\" srcset=\"https:\/\/www.sprachconcept.de\/wp-content\/uploads\/2022\/01\/17046_Sprachschule_sprachConcept_579-300x200.jpg 300w, https:\/\/www.sprachconcept.de\/wp-content\/uploads\/2022\/01\/17046_Sprachschule_sprachConcept_579-1030x687.jpg 1030w, https:\/\/www.sprachconcept.de\/wp-content\/uploads\/2022\/01\/17046_Sprachschule_sprachConcept_579-768x512.jpg 768w, https:\/\/www.sprachconcept.de\/wp-content\/uploads\/2022\/01\/17046_Sprachschule_sprachConcept_579-1536x1024.jpg 1536w, https:\/\/www.sprachconcept.de\/wp-content\/uploads\/2022\/01\/17046_Sprachschule_sprachConcept_579-2048x1365.jpg 2048w, https:\/\/www.sprachconcept.de\/wp-content\/uploads\/2022\/01\/17046_Sprachschule_sprachConcept_579-1500x1000.jpg 1500w, https:\/\/www.sprachconcept.de\/wp-content\/uploads\/2022\/01\/17046_Sprachschule_sprachConcept_579-705x470.jpg 705w\" sizes=\"(max-width: 300px) 100vw, 300px\" \/><\/div><\/div><\/div><br \/>\n<section  class='av_textblock_section av-2r9bb5-8af2c09f383f36bc18a489251bf51d2f '   itemscope=\"itemscope\" itemtype=\"https:\/\/schema.org\/CreativeWork\" ><div class='avia_textblock'  itemprop=\"text\" ><p style=\"text-align: center;\">My name is Dave and I have been working at sprachConcept since 2018. I am American and love teaching.<\/p>\n<\/div><\/section><\/p><\/div>\n\n<style type=\"text\/css\" data-created_by=\"avia_inline_auto\" id=\"style-css-av-2irue9-4d922219ee3686651dd00affab7d804f\">\n.flex_column.av-2irue9-4d922219ee3686651dd00affab7d804f{\nborder-radius:0px 0px 0px 0px;\npadding:0px 0px 0px 0px;\n}\n<\/style>\n<div  class='flex_column av-2irue9-4d922219ee3686651dd00affab7d804f av_one_third  avia-builder-el-9  el_after_av_one_third  el_before_av_one_third  flex_column_div av-zero-column-padding  column-top-margin'     ><p>\n<style type=\"text\/css\" data-created_by=\"avia_inline_auto\" id=\"style-css-av-2djfzl-12b8ca598005c7e8f417ef4919862abb\">\n.avia-image-container.av-2djfzl-12b8ca598005c7e8f417ef4919862abb img.avia_image{\nbox-shadow:none;\n}\n.avia-image-container.av-2djfzl-12b8ca598005c7e8f417ef4919862abb .av-image-caption-overlay-center{\ncolor:#ffffff;\n}\n<\/style>\n<div  class='avia-image-container av-2djfzl-12b8ca598005c7e8f417ef4919862abb av-styling- avia-align-center  avia-builder-el-10  el_before_av_textblock  avia-builder-el-first '   itemprop=\"image\" itemscope=\"itemscope\" itemtype=\"https:\/\/schema.org\/ImageObject\" ><div class=\"avia-image-container-inner\"><div class=\"avia-image-overlay-wrap\"><img decoding=\"async\" fetchpriority=\"high\" class='wp-image-1274 avia-img-lazy-loading-not-1274 avia_image ' src=\"https:\/\/www.sprachconcept.de\/wp-content\/uploads\/2022\/01\/17046_Sprachschule_sprachConcept_697-300x200.jpg\" alt='' title='17046_Sprachschule_sprachConcept_697'  height=\"200\" width=\"300\"  itemprop=\"thumbnailUrl\" srcset=\"https:\/\/www.sprachconcept.de\/wp-content\/uploads\/2022\/01\/17046_Sprachschule_sprachConcept_697-300x200.jpg 300w, https:\/\/www.sprachconcept.de\/wp-content\/uploads\/2022\/01\/17046_Sprachschule_sprachConcept_697-1030x687.jpg 1030w, https:\/\/www.sprachconcept.de\/wp-content\/uploads\/2022\/01\/17046_Sprachschule_sprachConcept_697-768x512.jpg 768w, https:\/\/www.sprachconcept.de\/wp-content\/uploads\/2022\/01\/17046_Sprachschule_sprachConcept_697-1536x1024.jpg 1536w, https:\/\/www.sprachconcept.de\/wp-content\/uploads\/2022\/01\/17046_Sprachschule_sprachConcept_697-2048x1365.jpg 2048w, https:\/\/www.sprachconcept.de\/wp-content\/uploads\/2022\/01\/17046_Sprachschule_sprachConcept_697-1500x1000.jpg 1500w, https:\/\/www.sprachconcept.de\/wp-content\/uploads\/2022\/01\/17046_Sprachschule_sprachConcept_697-705x470.jpg 705w\" sizes=\"(max-width: 300px) 100vw, 300px\" \/><\/div><\/div><\/div><br \/>\n<section  class='av_textblock_section av-vq1uh-cf5db6583f33bd75a1a26114066a3d2e '   itemscope=\"itemscope\" itemtype=\"https:\/\/schema.org\/CreativeWork\" ><div class='avia_textblock'  itemprop=\"text\" ><p style=\"text-align: center;\">Mein Name ist Claudia. Ich komme aus Kolumbien und unterrichte Spanisch und Deutsch seit 2016 hier bei sprachConcept.<\/p>\n<\/div><\/section><\/p><\/div>\n\n<style type=\"text\/css\" data-created_by=\"avia_inline_auto\" id=\"style-css-av-22rmkh-f8a523568f12891df6f4df551bb268c4\">\n.flex_column.av-22rmkh-f8a523568f12891df6f4df551bb268c4{\nborder-radius:0px 0px 0px 0px;\npadding:0px 0px 0px 0px;\n}\n<\/style>\n<div  class='flex_column av-22rmkh-f8a523568f12891df6f4df551bb268c4 av_one_third  avia-builder-el-12  el_after_av_one_third  el_before_av_one_third  flex_column_div av-zero-column-padding  column-top-margin'     ><p>\n<style type=\"text\/css\" data-created_by=\"avia_inline_auto\" id=\"style-css-av-1x7149-dcad7b9b43006da120d9cf5b570a6475\">\n.avia-image-container.av-1x7149-dcad7b9b43006da120d9cf5b570a6475 img.avia_image{\nbox-shadow:none;\n}\n.avia-image-container.av-1x7149-dcad7b9b43006da120d9cf5b570a6475 .av-image-caption-overlay-center{\ncolor:#ffffff;\n}\n<\/style>\n<div  class='avia-image-container av-1x7149-dcad7b9b43006da120d9cf5b570a6475 av-styling- avia-align-center  avia-builder-el-13  el_before_av_textblock  avia-builder-el-first '   itemprop=\"image\" itemscope=\"itemscope\" itemtype=\"https:\/\/schema.org\/ImageObject\" ><div class=\"avia-image-container-inner\"><div class=\"avia-image-overlay-wrap\"><img decoding=\"async\" fetchpriority=\"high\" class='wp-image-1277 avia-img-lazy-loading-not-1277 avia_image ' src=\"https:\/\/www.sprachconcept.de\/wp-content\/uploads\/2022\/01\/17046_Sprachschule_sprachConcept_546-200x300.jpg\" alt='' title='17046_Sprachschule_sprachConcept_546'  height=\"300\" width=\"200\"  itemprop=\"thumbnailUrl\" srcset=\"https:\/\/www.sprachconcept.de\/wp-content\/uploads\/2022\/01\/17046_Sprachschule_sprachConcept_546-200x300.jpg 200w, https:\/\/www.sprachconcept.de\/wp-content\/uploads\/2022\/01\/17046_Sprachschule_sprachConcept_546-687x1030.jpg 687w, https:\/\/www.sprachconcept.de\/wp-content\/uploads\/2022\/01\/17046_Sprachschule_sprachConcept_546-768x1152.jpg 768w, https:\/\/www.sprachconcept.de\/wp-content\/uploads\/2022\/01\/17046_Sprachschule_sprachConcept_546-1024x1536.jpg 1024w, https:\/\/www.sprachconcept.de\/wp-content\/uploads\/2022\/01\/17046_Sprachschule_sprachConcept_546-1365x2048.jpg 1365w, https:\/\/www.sprachconcept.de\/wp-content\/uploads\/2022\/01\/17046_Sprachschule_sprachConcept_546-1000x1500.jpg 1000w, https:\/\/www.sprachconcept.de\/wp-content\/uploads\/2022\/01\/17046_Sprachschule_sprachConcept_546-470x705.jpg 470w, https:\/\/www.sprachconcept.de\/wp-content\/uploads\/2022\/01\/17046_Sprachschule_sprachConcept_546-scaled.jpg 1707w\" sizes=\"(max-width: 200px) 100vw, 200px\" \/><\/div><\/div><\/div><br \/>\n<section  class='av_textblock_section av-rgs3l-9e806a880e85d3e61a47b0e395617f80 '   itemscope=\"itemscope\" itemtype=\"https:\/\/schema.org\/CreativeWork\" ><div class='avia_textblock'  itemprop=\"text\" ><p style=\"text-align: center;\">Hi, I am Josh and 2015 was the year I joined sprachConcept. Always eager to teach you the best of English grammar \ud83d\ude42<\/p>\n<\/div><\/section><\/p><\/div>\n\n<style type=\"text\/css\" data-created_by=\"avia_inline_auto\" id=\"style-css-av-1lezop-d80f4f6c2fd4bf4a1c84ed9d060d4472\">\n.flex_column.av-1lezop-d80f4f6c2fd4bf4a1c84ed9d060d4472{\nborder-radius:0px 0px 0px 0px;\npadding:0px 0px 0px 0px;\n}\n<\/style>\n<div  class='flex_column av-1lezop-d80f4f6c2fd4bf4a1c84ed9d060d4472 av_one_third  avia-builder-el-15  el_after_av_one_third  el_before_av_one_third  first flex_column_div av-zero-column-padding  column-top-margin'     ><p>\n<style type=\"text\/css\" data-created_by=\"avia_inline_auto\" id=\"style-css-av-1dw0a9-79698d192baad8692424839b82dc6a37\">\n.avia-image-container.av-1dw0a9-79698d192baad8692424839b82dc6a37 img.avia_image{\nbox-shadow:none;\n}\n.avia-image-container.av-1dw0a9-79698d192baad8692424839b82dc6a37 .av-image-caption-overlay-center{\ncolor:#ffffff;\n}\n<\/style>\n<div  class='avia-image-container av-1dw0a9-79698d192baad8692424839b82dc6a37 av-styling- avia-align-center  avia-builder-el-16  el_before_av_textblock  avia-builder-el-first '   itemprop=\"image\" itemscope=\"itemscope\" itemtype=\"https:\/\/schema.org\/ImageObject\" ><div class=\"avia-image-container-inner\"><div class=\"avia-image-overlay-wrap\"><img decoding=\"async\" fetchpriority=\"high\" class='wp-image-1280 avia-img-lazy-loading-not-1280 avia_image ' src=\"https:\/\/www.sprachconcept.de\/wp-content\/uploads\/2022\/01\/17046_Sprachschule_sprachConcept_528-200x300.jpg\" alt='' title='17046_Sprachschule_sprachConcept_528'  height=\"300\" width=\"200\"  itemprop=\"thumbnailUrl\" srcset=\"https:\/\/www.sprachconcept.de\/wp-content\/uploads\/2022\/01\/17046_Sprachschule_sprachConcept_528-200x300.jpg 200w, https:\/\/www.sprachconcept.de\/wp-content\/uploads\/2022\/01\/17046_Sprachschule_sprachConcept_528-687x1030.jpg 687w, https:\/\/www.sprachconcept.de\/wp-content\/uploads\/2022\/01\/17046_Sprachschule_sprachConcept_528-768x1152.jpg 768w, https:\/\/www.sprachconcept.de\/wp-content\/uploads\/2022\/01\/17046_Sprachschule_sprachConcept_528-1024x1536.jpg 1024w, https:\/\/www.sprachconcept.de\/wp-content\/uploads\/2022\/01\/17046_Sprachschule_sprachConcept_528-1365x2048.jpg 1365w, https:\/\/www.sprachconcept.de\/wp-content\/uploads\/2022\/01\/17046_Sprachschule_sprachConcept_528-1000x1500.jpg 1000w, https:\/\/www.sprachconcept.de\/wp-content\/uploads\/2022\/01\/17046_Sprachschule_sprachConcept_528-470x705.jpg 470w, https:\/\/www.sprachconcept.de\/wp-content\/uploads\/2022\/01\/17046_Sprachschule_sprachConcept_528-scaled.jpg 1707w\" sizes=\"(max-width: 200px) 100vw, 200px\" \/><\/div><\/div><\/div><br \/>\n<section  class='av_textblock_section av-ncp2x-d129ad283009ade7b8784a545882b29b '   itemscope=\"itemscope\" itemtype=\"https:\/\/schema.org\/CreativeWork\" ><div class='avia_textblock'  itemprop=\"text\" ><p style=\"text-align: center;\">Ich hei\u00dfe Alex und komme urspr\u00fcnglich aus Polen, wohne aber schon sehr lange in Berlin. Ich unterrichte Polnisch und Deutsch seit vielen Jahren.<\/p>\n<\/div><\/section><\/p><\/div>\n\n<style type=\"text\/css\" data-created_by=\"avia_inline_auto\" id=\"style-css-av-43aw1-3e6778c955e7053bd502e4bf7cf3c274\">\n.flex_column.av-43aw1-3e6778c955e7053bd502e4bf7cf3c274{\nborder-radius:0px 0px 0px 0px;\npadding:0px 0px 0px 0px;\n}\n<\/style>\n<div  class='flex_column av-43aw1-3e6778c955e7053bd502e4bf7cf3c274 av_one_third  avia-builder-el-18  el_after_av_one_third  el_before_av_one_third  flex_column_div av-zero-column-padding  column-top-margin'     ><p>\n<style type=\"text\/css\" data-created_by=\"avia_inline_auto\" id=\"style-css-av-3ixv5-8c1c19dc88a32de4a3acb19af50a10de\">\n.avia-image-container.av-3ixv5-8c1c19dc88a32de4a3acb19af50a10de img.avia_image{\nbox-shadow:none;\n}\n.avia-image-container.av-3ixv5-8c1c19dc88a32de4a3acb19af50a10de .av-image-caption-overlay-center{\ncolor:#ffffff;\n}\n<\/style>\n<div  class='avia-image-container av-3ixv5-8c1c19dc88a32de4a3acb19af50a10de av-styling- avia-align-center  avia-builder-el-19  el_before_av_textblock  avia-builder-el-first '   itemprop=\"image\" itemscope=\"itemscope\" itemtype=\"https:\/\/schema.org\/ImageObject\" ><div class=\"avia-image-container-inner\"><div class=\"avia-image-overlay-wrap\"><img decoding=\"async\" fetchpriority=\"high\" class='wp-image-1295 avia-img-lazy-loading-not-1295 avia_image ' src=\"https:\/\/www.sprachconcept.de\/wp-content\/uploads\/2022\/01\/Weihnachtsfeier-300x212.jpeg\" alt='' title='Weihnachtsfeier'  height=\"212\" width=\"300\"  itemprop=\"thumbnailUrl\" srcset=\"https:\/\/www.sprachconcept.de\/wp-content\/uploads\/2022\/01\/Weihnachtsfeier-300x212.jpeg 300w, https:\/\/www.sprachconcept.de\/wp-content\/uploads\/2022\/01\/Weihnachtsfeier-1030x728.jpeg 1030w, https:\/\/www.sprachconcept.de\/wp-content\/uploads\/2022\/01\/Weihnachtsfeier-768x543.jpeg 768w, https:\/\/www.sprachconcept.de\/wp-content\/uploads\/2022\/01\/Weihnachtsfeier-1536x1085.jpeg 1536w, https:\/\/www.sprachconcept.de\/wp-content\/uploads\/2022\/01\/Weihnachtsfeier-1500x1060.jpeg 1500w, https:\/\/www.sprachconcept.de\/wp-content\/uploads\/2022\/01\/Weihnachtsfeier-260x185.jpeg 260w, https:\/\/www.sprachconcept.de\/wp-content\/uploads\/2022\/01\/Weihnachtsfeier-705x498.jpeg 705w, https:\/\/www.sprachconcept.de\/wp-content\/uploads\/2022\/01\/Weihnachtsfeier.jpeg 1755w\" sizes=\"(max-width: 300px) 100vw, 300px\" \/><\/div><\/div><\/div><br \/>\n<section  class='av_textblock_section av-dcwx5-ea89f2000baf451ff4864e894f23c0d9 '   itemscope=\"itemscope\" itemtype=\"https:\/\/schema.org\/CreativeWork\" ><div class='avia_textblock'  itemprop=\"text\" ><p style=\"text-align: center;\">Als Team verstehen wir uns gut!<\/p>\n<\/div><\/section><\/p><\/div>\n\n<style type=\"text\/css\" data-created_by=\"avia_inline_auto\" id=\"style-css-av-jg8r5-1046166bb506d81c4ed5e967ba6dcbd6\">\n.flex_column.av-jg8r5-1046166bb506d81c4ed5e967ba6dcbd6{\nborder-radius:0px 0px 0px 0px;\npadding:0px 0px 0px 0px;\n}\n<\/style>\n<div  class='flex_column av-jg8r5-1046166bb506d81c4ed5e967ba6dcbd6 av_one_third  avia-builder-el-21  el_after_av_one_third  avia-builder-el-last  flex_column_div av-zero-column-padding  column-top-margin'     ><p>\n<style type=\"text\/css\" data-created_by=\"avia_inline_auto\" id=\"style-css-av-hj0gx-782f3b2f2c225d5f522fe5cfe6bb0adf\">\n.avia-image-container.av-hj0gx-782f3b2f2c225d5f522fe5cfe6bb0adf img.avia_image{\nbox-shadow:none;\n}\n.avia-image-container.av-hj0gx-782f3b2f2c225d5f522fe5cfe6bb0adf .av-image-caption-overlay-center{\ncolor:#ffffff;\n}\n<\/style>\n<div  class='avia-image-container av-hj0gx-782f3b2f2c225d5f522fe5cfe6bb0adf av-styling- avia-align-center  avia-builder-el-22  el_before_av_textblock  avia-builder-el-first '   itemprop=\"image\" itemscope=\"itemscope\" itemtype=\"https:\/\/schema.org\/ImageObject\" ><div class=\"avia-image-container-inner\"><div class=\"avia-image-overlay-wrap\"><img decoding=\"async\" fetchpriority=\"high\" class='wp-image-1301 avia-img-lazy-loading-not-1301 avia_image ' src=\"https:\/\/www.sprachconcept.de\/wp-content\/uploads\/2022\/01\/IMG_1512-300x225.jpeg\" alt='' title='IMG_1512'  height=\"225\" width=\"300\"  itemprop=\"thumbnailUrl\" srcset=\"https:\/\/www.sprachconcept.de\/wp-content\/uploads\/2022\/01\/IMG_1512-300x225.jpeg 300w, https:\/\/www.sprachconcept.de\/wp-content\/uploads\/2022\/01\/IMG_1512-1030x773.jpeg 1030w, https:\/\/www.sprachconcept.de\/wp-content\/uploads\/2022\/01\/IMG_1512-768x576.jpeg 768w, https:\/\/www.sprachconcept.de\/wp-content\/uploads\/2022\/01\/IMG_1512-1536x1152.jpeg 1536w, https:\/\/www.sprachconcept.de\/wp-content\/uploads\/2022\/01\/IMG_1512-2048x1536.jpeg 2048w, https:\/\/www.sprachconcept.de\/wp-content\/uploads\/2022\/01\/IMG_1512-1500x1125.jpeg 1500w, https:\/\/www.sprachconcept.de\/wp-content\/uploads\/2022\/01\/IMG_1512-705x529.jpeg 705w\" sizes=\"(max-width: 300px) 100vw, 300px\" \/><\/div><\/div><\/div><br \/>\n<section  class='av_textblock_section av-7qmih-c8f7a6773473bf899dd35f8cae52b61f '   itemscope=\"itemscope\" itemtype=\"https:\/\/schema.org\/CreativeWork\" ><div class='avia_textblock'  itemprop=\"text\" ><p style=\"text-align: center;\">Unsere andere Lehrer lassen gr\u00fc\u00dfen: Paul, Markus, Dean, Brian, Elinor, Eli, Dovrat, Yildiz, Annett, Philippe u.v.a &#8211; Von uns gibt es noch keine Fotos<\/p>\n<\/div><\/section><\/p><\/div>\n","protected":false},"excerpt":{"rendered":"","protected":false},"author":3,"featured_media":0,"parent":0,"menu_order":0,"comment_status":"closed","ping_status":"closed","template":"","meta":{"footnotes":""},"class_list":["post-545","page","type-page","status-publish","hentry"],"yoast_head":"<!-- This site is optimized with the Yoast SEO plugin v27.5 - https:\/\/yoast.com\/product\/yoast-seo-wordpress\/ -->\n<title>Unsere Lehrer - sprachConcept<\/title>\n<meta name=\"robots\" content=\"index, follow, max-snippet:-1, max-image-preview:large, max-video-preview:-1\" \/>\n<link rel=\"canonical\" href=\"https:\/\/www.sprachconcept.de\/vi\/unsere-lehrer\/\" \/>\n<meta property=\"og:locale\" content=\"vi_VN\" \/>\n<meta property=\"og:type\" content=\"article\" \/>\n<meta property=\"og:title\" content=\"Unsere Lehrer - sprachConcept\" \/>\n<meta property=\"og:url\" content=\"https:\/\/www.sprachconcept.de\/vi\/unsere-lehrer\/\" \/>\n<meta property=\"og:site_name\" content=\"sprachConcept\" \/>\n<meta property=\"article:modified_time\" content=\"2022-07-07T08:40:09+00:00\" \/>\n<meta name=\"twitter:card\" content=\"summary_large_image\" \/>\n<meta name=\"twitter:label1\" content=\"Est. reading time\" \/>\n\t<meta name=\"twitter:data1\" content=\"4 minutes\" \/>\n<script type=\"application\/ld+json\" class=\"yoast-schema-graph\">{\"@context\":\"https:\\\/\\\/schema.org\",\"@graph\":[{\"@type\":\"WebPage\",\"@id\":\"https:\\\/\\\/www.sprachconcept.de\\\/vi\\\/unsere-lehrer\\\/\",\"url\":\"https:\\\/\\\/www.sprachconcept.de\\\/vi\\\/unsere-lehrer\\\/\",\"name\":\"Unsere Lehrer - sprachConcept\",\"isPartOf\":{\"@id\":\"https:\\\/\\\/www.sprachconcept.de\\\/vi\\\/#website\"},\"datePublished\":\"2021-06-25T10:58:28+00:00\",\"dateModified\":\"2022-07-07T08:40:09+00:00\",\"breadcrumb\":{\"@id\":\"https:\\\/\\\/www.sprachconcept.de\\\/vi\\\/unsere-lehrer\\\/#breadcrumb\"},\"inLanguage\":\"vi-VN\",\"potentialAction\":[{\"@type\":\"ReadAction\",\"target\":[\"https:\\\/\\\/www.sprachconcept.de\\\/vi\\\/unsere-lehrer\\\/\"]}]},{\"@type\":\"BreadcrumbList\",\"@id\":\"https:\\\/\\\/www.sprachconcept.de\\\/vi\\\/unsere-lehrer\\\/#breadcrumb\",\"itemListElement\":[{\"@type\":\"ListItem\",\"position\":1,\"name\":\"Home\",\"item\":\"https:\\\/\\\/www.sprachconcept.de\\\/vi\\\/sprachschule-berlin\\\/\"},{\"@type\":\"ListItem\",\"position\":2,\"name\":\"Unsere Lehrer\"}]},{\"@type\":\"WebSite\",\"@id\":\"https:\\\/\\\/www.sprachconcept.de\\\/vi\\\/#website\",\"url\":\"https:\\\/\\\/www.sprachconcept.de\\\/vi\\\/\",\"name\":\"sprachConcept\",\"description\":\"berlin - brandenburg\",\"potentialAction\":[{\"@type\":\"SearchAction\",\"target\":{\"@type\":\"EntryPoint\",\"urlTemplate\":\"https:\\\/\\\/www.sprachconcept.de\\\/vi\\\/?s={search_term_string}\"},\"query-input\":{\"@type\":\"PropertyValueSpecification\",\"valueRequired\":true,\"valueName\":\"search_term_string\"}}],\"inLanguage\":\"vi-VN\"}]}<\/script>\n<!-- \/ Yoast SEO plugin. -->","yoast_head_json":{"title":"Unsere Lehrer - sprachConcept","robots":{"index":"index","follow":"follow","max-snippet":"max-snippet:-1","max-image-preview":"max-image-preview:large","max-video-preview":"max-video-preview:-1"},"canonical":"https:\/\/www.sprachconcept.de\/vi\/unsere-lehrer\/","og_locale":"vi_VN","og_type":"article","og_title":"Unsere Lehrer - sprachConcept","og_url":"https:\/\/www.sprachconcept.de\/vi\/unsere-lehrer\/","og_site_name":"sprachConcept","article_modified_time":"2022-07-07T08:40:09+00:00","twitter_card":"summary_large_image","twitter_misc":{"Est. reading time":"4 minutes"},"schema":{"@context":"https:\/\/schema.org","@graph":[{"@type":"WebPage","@id":"https:\/\/www.sprachconcept.de\/vi\/unsere-lehrer\/","url":"https:\/\/www.sprachconcept.de\/vi\/unsere-lehrer\/","name":"Unsere Lehrer - sprachConcept","isPartOf":{"@id":"https:\/\/www.sprachconcept.de\/vi\/#website"},"datePublished":"2021-06-25T10:58:28+00:00","dateModified":"2022-07-07T08:40:09+00:00","breadcrumb":{"@id":"https:\/\/www.sprachconcept.de\/vi\/unsere-lehrer\/#breadcrumb"},"inLanguage":"vi-VN","potentialAction":[{"@type":"ReadAction","target":["https:\/\/www.sprachconcept.de\/vi\/unsere-lehrer\/"]}]},{"@type":"BreadcrumbList","@id":"https:\/\/www.sprachconcept.de\/vi\/unsere-lehrer\/#breadcrumb","itemListElement":[{"@type":"ListItem","position":1,"name":"Home","item":"https:\/\/www.sprachconcept.de\/vi\/sprachschule-berlin\/"},{"@type":"ListItem","position":2,"name":"Unsere Lehrer"}]},{"@type":"WebSite","@id":"https:\/\/www.sprachconcept.de\/vi\/#website","url":"https:\/\/www.sprachconcept.de\/vi\/","name":"sprachConcept","description":"berlin - brandenburg","potentialAction":[{"@type":"SearchAction","target":{"@type":"EntryPoint","urlTemplate":"https:\/\/www.sprachconcept.de\/vi\/?s={search_term_string}"},"query-input":{"@type":"PropertyValueSpecification","valueRequired":true,"valueName":"search_term_string"}}],"inLanguage":"vi-VN"}]}},"_links":{"self":[{"href":"https:\/\/www.sprachconcept.de\/vi\/wp-json\/wp\/v2\/pages\/545","targetHints":{"allow":["GET"]}}],"collection":[{"href":"https:\/\/www.sprachconcept.de\/vi\/wp-json\/wp\/v2\/pages"}],"about":[{"href":"https:\/\/www.sprachconcept.de\/vi\/wp-json\/wp\/v2\/types\/page"}],"author":[{"embeddable":true,"href":"https:\/\/www.sprachconcept.de\/vi\/wp-json\/wp\/v2\/users\/3"}],"replies":[{"embeddable":true,"href":"https:\/\/www.sprachconcept.de\/vi\/wp-json\/wp\/v2\/comments?post=545"}],"version-history":[{"count":0,"href":"https:\/\/www.sprachconcept.de\/vi\/wp-json\/wp\/v2\/pages\/545\/revisions"}],"wp:attachment":[{"href":"https:\/\/www.sprachconcept.de\/vi\/wp-json\/wp\/v2\/media?parent=545"}],"curies":[{"name":"wp","href":"https:\/\/api.w.org\/{rel}","templated":true}]}}